

{"id":111,"date":"2018-10-19T06:55:11","date_gmt":"2018-10-19T06:55:11","guid":{"rendered":"http:\/\/localhost:8080\/wordpress\/?page_id=111"},"modified":"2021-08-16T10:39:28","modified_gmt":"2021-08-16T08:39:28","slug":"garten-park","status":"publish","type":"page","link":"https:\/\/michaelshof-sammatz.de\/blog\/garten-park\/","title":{"rendered":"G\u00e4rten &#038; Park"},"content":{"rendered":"\n<h1 class=\"wp-block-heading\"><strong>G\u00e4rten &amp; Park<\/strong><\/h1>\n\n\n\n<h2 class=\"wp-block-heading\"><strong>Sch\u00f6nheit der Natur<\/strong><\/h2>\n\n\n\n<div style=\"height:36px\" aria-hidden=\"true\" class=\"wp-block-spacer\"><\/div>\n\n\n\n<div class=\"wp-block-columns are-vertically-aligned-center is-layout-flex wp-container-core-columns-is-layout-1 wp-block-columns-is-layout-flex\">\n<div class=\"wp-block-column is-vertically-aligned-center is-layout-flow wp-block-column-is-layout-flow\" style=\"flex-basis:66.66%\">\n<figure class=\"wp-block-image size-large\" style=\"margin-right: 15px;\"><img decoding=\"async\" src=\"http:\/\/michaelshof-sammatz.de\/blog\/wp-content\/uploads\/2018\/12\/Mp_Garden2-1024x682.jpg\" alt=\"\" style=\"height:auto\"><\/figure>\n<\/div>\n\n\n\n<div class=\"wp-block-column is-vertically-aligned-center is-layout-flow wp-block-column-is-layout-flow\" style=\"flex-basis:33.33%\">\n<h3 class=\"has-text-align-left wp-block-heading\" id=\"block-4aecb486-1feb-48a8-812d-f062cc943c67\"><strong><br>Ein Naturpark,<\/strong><\/h3>\n\n\n\n<h4 class=\"has-text-align-left wp-block-heading\" id=\"block-587acd5c-4865-4ad4-b01e-c7701b6414f0\"><strong>in dem wir dich<\/strong><br><strong>willkommen hei\u00dfen<\/strong><\/h4>\n<\/div>\n<\/div>\n\n\n\n<div style=\"height:4px\" aria-hidden=\"true\" class=\"wp-block-spacer\"><\/div>\n\n\n\n\n\n\n\n<div style=\"height:35px\" aria-hidden=\"true\" class=\"wp-block-spacer\"><\/div>\n\n\n<p>Ein Besuch der Sammatzer G\u00e4rten entf\u00fchrt dich in eine F\u00fclle von Pflanzen, Blumen, B\u00e4umen und botanischen Besonderheiten. Auf deinen Wegen erwarten dich acht verschiedene Gartenbereiche: Rosengarten und Campusgarten, Dahliengarten und Waldsee, Arena und Staudenplateau, Heilpflanzengarten und Zentrale G\u00e4rten. Alle zusammen bilden einen Naturpark, in dem wir dich willkommen hei\u00dfen und den du nach Lust und Laune genie\u00dfen kannst.<\/p>\n\n\n<div class=\"row\">\n<div class=\"col-md-6\">\n\n\n\n<div style=\"height:50px\" aria-hidden=\"true\" class=\"wp-block-spacer\"><\/div>\n\n\n\n<p class=\"has-text-align-right nomargin\" style=\"font-size:30px\"><strong>Vom Menschen gestaltete Natur<\/strong><\/p>\n\n\n\n<p class=\"has-text-align-right nomargin\" style=\"font-size:24px\"><strong>\u2013 von jeher ein Raum <\/strong><br><strong>zum Sinnen, Erleben, Entspannen<\/strong><\/p>\n\n\n\n<\/div><div class=\"col-md-6\">\n\n\n\n<p style=\"font-size:18px\"><strong>Gartenwelten \u2013 aus der Natur entwickelt<\/strong><\/p>\n\n\n\n<p>Wie du sehen wirst, hat jeder Garten seinen eigenen Charakter: Das Staudenplateau und die Arena sind vor allem das Reich der mehrj\u00e4hrig bl\u00fchenden Stauden und Gr\u00e4ser. Unsere Rosen haben ihr Zentrum im gleichnamigen Garten, doch findest du sie auch an vielen anderen Orten \u2013 \u00fcber 3000 Rosen aus etwa 400 Sorten, jede mit ihrem eigenen Ausdruck, sind zu bestaunen. Manche kannst du sogar von Ende Mai bis in den Dezember hinein bl\u00fchen sehen \u2026 Am Waldsee schmiegen sich zauberhafte Blumenterrassen ans steile Ostufer, w\u00e4hrend die Schleier der hohen Font\u00e4ne \u00fcber der Wasserfl\u00e4che des lauschigen Ortes spielen. \u00dcberall sind die Anlagen ganz aus der Form der Landschaft heraus gestaltet, den erstaunlich h\u00fcgeligen Endmor\u00e4nen, die sich unmittelbar an die Elbtalaue anschlie\u00dfen und diese Gegend Norddeutschlands so einmalig machen.<\/p>\n\n\n\n<\/div><\/div>\n\n\n\n<p>W\u00e4hrend du von Garten zu Garten gehst, wirst du nicht nur eine Vielzahl von verschieden bl\u00fchenden Blumen erleben, sondern auch imposante B\u00e4ume wie unsere mehrere Jahrhunderte alte Eiche und unz\u00e4hlige B\u00fcsche und Str\u00e4ucher, die dich auf deinem Weg begleiten. <\/p>\n\n\n\n<div class=\"wp-block-media-text alignwide has-media-on-the-right is-stacked-on-mobile text-media-right\"><figure class=\"wp-block-media-text__media\"><img fetchpriority=\"high\" decoding=\"async\" width=\"529\" height=\"368\" data-attachment-id=\"505\" data-permalink=\"https:\/\/michaelshof-sammatz.de\/blog\/garten-park\/gartenexample2\/\" data-orig-file=\"https:\/\/michaelshof-sammatz.de\/blog\/wp-content\/uploads\/2018\/12\/gartenexample2.jpg\" data-orig-size=\"529,368\" data-comments-opened=\"0\" data-image-meta=\"{&quot;aperture&quot;:&quot;0&quot;,&quot;credit&quot;:&quot;&quot;,&quot;camera&quot;:&quot;&quot;,&quot;caption&quot;:&quot;&quot;,&quot;created_timestamp&quot;:&quot;0&quot;,&quot;copyright&quot;:&quot;&quot;,&quot;focal_length&quot;:&quot;0&quot;,&quot;iso&quot;:&quot;0&quot;,&quot;shutter_speed&quot;:&quot;0&quot;,&quot;title&quot;:&quot;&quot;,&quot;orientation&quot;:&quot;0&quot;}\" data-image-title=\"gartenexample2\" data-image-description=\"\" data-image-caption=\"\" data-medium-file=\"https:\/\/michaelshof-sammatz.de\/blog\/wp-content\/uploads\/2018\/12\/gartenexample2-300x209.jpg\" data-large-file=\"https:\/\/michaelshof-sammatz.de\/blog\/wp-content\/uploads\/2018\/12\/gartenexample2.jpg\" tabindex=\"0\" role=\"button\" src=\"http:\/\/michaelshof-sammatz.de\/blog\/wp-content\/uploads\/2018\/12\/gartenexample2.jpg\" alt=\"\" class=\"wp-image-505 size-full\" srcset=\"https:\/\/michaelshof-sammatz.de\/blog\/wp-content\/uploads\/2018\/12\/gartenexample2.jpg 529w, https:\/\/michaelshof-sammatz.de\/blog\/wp-content\/uploads\/2018\/12\/gartenexample2-300x209.jpg 300w\" sizes=\"(max-width: 529px) 100vw, 529px\" \/><\/figure><div class=\"wp-block-media-text__content\">\n<p class=\"martin-top-text\" style=\"font-size:18px\"><strong>Fr\u00fchling, Sommer, Herbst &amp; Winter<\/strong><\/p>\n\n\n\n<p>Die G\u00e4rten wandeln sich mit der Jahreszeit: Zur Fr\u00fchlingszeit die herrliche Tulpenbl\u00fcte, wenn sich tausende Blumenzwiebeln in buntester Weise im Sonnenlicht zeigen. Im Sommer gibt es dann Palmen, Agapanthen, unz\u00e4hlige Blumen und eine Anzahl exotischer Pflanzen, die den Besucher erwarten und sp\u00e4ter den Winter im Gew\u00e4chshaus \u00fcberdauern. <br>Im Herbst bl\u00fchen noch einmal die vielfarbigen Dahlien und Astern in ihrer ganzen Pracht. Aber auch bei kalten Temperaturen hierher zu kommen, ist es wert \u2013 die Landschaft selbst erlebt man am besten, wenn Boden und B\u00e4ume kahl sind und sich die Konturen der Linien, die die Landschaft gegen den Himmel begrenzen, in pr\u00e4gnanter Deutlichkeit abzeichnen.<\/p>\n<\/div><\/div>\n\n\n\n<p style=\"font-size:18px\"><strong>Brunnen, Teiche und ein See \u2013 und Papageien!<\/strong><\/p>\n\n\n\n<p>Ob Sommer, ob Winter, immer begegnest du einer ganzen Anzahl unterschiedlicher \u00abGew\u00e4sser\u00bb, vom gro\u00dfen Waldsee zu den verschiedenen kleinen Teichen, die verstreut liegen, wo du Goldorffen, Fr\u00f6sche und vielerlei Insekten beobachten kannst. Auch verschiedene Brunnen findest du an deinem Weg: von den Kugelbrunnen aus Terrakotta in der Dorfmitte, die besonders die  Kinder lieben, bis zu den weit \u00fcber hundert Jahre alten Wegebrunnen, die schon vor langen Zeiten Leib und Seele ihrer Besucher erquickten. Ihr Pl\u00e4tschern begleitet dich durch unsere G\u00e4rten.<\/p>\n\n\n\n<div class=\"wp-block-image\"><figure class=\"aligncenter\"><img decoding=\"async\" width=\"559\" height=\"318\" data-attachment-id=\"507\" data-permalink=\"https:\/\/michaelshof-sammatz.de\/blog\/garten-park\/gartenexample3\/\" data-orig-file=\"https:\/\/michaelshof-sammatz.de\/blog\/wp-content\/uploads\/2018\/12\/gartenexample3.jpg\" data-orig-size=\"559,318\" data-comments-opened=\"0\" data-image-meta=\"{&quot;aperture&quot;:&quot;0&quot;,&quot;credit&quot;:&quot;&quot;,&quot;camera&quot;:&quot;&quot;,&quot;caption&quot;:&quot;&quot;,&quot;created_timestamp&quot;:&quot;0&quot;,&quot;copyright&quot;:&quot;&quot;,&quot;focal_length&quot;:&quot;0&quot;,&quot;iso&quot;:&quot;0&quot;,&quot;shutter_speed&quot;:&quot;0&quot;,&quot;title&quot;:&quot;&quot;,&quot;orientation&quot;:&quot;0&quot;}\" data-image-title=\"gartenexample3\" data-image-description=\"\" data-image-caption=\"\" data-medium-file=\"https:\/\/michaelshof-sammatz.de\/blog\/wp-content\/uploads\/2018\/12\/gartenexample3-300x171.jpg\" data-large-file=\"https:\/\/michaelshof-sammatz.de\/blog\/wp-content\/uploads\/2018\/12\/gartenexample3.jpg\" tabindex=\"0\" role=\"button\" src=\"http:\/\/michaelshof-sammatz.de\/blog\/wp-content\/uploads\/2018\/12\/gartenexample3.jpg\" alt=\"\" class=\"wp-image-507\" srcset=\"https:\/\/michaelshof-sammatz.de\/blog\/wp-content\/uploads\/2018\/12\/gartenexample3.jpg 559w, https:\/\/michaelshof-sammatz.de\/blog\/wp-content\/uploads\/2018\/12\/gartenexample3-300x171.jpg 300w\" sizes=\"(max-width: 559px) 100vw, 559px\" \/><\/figure><\/div>\n\n\n\n<p class=\"martin-top-text\">In unserem kleinen Tropengew\u00e4chshaus erlebst du nicht nur eine Auswahl tropischer Pflanzen aus aller Welt, sondern auch eine Vogelvoli\u00e8re mit einer bunten Schar von Sittichen und Papageien. Drau\u00dfen hingegen begegnen uns recht h\u00e4ufig die indischen Laufenten, die, st\u00e4ndig auf der Suche nach Schnecken, die Beete durchqueren. Ihr abendliches Zuhause ist der gro\u00dfe Teich inmitten des Campusgartens.<\/p>\n\n\n\n<div class=\"wp-block-media-text alignwide has-media-on-the-right is-stacked-on-mobile text-media-right\"><figure class=\"wp-block-media-text__media\"><img decoding=\"async\" width=\"505\" height=\"336\" data-attachment-id=\"508\" data-permalink=\"https:\/\/michaelshof-sammatz.de\/blog\/garten-park\/gartenexample4\/\" data-orig-file=\"https:\/\/michaelshof-sammatz.de\/blog\/wp-content\/uploads\/2018\/12\/gartenexample4.jpg\" data-orig-size=\"505,336\" data-comments-opened=\"0\" data-image-meta=\"{&quot;aperture&quot;:&quot;0&quot;,&quot;credit&quot;:&quot;&quot;,&quot;camera&quot;:&quot;&quot;,&quot;caption&quot;:&quot;&quot;,&quot;created_timestamp&quot;:&quot;0&quot;,&quot;copyright&quot;:&quot;&quot;,&quot;focal_length&quot;:&quot;0&quot;,&quot;iso&quot;:&quot;0&quot;,&quot;shutter_speed&quot;:&quot;0&quot;,&quot;title&quot;:&quot;&quot;,&quot;orientation&quot;:&quot;0&quot;}\" data-image-title=\"gartenexample4\" data-image-description=\"\" data-image-caption=\"\" data-medium-file=\"https:\/\/michaelshof-sammatz.de\/blog\/wp-content\/uploads\/2018\/12\/gartenexample4-300x200.jpg\" data-large-file=\"https:\/\/michaelshof-sammatz.de\/blog\/wp-content\/uploads\/2018\/12\/gartenexample4.jpg\" tabindex=\"0\" role=\"button\" src=\"http:\/\/michaelshof-sammatz.de\/blog\/wp-content\/uploads\/2018\/12\/gartenexample4.jpg\" alt=\"\" class=\"wp-image-508 size-full\" srcset=\"https:\/\/michaelshof-sammatz.de\/blog\/wp-content\/uploads\/2018\/12\/gartenexample4.jpg 505w, https:\/\/michaelshof-sammatz.de\/blog\/wp-content\/uploads\/2018\/12\/gartenexample4-300x200.jpg 300w\" sizes=\"(max-width: 505px) 100vw, 505px\" \/><\/figure><div class=\"wp-block-media-text__content\">\n<p class=\"martin-top-text\" style=\"font-size:18px\"><strong>Kunst und Natur<\/strong><\/p>\n\n\n\n<p>Dort f\u00fcgen sich auch die neuen Geb\u00e4ude, das Haus der Natur und das Youth-Hostel, harmonisch-k\u00fcnstlerisch der Landschaft ein: Es ist, als ob Mensch und Natur gemeinsam ein Lied singen \u2026 Und auch sonst durchdringt die Kunst unsere G\u00e4rten: So wirst du sicherlich den eindrucksvollen Holzskulpturen begegnen, die an verschiedenen Orten auftauchen und in ihrer R\u00e4tselhaftigkeit den verweilenden Beobachter wie an die Grenze einer anderen Welt f\u00fchren. Das kann dem lauschenden Besucher ebenso bei den bezaubernden Konzerten am Waldsee passieren: Der Klang der Instrumente scheint sich mit Wasser, Luft und Licht in der Abendd\u00e4mmerung zu einen \u2013 ganz so, als spornten sich Natur und menschliche Kunst wechselseitig zu H\u00f6chstleistungen an.<\/p>\n<\/div><\/div>\n\n\n\n<p style=\"font-size:18px\"><strong>Ein Ort f\u00fcr alle Menschen<\/strong><\/p>\n\n\n\n<p>Egal wie gut du zu Fu\u00df bist, du wirst die Sammatzer Parklandschaft immer genie\u00dfen k\u00f6nnen. Es gibt zwei Wege zur Auswahl, um den Besucher herumzuf\u00fchren: einen recht h\u00fcgeligen durch die Arena und einen sehr ebenen, der den Arche-Hof und das Caf\u00e9 am Michaelshof verbindet. <br>Dabei triffst du die unterschiedlichsten Menschen, seien es Mitarbeiter und Freiwillige aus aller Welt, seelenpflege-bed\u00fcrftige Kinder, die in dieser therapeutisch-p\u00e4dagogischen Umgebung leben und aufwachsen \u2013 und nat\u00fcrlich die G\u00e4ste, die kommen, um sich zu entspannen und in der Natur zu erfrischen. Alle begegnen sich und gehen (meist \ud83d\ude42 ) auf freundliche, offene Art miteinander um. <br>F\u00fcr G\u00e4ste, die einen Ort der Besinnung suchen, sich einfach nur ausruhen oder zwischendurch ein entspanntes Gespr\u00e4ch f\u00fchren m\u00f6chten, gibt es stille Ecken und dutzende klassisch-englischer Gartenb\u00e4nke, die zum Verweilen einladen.<\/p>\n\n\n\n<div class=\"wp-block-media-text alignwide is-stacked-on-mobile text-media-left\" style=\"grid-template-columns:47% auto\"><figure class=\"wp-block-media-text__media\"><img loading=\"lazy\" decoding=\"async\" width=\"380\" height=\"261\" data-attachment-id=\"509\" data-permalink=\"https:\/\/michaelshof-sammatz.de\/blog\/garten-park\/gartenexample5\/\" data-orig-file=\"https:\/\/michaelshof-sammatz.de\/blog\/wp-content\/uploads\/2018\/12\/gartenexample5.jpg\" data-orig-size=\"380,261\" data-comments-opened=\"0\" data-image-meta=\"{&quot;aperture&quot;:&quot;0&quot;,&quot;credit&quot;:&quot;&quot;,&quot;camera&quot;:&quot;&quot;,&quot;caption&quot;:&quot;&quot;,&quot;created_timestamp&quot;:&quot;0&quot;,&quot;copyright&quot;:&quot;&quot;,&quot;focal_length&quot;:&quot;0&quot;,&quot;iso&quot;:&quot;0&quot;,&quot;shutter_speed&quot;:&quot;0&quot;,&quot;title&quot;:&quot;&quot;,&quot;orientation&quot;:&quot;0&quot;}\" data-image-title=\"gartenexample5\" data-image-description=\"\" data-image-caption=\"\" data-medium-file=\"https:\/\/michaelshof-sammatz.de\/blog\/wp-content\/uploads\/2018\/12\/gartenexample5-300x206.jpg\" data-large-file=\"https:\/\/michaelshof-sammatz.de\/blog\/wp-content\/uploads\/2018\/12\/gartenexample5.jpg\" tabindex=\"0\" role=\"button\" src=\"http:\/\/michaelshof-sammatz.de\/blog\/wp-content\/uploads\/2018\/12\/gartenexample5.jpg\" alt=\"\" class=\"wp-image-509 size-full\" srcset=\"https:\/\/michaelshof-sammatz.de\/blog\/wp-content\/uploads\/2018\/12\/gartenexample5.jpg 380w, https:\/\/michaelshof-sammatz.de\/blog\/wp-content\/uploads\/2018\/12\/gartenexample5-300x206.jpg 300w\" sizes=\"(max-width: 380px) 100vw, 380px\" \/><\/figure><div class=\"wp-block-media-text__content\">\n<p class=\"martin-top-text\">Last but not least kannst du schlie\u00dflich noch unseren \u00abHausacker\u00bb unmittelbar hinter dem Arche-Hof besuchen. Dort sind vielerlei Gem\u00fcse und eine gro\u00dfe Zahl von Heilpflanzen beheimatet. Alles ist biologisch-dynamisch angebaut. Die Produkte kannst du gern in unserem Hofladen kaufen. <\/p>\n\n\n\n<p>Der Naturpark steht ganzj\u00e4hrig allen Interessierten offen. Komm w\u00e4hrend des Tages und gern bis zum Abend, um dann den mit Sternen \u00fcbers\u00e4ten Himmel zu bewundern. Denn Sammatz liegt in einem der wenigen Landstriche, die w\u00e4hrend der Nacht noch recht dunkel sind. Unsere G\u00e4rten sind zwar bis 23 Uhr dezent beleuchtet \u2013 doch l\u00e4sst sich der Sternenhimmel auch dann schon ganz wunderbar beobachten.<\/p>\n<\/div><\/div>\n\n\n\n<div style=\"height:10px\" aria-hidden=\"true\" class=\"wp-block-spacer\"><\/div>\n\n\n\n<h4 class=\"wp-block-heading\"><strong>Ob morgens, abends oder tags \u2013 wir laden dich ganz herzlich in unsere G\u00e4rten am Michaelshof ein! <\/strong><\/h4>\n\n\n\n<div style=\"height:35px\" aria-hidden=\"true\" class=\"wp-block-spacer\"><\/div>\n\n\n\n<div style=\"height:35px\" aria-hidden=\"true\" class=\"wp-block-spacer\"><\/div>\n","protected":false},"excerpt":{"rendered":"<p>G\u00e4rten &amp; Park Sch\u00f6nheit der Natur Ein Naturpark, in dem wir dichwillkommen hei\u00dfen Ein Besuch der Sammatzer G\u00e4rten entf\u00fchrt dich in eine F\u00fclle von Pflanzen, Blumen, B\u00e4umen und botanischen Besonderheiten. Auf deinen Wegen erwarten dich acht verschiedene Gartenbereiche: Rosengarten und Campusgarten, Dahliengarten und Waldsee, Arena und Staudenplateau, Heilpflanzengarten und Zentrale G\u00e4rten. Alle zusammen bilden einen [&hellip;]<\/p>\n","protected":false},"author":2,"featured_media":0,"parent":0,"menu_order":0,"comment_status":"closed","ping_status":"closed","template":"","meta":{"footnotes":""},"class_list":["post-111","page","type-page","status-publish","hentry"],"jetpack_sharing_enabled":true,"jetpack_shortlink":"https:\/\/wp.me\/PaQBcD-1N","jetpack-related-posts":[],"_links":{"self":[{"href":"https:\/\/michaelshof-sammatz.de\/blog\/wp-json\/wp\/v2\/pages\/111"}],"collection":[{"href":"https:\/\/michaelshof-sammatz.de\/blog\/wp-json\/wp\/v2\/pages"}],"about":[{"href":"https:\/\/michaelshof-sammatz.de\/blog\/wp-json\/wp\/v2\/types\/page"}],"author":[{"embeddable":true,"href":"https:\/\/michaelshof-sammatz.de\/blog\/wp-json\/wp\/v2\/users\/2"}],"replies":[{"embeddable":true,"href":"https:\/\/michaelshof-sammatz.de\/blog\/wp-json\/wp\/v2\/comments?post=111"}],"version-history":[{"count":72,"href":"https:\/\/michaelshof-sammatz.de\/blog\/wp-json\/wp\/v2\/pages\/111\/revisions"}],"predecessor-version":[{"id":29983,"href":"https:\/\/michaelshof-sammatz.de\/blog\/wp-json\/wp\/v2\/pages\/111\/revisions\/29983"}],"wp:attachment":[{"href":"https:\/\/michaelshof-sammatz.de\/blog\/wp-json\/wp\/v2\/media?parent=111"}],"curies":[{"name":"wp","href":"https:\/\/api.w.org\/{rel}","templated":true}]}}