

{"id":2610,"date":"2019-02-12T01:54:57","date_gmt":"2019-02-12T00:54:57","guid":{"rendered":"http:\/\/michaelshof-campus.com\/blog\/?page_id=2610"},"modified":"2021-12-11T11:00:07","modified_gmt":"2021-12-11T10:00:07","slug":"finanzielle-zuwendung","status":"publish","type":"page","link":"https:\/\/michaelshof-sammatz.de\/blog\/projekte\/finanzielle-zuwendung\/","title":{"rendered":"Projekte | Finanzielle Zuwendung"},"content":{"rendered":"\n<h1 class=\"wp-block-heading\">Finanzielle Zuwendung<\/h1>\n\n\n\n<div style=\"height:85px\" aria-hidden=\"true\" class=\"wp-block-spacer\"><\/div>\n\n\n\n<figure class=\"wp-block-image is-resized\"><img fetchpriority=\"high\" decoding=\"async\" data-attachment-id=\"2613\" data-permalink=\"https:\/\/michaelshof-sammatz.de\/blog\/projekte\/finanzielle-zuwendung\/finance1\/\" data-orig-file=\"https:\/\/michaelshof-sammatz.de\/blog\/wp-content\/uploads\/2019\/02\/finance1.jpg\" data-orig-size=\"748,323\" data-comments-opened=\"0\" data-image-meta=\"{&quot;aperture&quot;:&quot;0&quot;,&quot;credit&quot;:&quot;&quot;,&quot;camera&quot;:&quot;&quot;,&quot;caption&quot;:&quot;&quot;,&quot;created_timestamp&quot;:&quot;0&quot;,&quot;copyright&quot;:&quot;&quot;,&quot;focal_length&quot;:&quot;0&quot;,&quot;iso&quot;:&quot;0&quot;,&quot;shutter_speed&quot;:&quot;0&quot;,&quot;title&quot;:&quot;&quot;,&quot;orientation&quot;:&quot;0&quot;}\" data-image-title=\"finance1\" data-image-description=\"\" data-image-caption=\"\" data-medium-file=\"https:\/\/michaelshof-sammatz.de\/blog\/wp-content\/uploads\/2019\/02\/finance1-300x130.jpg\" data-large-file=\"https:\/\/michaelshof-sammatz.de\/blog\/wp-content\/uploads\/2019\/02\/finance1.jpg\" tabindex=\"0\" role=\"button\" src=\"http:\/\/michaelshof-sammatz.de\/blog\/wp-content\/uploads\/2019\/02\/finance1.jpg\" alt=\"\" class=\"wp-image-2613\" width=\"614\" height=\"265\" srcset=\"https:\/\/michaelshof-sammatz.de\/blog\/wp-content\/uploads\/2019\/02\/finance1.jpg 748w, https:\/\/michaelshof-sammatz.de\/blog\/wp-content\/uploads\/2019\/02\/finance1-300x130.jpg 300w, https:\/\/michaelshof-sammatz.de\/blog\/wp-content\/uploads\/2019\/02\/finance1-600x259.jpg 600w\" sizes=\"(max-width: 614px) 100vw, 614px\" \/><\/figure>\n\n\n\n<div style=\"height:35px\" aria-hidden=\"true\" class=\"wp-block-spacer\"><\/div>\n\n\n\n\n\n\n\n<div style=\"height:50px\" aria-hidden=\"true\" class=\"wp-block-spacer\"><\/div>\n\n\n\n<div class=\"tab\">\n  <button class=\"tablinks third pink\" onclick=\"openCity(event, 'Spenden')\">Spenden<\/button>\n  <button class=\"tablinks third darkblue\" onclick=\"openCity(event, 'Darlehen')\">Darlehen<\/button>\n <button class=\"tablinks third lightblue\" onclick=\"openCity(event, 'Testament &#038; Erbschaft')\">Testament &#038; Erbschaft<\/button>\n<\/div>\n\n<!-- Spenden Tab -->\n<div id=\"Spenden\" class=\"tabcontent\">\n <span onclick=\"this.parentElement.style.display='none'\" class=\"topright\">&times;<\/span>\n\n\n\n<div style=\"height:25px\" aria-hidden=\"true\" class=\"wp-block-spacer\"><\/div>\n\n\n\n<p>Ihr besucht regelm\u00e4\u00dfig die Sammatzer Garten- und Parkanlagen, genie\u00dft den Aufenthalt und begleitet sie durch die Jahreszeiten? Manche Besucher haben ihre Lieblingspl\u00e4tze \u2013 vielleicht verweilt ihr besonders gern am Waldsee oder besucht immer die Arena mit ihren geheimnisvollen Skulpturen? <br> Ihr erfreut euch an den vielen Tieren des Archehofes, die die Kinder auch streicheln d\u00fcrfen? Die Kleinen haben den Spielplatz \u201eKunterbunt\u201c entdeckt und wollen immer wieder dorthin? Oder ihr habt einmal ein Konzert am Waldsee genossen und seid nun gespannt auf das neue Programm?<\/p>\n\n\n\n<p>Wer den Michaelshof aufgrund solcher oder \u00e4hnlicher Erlebnisse mit einer Spende unterst\u00fctzen m\u00f6chte, hat verschiedene M\u00f6glichkeiten.<\/p>\n\n\n\n<div class=\"row\">\n\n<div class=\"col-md-6\">\n\n\n\n\n<div class=\"col-md-6\"><\/div>\n\n\n\n<p class=\"has-text-align-left has-very-light-gray-background-color has-background\"><meta charset=\"utf-8\"><strong>Spenden statt Geschenke<\/strong><\/p>\n\n\n\n<p class=\"has-text-align-left\" style=\"font-size:18px\"><strong>Allgemeine Spenden<\/strong><\/p>\n\n\n\n<p class=\"has-text-align-left\">Ihr findet die Gesamtinitiative gut, und wir d\u00fcrfen eure Spende dort verwenden, wo sie gerade am n\u00f6tigsten ist. <\/p>\n\n\n\n<p class=\"has-text-align-left\" style=\"font-size:18px\"><strong>Zweckgebundene Spenden<\/strong><\/p>\n\n\n\n<p class=\"has-text-align-left\">Ihr m\u00f6chtet etwas Gutes tun und dabei konkrete Initiativen unterst\u00fctzen? Vielleicht verfolgt ihr die Aktivit\u00e4ten am Michaelshof schon l\u00e4nger, habt von geplanten Projekten geh\u00f6rt oder gelesen und jetzt m\u00f6chtet ihr helfen sie zu verwirklichen? Dann freuen wir uns sehr \u00fcber eine zweckgebundene Spende. Sucht euch ein Projekt aus \u2013 wir sagen euch gern, was gerade und in der n\u00e4chsten Zeit passiert!<\/p>\n\n\n\n<p class=\"has-text-align-left\" style=\"font-size:18px\"><strong>Spenden statt Geschenke<\/strong><\/p>\n\n\n\n<p class=\"has-text-align-left\">Ihr plant eine Geburtstagsfeier, Hochzeit, ein Jubil\u00e4um oder eine andere Feierlichkeit und m\u00f6chtet dabei, statt Geschenke zu erhalten, nachhaltig Gutes tun, weil ihr schon \u2039alles\u203a habt?<br> Feiern f\u00fcr den guten Zweck! Gut m\u00f6glich in unserem Caf\u00e9 am Michaelshof, vielleicht verbunden mit einem Spaziergang rund um den Waldsee und durch unsere G\u00e4rten. Wenn ihr eure G\u00e4ste anl\u00e4sslich eurer Feier um Spenden f\u00fcr den Michaelshof statt um Geschenke bitten wollt, beraten wir euch gerne.<\/p>\n\n\n\n<p class=\"has-text-align-left\" style=\"font-size:18px\"><strong>Kontakt<\/strong><\/p>\n\n\n\n<p><a style=\"color:#67c8f9\" href=\"mailto:claudia.brady@sammatz.de\">Claudia Brady<\/a>, Gesch\u00e4ftsf\u00fchrung<br>Tel 05858 970 30<br><a style=\"color:#67c8f9\" href=\"mailto:janet.haacke@sammatz.de\">Janet Haacke<\/a>, Gesch\u00e4ftsf\u00fchrung<br>Tel 05858 970 67<br><a style=\"color:#67c8f9\" href=\"mailto:olaf.hobe@sammatz.de\">Olaf Hobe<\/a>, Projektmanagement<br>Tel 05858 970 98<br><\/p>\n\n\n\n<\/div>\n\n<\/div>\n\n\n\n<\/div>\n\n<div id=\"Darlehen\" class=\"tabcontent\">\n <span onclick=\"this.parentElement.style.display='none'\" class=\"topright\">&times;<\/span>\n\n\n\n<div style=\"height:25px\" aria-hidden=\"true\" class=\"wp-block-spacer\"><\/div>\n\n\n\n<p>Initiativen haben eine \u00e4u\u00dfere H\u00fclle, in der sie leben und gedeihen. Daf\u00fcr muss immer wieder einmal ein Geb\u00e4ude renoviert, neue Ausr\u00fcstung angeschafft oder auf andere Weise ein Umfeld f\u00fcr Projekte finanziert werden. Mal sind das gr\u00f6\u00dfere Summen, mal kleinere \u2013 doch immer h\u00e4ngt auch davon ab, ob etwas weiter geht. <\/p>\n\n\n\n<div class=\"wp-block-media-text alignwide has-media-on-the-right is-stacked-on-mobile\" style=\"grid-template-columns:auto 55%\"><figure class=\"wp-block-media-text__media\"><img decoding=\"async\" width=\"472\" height=\"314\" data-attachment-id=\"2659\" data-permalink=\"https:\/\/michaelshof-sammatz.de\/blog\/projekte\/finanzielle-zuwendung\/project-d\/\" data-orig-file=\"https:\/\/michaelshof-sammatz.de\/blog\/wp-content\/uploads\/2019\/02\/project-d.jpg\" data-orig-size=\"472,314\" data-comments-opened=\"0\" data-image-meta=\"{&quot;aperture&quot;:&quot;0&quot;,&quot;credit&quot;:&quot;&quot;,&quot;camera&quot;:&quot;&quot;,&quot;caption&quot;:&quot;&quot;,&quot;created_timestamp&quot;:&quot;0&quot;,&quot;copyright&quot;:&quot;&quot;,&quot;focal_length&quot;:&quot;0&quot;,&quot;iso&quot;:&quot;0&quot;,&quot;shutter_speed&quot;:&quot;0&quot;,&quot;title&quot;:&quot;&quot;,&quot;orientation&quot;:&quot;0&quot;}\" data-image-title=\"project-d\" data-image-description=\"\" data-image-caption=\"\" data-medium-file=\"https:\/\/michaelshof-sammatz.de\/blog\/wp-content\/uploads\/2019\/02\/project-d-300x200.jpg\" data-large-file=\"https:\/\/michaelshof-sammatz.de\/blog\/wp-content\/uploads\/2019\/02\/project-d.jpg\" tabindex=\"0\" role=\"button\" src=\"http:\/\/michaelshof-sammatz.de\/blog\/wp-content\/uploads\/2019\/02\/project-d.jpg\" alt=\"\" class=\"wp-image-2659 size-full\" srcset=\"https:\/\/michaelshof-sammatz.de\/blog\/wp-content\/uploads\/2019\/02\/project-d.jpg 472w, https:\/\/michaelshof-sammatz.de\/blog\/wp-content\/uploads\/2019\/02\/project-d-300x200.jpg 300w\" sizes=\"(max-width: 472px) 100vw, 472px\" \/><\/figure><div class=\"wp-block-media-text__content\">\n<p style=\"font-size:18px\"><strong>Geld g\u00fcnstig leihen hilft auch<\/strong><\/p>\n\n\n\n<p>Wenn ihr die M\u00f6glichkeit habt, uns mit langfristigen und zinsg\u00fcnstigen Darlehen zu helfen, freuen wir uns sehr. Ihr macht damit ein St\u00fcck Zukunft zur Wirklichkeit. <br>\nUnd ihr werdet ganz konkret sehen k\u00f6nnen, welch positive Wirkung euer Geld hat, wenn es bei uns \u201earbeitet\u201c.<\/p>\n\n\n\n<p>Bei Interesse und weiteren Fragen wendet euch gerne direkt an unsere Ansprechpartner!<\/p>\n<\/div><\/div>\n\n\n\n<p><a style=\"color:#67c8f9\" href=\"mailto:claudia.brady@sammatz.de\">Claudia Brady<\/a>, Gesch\u00e4ftsf\u00fchrung<br>Tel 05858 970 30<br><a style=\"color:#67c8f9\" href=\"mailto:janet.haacke@sammatz.de\">Janet Haacke<\/a>, Gesch\u00e4ftsf\u00fchrung<br>Tel 05858 970 67<br><a style=\"color:#67c8f9\" href=\"mailto:olaf.hobe@sammatz.de\">Olaf Hobe<\/a>, Projektmanagement<br>Tel 05858 970 98<br><\/p>\n\n\n\n<\/div>\n<div id=\"Testament &#038; Erbschaft\" class=\"tabcontent\">\n <span onclick=\"this.parentElement.style.display='none'\" class=\"topright\">&times;<\/span>\n\n\n\n<div style=\"height:25px\" aria-hidden=\"true\" class=\"wp-block-spacer\"><\/div>\n\n\n\n<p>\u00dcber das eigene Leben hinaus wirken zu wollen, ist ein menschliches Grundbed\u00fcrfnis. Doch oft z\u00f6gern wir es hinaus, f\u00fcr den eigenen Nachlass zu sorgen. <br> Mit eurem Erbe, einem Verm\u00e4chtnis oder der Beg\u00fcnstigung in einer Lebensversicherung k\u00f6nnt ihr auch nach dem Tod etwas bewirken, \u00e4ndern und erhalten. Ihr k\u00f6nnt den Michaelshof Sammatz testamentarisch unterst\u00fctzen.<br> Hierbei kann eine rechtliche Beratung sinnvoll sein. Bitte wendet euch an einen Rechtsanwalt oder Notar, da wir eine rechtliche Beratung nicht anbieten d\u00fcrfen.<\/p>\n\n\n\n<p>Steuerrechtlicher Vorteil: Gemeinn\u00fctzige Organisationen wie die mit dem Michaelshof verbundene Treuhandstiftung sind von der Erbschaftssteuer befreit.<\/p>\n\n\n\n<p style=\"font-size:18px\"><strong>Kondolenzspenden<\/strong><\/p>\n\n\n\n<p>Traurige Anl\u00e4sse k\u00f6nnen auch Hoffnung schaffen. Die Werte, die dem Verstorbenen zu Lebzeiten wichtig waren, k\u00f6nnen best\u00e4rkt werden und den Trauernden Trost geben.<\/p>\n\n\n\n<p>Manche Menschen bitten heute anstelle von Kr\u00e4nzen oder Blumen um eine Gedenkspende zugunsten einer Initiative, die im Sinne des Verstorbenen wirkt oder mit der er sich verbunden f\u00fchlte. W\u00e4hlt daf\u00fcr den Michaelshof und stimmt mit uns gemeinsam das Vorgehen ab.<\/p>\n\n\n\n<p>Bei Interesse und weiteren Fragen wendet euch gerne direkt an unsere Ansprechpartner!<\/p>\n\n\n\n<p style=\"font-size:18px\"><strong>Kontakt<\/strong><\/p>\n\n\n\n<p><a style=\"color:#67c8f9\" href=\"mailto:claudia.brady@sammatz.de\">Claudia Brady<\/a>, Gesch\u00e4ftsf\u00fchrung<br>Tel 05858 970 30<br><a style=\"color:#67c8f9\" href=\"mailto:janet.haacke@sammatz.de\">Janet Haacke<\/a>, Gesch\u00e4ftsf\u00fchrung<br>Tel 05858 970 67<br><a style=\"color:#67c8f9\" href=\"mailto:olaf.hobe@sammatz.de\">Olaf Hobe<\/a>, Projektmanagement<br>Tel 05858 970 98<br><\/p>\n\n\n\n<\/div>\n\n\n\n<div style=\"height:40px\" aria-hidden=\"true\" class=\"wp-block-spacer\"><\/div>\n\n\n\n<p style=\"font-size:18px\"><strong>Packen wir es gemeinsam an!<\/strong><\/p>\n\n\n\n<p>Der Michaelshof Sammatz ist ein Ort, an dem Vieles m\u00f6glich ist. Was wir tun, machen wir nie nur f\u00fcr uns \u2013 wir glauben daran, dass die Welt durch menschliches Engagement \u201ea better place\u201c werden soll. Seid ihr mit dabei? <\/p>\n\n\n\n<div class=\"wp-block-media-text alignwide has-media-on-the-right is-stacked-on-mobile\"><figure class=\"wp-block-media-text__media\"><img decoding=\"async\" width=\"447\" height=\"415\" data-attachment-id=\"2619\" data-permalink=\"https:\/\/michaelshof-sammatz.de\/blog\/finance2\/\" data-orig-file=\"https:\/\/michaelshof-sammatz.de\/blog\/wp-content\/uploads\/2019\/02\/finance2.jpg\" data-orig-size=\"447,415\" data-comments-opened=\"0\" data-image-meta=\"{&quot;aperture&quot;:&quot;0&quot;,&quot;credit&quot;:&quot;&quot;,&quot;camera&quot;:&quot;&quot;,&quot;caption&quot;:&quot;&quot;,&quot;created_timestamp&quot;:&quot;0&quot;,&quot;copyright&quot;:&quot;&quot;,&quot;focal_length&quot;:&quot;0&quot;,&quot;iso&quot;:&quot;0&quot;,&quot;shutter_speed&quot;:&quot;0&quot;,&quot;title&quot;:&quot;&quot;,&quot;orientation&quot;:&quot;0&quot;}\" data-image-title=\"finance2\" data-image-description=\"\" data-image-caption=\"\" data-medium-file=\"https:\/\/michaelshof-sammatz.de\/blog\/wp-content\/uploads\/2019\/02\/finance2-300x279.jpg\" data-large-file=\"https:\/\/michaelshof-sammatz.de\/blog\/wp-content\/uploads\/2019\/02\/finance2.jpg\" tabindex=\"0\" role=\"button\" src=\"http:\/\/michaelshof-sammatz.de\/blog\/wp-content\/uploads\/2019\/02\/finance2.jpg\" alt=\"\" class=\"wp-image-2619 size-full\" srcset=\"https:\/\/michaelshof-sammatz.de\/blog\/wp-content\/uploads\/2019\/02\/finance2.jpg 447w, https:\/\/michaelshof-sammatz.de\/blog\/wp-content\/uploads\/2019\/02\/finance2-300x279.jpg 300w\" sizes=\"(max-width: 447px) 100vw, 447px\" \/><\/figure><div class=\"wp-block-media-text__content\">\n<p>Viele Dinge, die gerade bei uns passieren oder passieren k\u00f6nnten, klappen nur, wenn andere Menschen mithelfen. Wir k\u00f6nnen sie nicht alleine stemmen \u2013 aber zusammen mit anderen werden sie Realit\u00e4t.<\/p>\n\n\n\n<p><strong>International<\/strong>  So hat sich Sammatz zu einem genialen Begegnungsort f\u00fcr junge Menschen aus aller Welt entwickelt \u2013 allgemeine Menschlichkeit statt engem Nationaldenken! Aber nur mit euch schaffen wir es, diese \u2039zweite Heimat\u203a der Volunteers als dauerhaften internationalen Campus zu f\u00fchren, der vielen Lebensl\u00e4ufen einen Impuls gibt und auch politisch Modellfunktion haben kann. <\/p>\n\n\n\n<p><strong>Landwirtschaft<\/strong>  Dasselbe gilt f\u00fcr das Halten und Pflegen der alten Nutztierrassen: Wir haben ihnen eine Heimat geschaffen, die als vorbildlich angesehen wird. Helft ihr uns, sie zu erhalten und auf feste wirtschaftliche F\u00fc\u00dfe zu stellen? Als Beispiel einer guten Landwirtschaft, die nicht Tierqu\u00e4lerei und Ausbeutung der Natur hei\u00dfen muss? <\/p>\n<\/div><\/div>\n\n\n\n<div class=\"wp-block-media-text alignwide is-stacked-on-mobile\"><figure class=\"wp-block-media-text__media\"><img loading=\"lazy\" decoding=\"async\" width=\"457\" height=\"256\" data-attachment-id=\"2620\" data-permalink=\"https:\/\/michaelshof-sammatz.de\/blog\/finance3\/\" data-orig-file=\"https:\/\/michaelshof-sammatz.de\/blog\/wp-content\/uploads\/2019\/02\/finance3.jpg\" data-orig-size=\"457,256\" data-comments-opened=\"0\" data-image-meta=\"{&quot;aperture&quot;:&quot;0&quot;,&quot;credit&quot;:&quot;&quot;,&quot;camera&quot;:&quot;&quot;,&quot;caption&quot;:&quot;&quot;,&quot;created_timestamp&quot;:&quot;0&quot;,&quot;copyright&quot;:&quot;&quot;,&quot;focal_length&quot;:&quot;0&quot;,&quot;iso&quot;:&quot;0&quot;,&quot;shutter_speed&quot;:&quot;0&quot;,&quot;title&quot;:&quot;&quot;,&quot;orientation&quot;:&quot;0&quot;}\" data-image-title=\"finance3\" data-image-description=\"\" data-image-caption=\"\" data-medium-file=\"https:\/\/michaelshof-sammatz.de\/blog\/wp-content\/uploads\/2019\/02\/finance3-300x168.jpg\" data-large-file=\"https:\/\/michaelshof-sammatz.de\/blog\/wp-content\/uploads\/2019\/02\/finance3.jpg\" tabindex=\"0\" role=\"button\" src=\"http:\/\/michaelshof-sammatz.de\/blog\/wp-content\/uploads\/2019\/02\/finance3.jpg\" alt=\"\" class=\"wp-image-2620 size-full\" srcset=\"https:\/\/michaelshof-sammatz.de\/blog\/wp-content\/uploads\/2019\/02\/finance3.jpg 457w, https:\/\/michaelshof-sammatz.de\/blog\/wp-content\/uploads\/2019\/02\/finance3-300x168.jpg 300w\" sizes=\"(max-width: 457px) 100vw, 457px\" \/><\/figure><div class=\"wp-block-media-text__content\">\n<p><strong>Haus der Natur\/Events<\/strong>  Auch ist an diesem Ort alles versammelt, um vielen gro\u00dfen und kleinen Besuchern die Sch\u00f6nheit der Natur und durch sie ihre feinere Wahrheit nahezubringen \u2013 eine Riesenaufgabe unserer Zeit, die die Verbindung zur Natur verliert! Und ebenso, um menschlich begeisternde, niveauvolle Events zu veranstalten, in denen Kunst sozial wird und den Teilnehmern Erlebnisse vermittelt, von denen sie noch l\u00e4nger zehren. Mit den Waldsee- Konzerten und dem Bau unseres Hauses der Natur haben wir schon zwei Schritte dahin gemacht. Seid ihr bei den n\u00e4chsten mit dabei \u2013 machen wir zusammen einen Weg daraus? <\/p>\n<\/div><\/div>\n\n\n\n<p style=\"font-size:18px\"><strong>Sprechen wir dar\u00fcber<\/strong><\/p>\n\n\n\n<p>Wir bieten euch verschiedene M\u00f6glichkeiten, diese und andere Aktivit\u00e4ten zu unterst\u00fctzen: Den Arche-Hof f\u00f6rdern, f\u00fcr den internationalen Kulturaustausch spenden, F\u00f6rdermitglieder eines Bereichs oder der Gesamtinitiative werden. Auch zinsg\u00fcnstige, langfristige Darlehen k\u00f6nnen eine gro\u00dfe Hilfe sein! Mehr dazu findet ihr oben in den verschiedenen Rubriken.<\/p>\n\n\n\n<h4 class=\"wp-block-heading\"><strong>Habt ganz herzlichen Dank f\u00fcr euer Engagement! <\/strong><\/h4>\n\n\n\n<div style=\"height:30px\" aria-hidden=\"true\" class=\"wp-block-spacer\"><\/div>\n\n\n\n<p style=\"text-align: right;\"><a style=\"color:#67c8f9\" href=\"#headeranchor\" data-wplink-edit=\"true\"><strong>Zum Seitenanfang \u2191<\/strong><\/a><\/p>\n\n\n\n<div style=\"height:50px\" aria-hidden=\"true\" class=\"wp-block-spacer\"><\/div>\n","protected":false},"excerpt":{"rendered":"<p>Finanzielle Zuwendung Spenden Darlehen Testament &#038; Erbschaft &times; Ihr besucht regelm\u00e4\u00dfig die Sammatzer Garten- und Parkanlagen, genie\u00dft den Aufenthalt und begleitet sie durch die Jahreszeiten? Manche Besucher haben ihre Lieblingspl\u00e4tze \u2013 vielleicht verweilt ihr besonders gern am Waldsee oder besucht immer die Arena mit ihren geheimnisvollen Skulpturen? Ihr erfreut euch an den vielen Tieren des [&hellip;]<\/p>\n","protected":false},"author":1,"featured_media":0,"parent":119,"menu_order":0,"comment_status":"closed","ping_status":"closed","template":"","meta":{"footnotes":""},"class_list":["post-2610","page","type-page","status-publish","hentry"],"jetpack_sharing_enabled":true,"jetpack_shortlink":"https:\/\/wp.me\/PaQBcD-G6","jetpack-related-posts":[],"_links":{"self":[{"href":"https:\/\/michaelshof-sammatz.de\/blog\/wp-json\/wp\/v2\/pages\/2610"}],"collection":[{"href":"https:\/\/michaelshof-sammatz.de\/blog\/wp-json\/wp\/v2\/pages"}],"about":[{"href":"https:\/\/michaelshof-sammatz.de\/blog\/wp-json\/wp\/v2\/types\/page"}],"author":[{"embeddable":true,"href":"https:\/\/michaelshof-sammatz.de\/blog\/wp-json\/wp\/v2\/users\/1"}],"replies":[{"embeddable":true,"href":"https:\/\/michaelshof-sammatz.de\/blog\/wp-json\/wp\/v2\/comments?post=2610"}],"version-history":[{"count":70,"href":"https:\/\/michaelshof-sammatz.de\/blog\/wp-json\/wp\/v2\/pages\/2610\/revisions"}],"predecessor-version":[{"id":30314,"href":"https:\/\/michaelshof-sammatz.de\/blog\/wp-json\/wp\/v2\/pages\/2610\/revisions\/30314"}],"up":[{"embeddable":true,"href":"https:\/\/michaelshof-sammatz.de\/blog\/wp-json\/wp\/v2\/pages\/119"}],"wp:attachment":[{"href":"https:\/\/michaelshof-sammatz.de\/blog\/wp-json\/wp\/v2\/media?parent=2610"}],"curies":[{"name":"wp","href":"https:\/\/api.w.org\/{rel}","templated":true}]}}