

{"id":27665,"date":"2020-11-11T01:41:40","date_gmt":"2020-11-11T00:41:40","guid":{"rendered":"https:\/\/michaelshof-sammatz.de\/blog\/?page_id=27665"},"modified":"2020-11-13T10:37:28","modified_gmt":"2020-11-13T09:37:28","slug":"interview-di-ascenzi","status":"publish","type":"page","link":"https:\/\/michaelshof-sammatz.de\/blog\/interview-di-ascenzi\/","title":{"rendered":"Interview di Ascenzi"},"content":{"rendered":"\n<h2 class=\"wp-block-heading\">Drei Br\u00fcder auf Reisen<\/h2>\n\n\n\n<p>[Fortsetzung aus Newsletter 06] <\/p>\n\n\n\n<p>Valentin gefiel es, und er schw\u00e4rmte seinen \u00e4lteren Br\u00fcder genug vor, um sie neugierig zu machen. Jetzt beehren gleich drei &#8222;di Ascenzis&#8220; die Community durch ihre Gegenwart. Santiago hilft vor allem im Baub\u00fcro, Agustin im Construction-Team und Valentin unterst\u00fctzt das Landbau-Team \u2013 am Liebsten auf einem flotten Rasenm\u00e4her-Traktor. <\/p>\n\n\n\n<p>Echte Br\u00fcder und doch jeder ganz unterschiedlich \u2013 ein Lieblingsthema der drei.<br><br><em><strong>Alle<\/strong><\/em>: Ja, lass uns dar\u00fcber reden! <em>(Alle lachen.)<\/em><\/p>\n\n\n\n<figure class=\"wp-block-gallery columns-3 is-cropped wp-block-gallery-1 is-layout-flex wp-block-gallery-is-layout-flex\"><ul class=\"blocks-gallery-grid\"><li class=\"blocks-gallery-item\"><figure><img fetchpriority=\"high\" decoding=\"async\" width=\"500\" height=\"848\" data-attachment-id=\"27668\" data-permalink=\"https:\/\/michaelshof-sammatz.de\/blog\/interview-di-ascenzi\/ascenzi_421a3047\/\" data-orig-file=\"https:\/\/michaelshof-sammatz.de\/blog\/wp-content\/uploads\/2020\/11\/Ascenzi_421A3047.jpg\" data-orig-size=\"500,848\" data-comments-opened=\"0\" data-image-meta=\"{&quot;aperture&quot;:&quot;0&quot;,&quot;credit&quot;:&quot;&quot;,&quot;camera&quot;:&quot;&quot;,&quot;caption&quot;:&quot;&quot;,&quot;created_timestamp&quot;:&quot;0&quot;,&quot;copyright&quot;:&quot;&quot;,&quot;focal_length&quot;:&quot;0&quot;,&quot;iso&quot;:&quot;0&quot;,&quot;shutter_speed&quot;:&quot;0&quot;,&quot;title&quot;:&quot;&quot;,&quot;orientation&quot;:&quot;0&quot;}\" data-image-title=\"Ascenzi_421A3047\" data-image-description=\"\" data-image-caption=\"&lt;p&gt;Agustin &#038; Valentin&lt;\/p&gt;\n\" data-medium-file=\"https:\/\/michaelshof-sammatz.de\/blog\/wp-content\/uploads\/2020\/11\/Ascenzi_421A3047-177x300.jpg\" data-large-file=\"https:\/\/michaelshof-sammatz.de\/blog\/wp-content\/uploads\/2020\/11\/Ascenzi_421A3047.jpg\" tabindex=\"0\" role=\"button\" src=\"https:\/\/michaelshof-sammatz.de\/blog\/wp-content\/uploads\/2020\/11\/Ascenzi_421A3047.jpg\" alt=\"\" data-id=\"27668\" data-full-url=\"https:\/\/michaelshof-sammatz.de\/blog\/wp-content\/uploads\/2020\/11\/Ascenzi_421A3047.jpg\" data-link=\"https:\/\/michaelshof-sammatz.de\/blog\/interview-di-ascenzi\/ascenzi_421a3047\/\" class=\"wp-image-27668\" srcset=\"https:\/\/michaelshof-sammatz.de\/blog\/wp-content\/uploads\/2020\/11\/Ascenzi_421A3047.jpg 500w, https:\/\/michaelshof-sammatz.de\/blog\/wp-content\/uploads\/2020\/11\/Ascenzi_421A3047-177x300.jpg 177w, https:\/\/michaelshof-sammatz.de\/blog\/wp-content\/uploads\/2020\/11\/Ascenzi_421A3047-88x150.jpg 88w\" sizes=\"(max-width: 500px) 100vw, 500px\" \/><figcaption class=\"blocks-gallery-item__caption\">Agustin &amp; Valentin<\/figcaption><\/figure><\/li><li class=\"blocks-gallery-item\"><figure><img decoding=\"async\" width=\"350\" height=\"477\" data-attachment-id=\"27670\" data-permalink=\"https:\/\/michaelshof-sammatz.de\/blog\/interview-di-ascenzi\/ascenzi_421a3036s\/\" data-orig-file=\"https:\/\/michaelshof-sammatz.de\/blog\/wp-content\/uploads\/2020\/11\/Ascenzi_421A3036S.jpg\" data-orig-size=\"350,477\" data-comments-opened=\"0\" data-image-meta=\"{&quot;aperture&quot;:&quot;0&quot;,&quot;credit&quot;:&quot;&quot;,&quot;camera&quot;:&quot;&quot;,&quot;caption&quot;:&quot;&quot;,&quot;created_timestamp&quot;:&quot;0&quot;,&quot;copyright&quot;:&quot;&quot;,&quot;focal_length&quot;:&quot;0&quot;,&quot;iso&quot;:&quot;0&quot;,&quot;shutter_speed&quot;:&quot;0&quot;,&quot;title&quot;:&quot;&quot;,&quot;orientation&quot;:&quot;0&quot;}\" data-image-title=\"Ascenzi_421A3036S\" data-image-description=\"\" data-image-caption=\"&lt;p&gt;Santiago&lt;\/p&gt;\n\" data-medium-file=\"https:\/\/michaelshof-sammatz.de\/blog\/wp-content\/uploads\/2020\/11\/Ascenzi_421A3036S-220x300.jpg\" data-large-file=\"https:\/\/michaelshof-sammatz.de\/blog\/wp-content\/uploads\/2020\/11\/Ascenzi_421A3036S.jpg\" tabindex=\"0\" role=\"button\" src=\"https:\/\/michaelshof-sammatz.de\/blog\/wp-content\/uploads\/2020\/11\/Ascenzi_421A3036S.jpg\" alt=\"\" data-id=\"27670\" data-full-url=\"https:\/\/michaelshof-sammatz.de\/blog\/wp-content\/uploads\/2020\/11\/Ascenzi_421A3036S.jpg\" data-link=\"https:\/\/michaelshof-sammatz.de\/blog\/interview-di-ascenzi\/ascenzi_421a3036s\/\" class=\"wp-image-27670\" srcset=\"https:\/\/michaelshof-sammatz.de\/blog\/wp-content\/uploads\/2020\/11\/Ascenzi_421A3036S.jpg 350w, https:\/\/michaelshof-sammatz.de\/blog\/wp-content\/uploads\/2020\/11\/Ascenzi_421A3036S-220x300.jpg 220w, https:\/\/michaelshof-sammatz.de\/blog\/wp-content\/uploads\/2020\/11\/Ascenzi_421A3036S-110x150.jpg 110w\" sizes=\"(max-width: 350px) 100vw, 350px\" \/><figcaption class=\"blocks-gallery-item__caption\">Santiago<\/figcaption><\/figure><\/li><li class=\"blocks-gallery-item\"><figure><img decoding=\"async\" width=\"792\" height=\"1024\" data-attachment-id=\"27671\" data-permalink=\"https:\/\/michaelshof-sammatz.de\/blog\/interview-di-ascenzi\/ascenzi_421a3039s\/\" data-orig-file=\"https:\/\/michaelshof-sammatz.de\/blog\/wp-content\/uploads\/2020\/11\/Ascenzi_421A3039S.jpg\" data-orig-size=\"1328,1717\" data-comments-opened=\"0\" data-image-meta=\"{&quot;aperture&quot;:&quot;0&quot;,&quot;credit&quot;:&quot;&quot;,&quot;camera&quot;:&quot;&quot;,&quot;caption&quot;:&quot;&quot;,&quot;created_timestamp&quot;:&quot;0&quot;,&quot;copyright&quot;:&quot;&quot;,&quot;focal_length&quot;:&quot;0&quot;,&quot;iso&quot;:&quot;0&quot;,&quot;shutter_speed&quot;:&quot;0&quot;,&quot;title&quot;:&quot;&quot;,&quot;orientation&quot;:&quot;0&quot;}\" data-image-title=\"Ascenzi_421A3039S\" data-image-description=\"\" data-image-caption=\"&lt;p&gt;Los hermanos&lt;\/p&gt;\n\" data-medium-file=\"https:\/\/michaelshof-sammatz.de\/blog\/wp-content\/uploads\/2020\/11\/Ascenzi_421A3039S-232x300.jpg\" data-large-file=\"https:\/\/michaelshof-sammatz.de\/blog\/wp-content\/uploads\/2020\/11\/Ascenzi_421A3039S-792x1024.jpg\" tabindex=\"0\" role=\"button\" src=\"https:\/\/michaelshof-sammatz.de\/blog\/wp-content\/uploads\/2020\/11\/Ascenzi_421A3039S-792x1024.jpg\" alt=\"\" data-id=\"27671\" data-full-url=\"https:\/\/michaelshof-sammatz.de\/blog\/wp-content\/uploads\/2020\/11\/Ascenzi_421A3039S.jpg\" data-link=\"https:\/\/michaelshof-sammatz.de\/blog\/interview-di-ascenzi\/ascenzi_421a3039s\/\" class=\"wp-image-27671\" srcset=\"https:\/\/michaelshof-sammatz.de\/blog\/wp-content\/uploads\/2020\/11\/Ascenzi_421A3039S-792x1024.jpg 792w, https:\/\/michaelshof-sammatz.de\/blog\/wp-content\/uploads\/2020\/11\/Ascenzi_421A3039S-232x300.jpg 232w, https:\/\/michaelshof-sammatz.de\/blog\/wp-content\/uploads\/2020\/11\/Ascenzi_421A3039S-116x150.jpg 116w, https:\/\/michaelshof-sammatz.de\/blog\/wp-content\/uploads\/2020\/11\/Ascenzi_421A3039S-768x993.jpg 768w, https:\/\/michaelshof-sammatz.de\/blog\/wp-content\/uploads\/2020\/11\/Ascenzi_421A3039S-1188x1536.jpg 1188w, https:\/\/michaelshof-sammatz.de\/blog\/wp-content\/uploads\/2020\/11\/Ascenzi_421A3039S.jpg 1328w\" sizes=\"(max-width: 792px) 100vw, 792px\" \/><figcaption class=\"blocks-gallery-item__caption\">Los hermanos<\/figcaption><\/figure><\/li><\/ul><\/figure>\n\n\n\n<div class=\"wp-block-group\"><div class=\"wp-block-group__inner-container is-layout-flow wp-block-group-is-layout-flow\">\n<p class=\"has-text-align-center has-small-font-size\">Skypen mit Argentinien<\/p>\n<\/div><\/div>\n\n\n\n<p><em><strong>Agustin<\/strong><\/em>: Fangen wir bei Valentin an \u2013 seid jetzt bitte still, unterbrecht mich nicht \u2013 Santiago und ich, wir sind k\u00fchler, Valentin hat ein gro\u00dfes Herz. Sein Herz ist rot, unsere Herzen schwarz.<\/p>\n\n\n\n<p><em><strong>Santiago<\/strong><\/em>: Nein!<\/p>\n\n\n\n<p><em><strong>Agustin<\/strong><\/em>: Lass mich \u2013 wir sind egoistischer. Ich, und Santiago auch. Erst die eigenen Interessen, dann der Rest. Valentin ist umgekehrt: Erst die anderen, dann er selbst. Ich kann mit beiden reden, kann ihnen alles sagen, sie verurteilen mich nicht, es ist dasselbe Blut.<br>Ich traue auch ein paar Leuten hier, aber noch mehr meinen Br\u00fcdern. Das ist das beste am Hiersein, dass ich mit ihnen auch reden kann. An diesem Ort kann man ohnehin keine Geheimnisse haben. (alle lachen)<br><br><em>Und Santiago f\u00fcr dich?<\/em><br><br><em><strong>Agustin<\/strong><\/em>: Also ich will sein Ego nicht noch mehr aufbl\u00e4hen, aber er ist klug und intellektuell. Vielleicht auch weil er der \u00e4lteste hier ist, sorgt er sich immer um das Wohlergehen der anderen.<br><br><em>Besonders auch um deines?<\/em><br><br><em><strong>Agustin<\/strong><\/em>: Ja &#8230; ja. <em>(Alle lachen.)<\/em> Na, du kennst mich ja, ich mach zuerst etwas, und denke erst hinterher dar\u00fcber nach. Auch bei dummen Sachen.<\/p>\n\n\n\n<p><em><strong>Valentin<\/strong><\/em>: Agustin ist sehr sensibel, aber er will das nicht zeigen.<\/p>\n\n\n\n<p><em><strong>Agustin<\/strong><\/em>: Manchmal zeige ich meine kleine sensible Seite Menschen, die ich mir aussuche!<\/p>\n\n\n\n<p><em><strong>Valentin<\/strong><\/em>: Ah, Ok. Mir jedenfalls nicht. Und Santiago ist der Intellektuelle, der Familienpsychologe. Er genie\u00dft das, aber manchmal \u00fcbertreibt er es auch richtig. Dann f\u00e4llt es ihm schwer zuzuh\u00f6ren, er hat nur seine fixen Ideen im Kopf <\/p>\n\n\n\n<p><em><strong>Agustin<\/strong><\/em>: Ja er redet nur, er h\u00f6rt dir nicht zu. Er hat schon seine Ansprache vorbereitet, und wenn du mit ihm sprichst, gibt\u2019s nur Blablabla Quatsch. <em>(Alle lachen.)<\/em><\/p>\n\n\n\n<p><em><strong>Valentin<\/strong><\/em>: Nein, aber er ist der Vern\u00fcnftige. Wenn man einen Rat braucht, kann man sich auf ihn verlassen. Vor zwei Jahren h\u00e4tte ich das noch nicht so gesagt, da waren wir uns noch nicht so nah.<\/p>\n\n\n\n<p><em>Was ist die Community f\u00fcr euch, kurz zusammengefasst?<\/em><\/p>\n\n\n\n<p><em><strong>Santiago<\/strong><\/em>: Eine Chance, w\u00fcrde ich sagen.<\/p>\n\n\n\n<p><em><strong>Valentin<\/strong><\/em>: F\u00fcr mich, Sicherheit.<\/p>\n\n\n\n<p><em><strong>Agustin<\/strong><\/em>: F\u00fcr mich, Spa\u00df. Dass jeden Tag etwas Neues passiert, jeden Tag neue Menschen kommen. OK, bei manchen bereut man, dass man sie kennengelernt hat. Aber es ist immer etwas los.<\/p>\n\n\n\n<p>Stimmt es, dass ihr hier mal alle zugleich blonde deutsche Freundinnen hattet, sogar mit demselben Vornamen?<\/p>\n\n\n\n<p><em><strong>Santiago<\/strong><\/em>: Ja, das hatten wir schon Jahre zuvor geplant. <em>(Alle lachen.)<\/em><\/p>\n\n\n\n<p><em><strong>Agustin<\/strong><\/em>: Eine feste Freundin, das ist nichts f\u00fcr mich. Daf\u00fcr bin ich noch nicht reif genug. Es gibt hier auch zu viele h\u00fcbsche Frauen. Ich wei\u00df nicht wie Santiago das macht. Wenn eine sch\u00f6ne neue Frau ankommt, und ich habe eine Freundin, denke ich doch: Mist, warum bin jetzt in einer Beziehung, ich will die neue haben.<\/p>\n\n\n\n<p><em><strong>Santiago<\/strong><\/em>: Daf\u00fcr bin ich zu alt, das habe ich schon genug gehabt.<\/p>\n\n\n\n<p><em><strong>Agustin<\/strong><\/em>: Hey, du bist gerade ein Jahr \u00e4lter als ich!<\/p>\n\n\n\n<p><em>Und du, Valentin?<\/em><\/p>\n\n\n\n<p><em><strong>Valentin<\/strong><\/em>: Ich musste das erstmal lernen. Mich von einer Freundin zu trennen und am selben Ort zu sein, das ist nicht einfach. Als ich mich in Argentinien getrennt habe, bin ich gleich in ein anderes Land geflogen, nicht nur in eine andere Stadt, gleich 14.000 km zwischen uns. Und hier habe ich sogar die ersten Wochen im selben Haus gelebt.<\/p>\n\n\n\n<p><em>Stimmt es, dass ihr euch einmal in der Woche zum Familientreffen seht?<\/em><\/p>\n\n\n\n<p><em><strong>Santiago<\/strong><\/em>: Ja, das machen wir, weil wir sonst nicht genug miteinander reden.<\/p>\n\n\n\n<p><em>Und das seid nur ihr drei?<\/em><\/p>\n\n\n\n<p><em><strong>Agustin<\/strong><\/em>: Nein, wir haben ja auch ein viertes Familienmitglied, Rieke, Santiagos Freundin.<\/p>\n\n\n\n<p><em><strong>Santiago<\/strong><\/em>: Und Agustin bringt unangemeldete G\u00e4ste mit.<\/p>\n\n\n\n<p><em><strong>Agustin<\/strong><\/em>: Weil es zu langweilig ist, immer nur mit euch zu reden. <em>(Alle lachen.)<\/em><\/p>\n\n\n\n<p><em>Und wie geht es weiter? Agustin, in f\u00fcnf Monaten, bist du da noch da?<\/em><\/p>\n\n\n\n<p><em><strong>Agustin<\/strong><\/em>: Ich denke schon. <\/p>\n\n\n\n<p><em><strong>Santiago<\/strong><\/em>: Wir w\u00fcrden gern unsere Mutter hierher einladen. Das w\u00e4re ein Erlebnis f\u00fcr sie. Sie wollte so etwas schon immer machen, hat es aber nicht getan. Das w\u00e4re surreal, sie auch noch hier. Es ist schon unwirklich genug, dass wir alle drei hier sind.<\/p>\n\n\n\n<p><br><\/p>\n","protected":false},"excerpt":{"rendered":"<p>Drei Br\u00fcder auf Reisen [Fortsetzung aus Newsletter 06] Valentin gefiel es, und er schw\u00e4rmte seinen \u00e4lteren Br\u00fcder genug vor, um sie neugierig zu machen. Jetzt beehren gleich drei &#8222;di Ascenzis&#8220; die Community durch ihre Gegenwart. Santiago hilft vor allem im Baub\u00fcro, Agustin im Construction-Team und Valentin unterst\u00fctzt das Landbau-Team \u2013 am Liebsten auf einem flotten [&hellip;]<\/p>\n","protected":false},"author":1,"featured_media":0,"parent":0,"menu_order":0,"comment_status":"closed","ping_status":"closed","template":"","meta":{"footnotes":""},"class_list":["post-27665","page","type-page","status-publish","hentry"],"jetpack_sharing_enabled":true,"jetpack_shortlink":"https:\/\/wp.me\/PaQBcD-7cd","jetpack-related-posts":[],"_links":{"self":[{"href":"https:\/\/michaelshof-sammatz.de\/blog\/wp-json\/wp\/v2\/pages\/27665"}],"collection":[{"href":"https:\/\/michaelshof-sammatz.de\/blog\/wp-json\/wp\/v2\/pages"}],"about":[{"href":"https:\/\/michaelshof-sammatz.de\/blog\/wp-json\/wp\/v2\/types\/page"}],"author":[{"embeddable":true,"href":"https:\/\/michaelshof-sammatz.de\/blog\/wp-json\/wp\/v2\/users\/1"}],"replies":[{"embeddable":true,"href":"https:\/\/michaelshof-sammatz.de\/blog\/wp-json\/wp\/v2\/comments?post=27665"}],"version-history":[{"count":8,"href":"https:\/\/michaelshof-sammatz.de\/blog\/wp-json\/wp\/v2\/pages\/27665\/revisions"}],"predecessor-version":[{"id":27682,"href":"https:\/\/michaelshof-sammatz.de\/blog\/wp-json\/wp\/v2\/pages\/27665\/revisions\/27682"}],"wp:attachment":[{"href":"https:\/\/michaelshof-sammatz.de\/blog\/wp-json\/wp\/v2\/media?parent=27665"}],"curies":[{"name":"wp","href":"https:\/\/api.w.org\/{rel}","templated":true}]}}