

{"id":27938,"date":"2021-01-24T18:00:59","date_gmt":"2021-01-24T17:00:59","guid":{"rendered":"https:\/\/michaelshof-sammatz.de\/blog\/?page_id=27938"},"modified":"2026-02-20T14:22:24","modified_gmt":"2026-02-20T13:22:24","slug":"press","status":"publish","type":"page","link":"https:\/\/michaelshof-sammatz.de\/blog\/press\/","title":{"rendered":"Presse"},"content":{"rendered":"\n<p><p><\/p>\n<h3>Pressespiegel<\/h3><\/p>\n\n\n\n<p>Hier findet ihr einige Berichte \u00fcber den Michaelshof in Zeitungen oder im Internet. Viel Spa\u00df beim Lesen!<\/p>\n\n\n\n<div class=\"wp-block-columns is-layout-flex wp-container-core-columns-is-layout-1 wp-block-columns-is-layout-flex\">\n<div class=\"wp-block-column is-layout-flow wp-block-column-is-layout-flow\">\n<figure class=\"wp-block-image is-resized size-large is-style-default\"><a href=\"https:\/\/michaelshof-sammatz.de\/blog\/wp-content\/uploads\/2021\/01\/Landluft_Nr10-2019_AlsErstesBistDuHierMenschS.pdf\" target=\"_blank\" rel=\"noopener noreferrer\"><img fetchpriority=\"high\" decoding=\"async\" width=\"750\" height=\"500\" data-attachment-id=\"27977\" data-permalink=\"https:\/\/michaelshof-sammatz.de\/blog\/landluft_nr10-2019_alserstesbistduhiermensch-1\/\" data-orig-file=\"https:\/\/michaelshof-sammatz.de\/blog\/wp-content\/uploads\/2021\/01\/Landluft_Nr10-2019_AlsErstesBistDuHierMensch-1.jpg\" data-orig-size=\"750,500\" data-comments-opened=\"0\" data-image-meta=\"{&quot;aperture&quot;:&quot;0&quot;,&quot;credit&quot;:&quot;&quot;,&quot;camera&quot;:&quot;&quot;,&quot;caption&quot;:&quot;&quot;,&quot;created_timestamp&quot;:&quot;0&quot;,&quot;copyright&quot;:&quot;&quot;,&quot;focal_length&quot;:&quot;0&quot;,&quot;iso&quot;:&quot;0&quot;,&quot;shutter_speed&quot;:&quot;0&quot;,&quot;title&quot;:&quot;&quot;,&quot;orientation&quot;:&quot;0&quot;}\" data-image-title=\"Landluft_Nr10-2019_AlsErstesBistDuHierMensch-1\" data-image-description=\"\" data-image-caption=\"\" data-medium-file=\"https:\/\/michaelshof-sammatz.de\/blog\/wp-content\/uploads\/2021\/01\/Landluft_Nr10-2019_AlsErstesBistDuHierMensch-1-300x200.jpg\" data-large-file=\"https:\/\/michaelshof-sammatz.de\/blog\/wp-content\/uploads\/2021\/01\/Landluft_Nr10-2019_AlsErstesBistDuHierMensch-1.jpg\" tabindex=\"0\" role=\"button\" src=\"https:\/\/michaelshof-sammatz.de\/blog\/wp-content\/uploads\/2021\/01\/Landluft_Nr10-2019_AlsErstesBistDuHierMensch-1.jpg\" alt=\"\" class=\"wp-image-27977\" style=\"width:268px;height:178px\" srcset=\"https:\/\/michaelshof-sammatz.de\/blog\/wp-content\/uploads\/2021\/01\/Landluft_Nr10-2019_AlsErstesBistDuHierMensch-1.jpg 750w, https:\/\/michaelshof-sammatz.de\/blog\/wp-content\/uploads\/2021\/01\/Landluft_Nr10-2019_AlsErstesBistDuHierMensch-1-300x200.jpg 300w, https:\/\/michaelshof-sammatz.de\/blog\/wp-content\/uploads\/2021\/01\/Landluft_Nr10-2019_AlsErstesBistDuHierMensch-1-150x100.jpg 150w\" sizes=\"(max-width: 750px) 100vw, 750px\" \/><\/a><figcaption class=\"wp-element-caption\">Als Erstes bist du hier Mensch<br><strong>Landluft<\/strong> (IX\/2019)<\/figcaption><\/figure>\n\n\n\n<p><\/p>\n<\/div>\n\n\n\n<div class=\"wp-block-column is-layout-flow wp-block-column-is-layout-flow\">\n<figure class=\"wp-block-image size-large is-resized is-style-default\"><a href=\"https:\/\/pettmann.wordpress.com\/2020\/06\/22\/der-archehof-sammatz-die-sammatzer-gaerten-ein-paradies-fuer-tier-pflanze-mensch\/\" target=\"_blank\" rel=\"noopener noreferrer\"><img decoding=\"async\" data-attachment-id=\"27957\" data-permalink=\"https:\/\/michaelshof-sammatz.de\/blog\/press\/pettmann_22-06-2020_arche-hof\/\" data-orig-file=\"https:\/\/michaelshof-sammatz.de\/blog\/wp-content\/uploads\/2021\/01\/Pettmann_22.06.2020_Arche-Hof.jpg\" data-orig-size=\"750,500\" data-comments-opened=\"0\" data-image-meta=\"{&quot;aperture&quot;:&quot;0&quot;,&quot;credit&quot;:&quot;&quot;,&quot;camera&quot;:&quot;&quot;,&quot;caption&quot;:&quot;&quot;,&quot;created_timestamp&quot;:&quot;0&quot;,&quot;copyright&quot;:&quot;&quot;,&quot;focal_length&quot;:&quot;0&quot;,&quot;iso&quot;:&quot;0&quot;,&quot;shutter_speed&quot;:&quot;0&quot;,&quot;title&quot;:&quot;&quot;,&quot;orientation&quot;:&quot;0&quot;}\" data-image-title=\"Pettmann_22.06.2020_Arche-Hof\" data-image-description=\"\" data-image-caption=\"\" data-medium-file=\"https:\/\/michaelshof-sammatz.de\/blog\/wp-content\/uploads\/2021\/01\/Pettmann_22.06.2020_Arche-Hof-300x200.jpg\" data-large-file=\"https:\/\/michaelshof-sammatz.de\/blog\/wp-content\/uploads\/2021\/01\/Pettmann_22.06.2020_Arche-Hof.jpg\" tabindex=\"0\" role=\"button\" src=\"https:\/\/michaelshof-sammatz.de\/blog\/wp-content\/uploads\/2021\/01\/Pettmann_22.06.2020_Arche-Hof.jpg\" alt=\"\" class=\"wp-image-27957\" width=\"268\" height=\"178\" srcset=\"https:\/\/michaelshof-sammatz.de\/blog\/wp-content\/uploads\/2021\/01\/Pettmann_22.06.2020_Arche-Hof.jpg 750w, https:\/\/michaelshof-sammatz.de\/blog\/wp-content\/uploads\/2021\/01\/Pettmann_22.06.2020_Arche-Hof-300x200.jpg 300w, https:\/\/michaelshof-sammatz.de\/blog\/wp-content\/uploads\/2021\/01\/Pettmann_22.06.2020_Arche-Hof-150x100.jpg 150w\" sizes=\"(max-width: 268px) 100vw, 268px\" \/><\/a><figcaption>Der Arche-Hof Sammatz und die Sammatzer G\u00e4rten<br><strong>Pettmann Blog<\/strong> (22.6.2020)<\/figcaption><\/figure>\n<\/div>\n\n\n\n<div class=\"wp-block-column is-layout-flow wp-block-column-is-layout-flow\">\n<figure class=\"wp-block-image size-large is-resized is-style-default\"><a href=\"https:\/\/michaelshof-sammatz.de\/blog\/wp-content\/uploads\/2021\/06\/HAZ_200804_FastZuSchoenUmWahrZuSein_AV.pdf\" target=\"_blank\" rel=\"noopener noreferrer\"><img decoding=\"async\" data-attachment-id=\"27958\" data-permalink=\"https:\/\/michaelshof-sammatz.de\/blog\/press\/haz_04-08-2020_michaelshof\/\" data-orig-file=\"https:\/\/michaelshof-sammatz.de\/blog\/wp-content\/uploads\/2021\/01\/HAZ_04.08.2020_Michaelshof.jpg\" data-orig-size=\"749,500\" data-comments-opened=\"0\" data-image-meta=\"{&quot;aperture&quot;:&quot;0&quot;,&quot;credit&quot;:&quot;&quot;,&quot;camera&quot;:&quot;&quot;,&quot;caption&quot;:&quot;&quot;,&quot;created_timestamp&quot;:&quot;0&quot;,&quot;copyright&quot;:&quot;&quot;,&quot;focal_length&quot;:&quot;0&quot;,&quot;iso&quot;:&quot;0&quot;,&quot;shutter_speed&quot;:&quot;0&quot;,&quot;title&quot;:&quot;&quot;,&quot;orientation&quot;:&quot;0&quot;}\" data-image-title=\"HAZ_04.08.2020_Michaelshof\" data-image-description=\"\" data-image-caption=\"\" data-medium-file=\"https:\/\/michaelshof-sammatz.de\/blog\/wp-content\/uploads\/2021\/01\/HAZ_04.08.2020_Michaelshof-300x200.jpg\" data-large-file=\"https:\/\/michaelshof-sammatz.de\/blog\/wp-content\/uploads\/2021\/01\/HAZ_04.08.2020_Michaelshof.jpg\" tabindex=\"0\" role=\"button\" src=\"https:\/\/michaelshof-sammatz.de\/blog\/wp-content\/uploads\/2021\/07\/Bildschirmfoto-2021-06-29-um-16.43.57.png\" alt=\"\" class=\"wp-image-27958\" width=\"268\" height=\"178\"><\/a><figcaption>Fast zu sch\u00f6n, um wahr zu sein<br><strong>Hannoversche Allgemeine<\/strong> (4.8.2020)<\/figcaption><\/figure>\n\n\n\n<p><\/p>\n<\/div>\n<\/div>\n\n\n\n<div class=\"wp-block-columns is-layout-flex wp-container-core-columns-is-layout-2 wp-block-columns-is-layout-flex\">\n<div class=\"wp-block-column is-layout-flow wp-block-column-is-layout-flow\">\n<figure class=\"wp-block-image is-resized size-large is-style-default\"><a href=\"https:\/\/www.spiegel.de\/reise\/deutschland\/wochenender-ausflugstipps-an-der-elbe-von-cuxhaven-bis-wittenberge-a-3e2d9bfe-3326-46ba-98a4-6614275fa10f\" target=\"_blank\" rel=\"noopener noreferrer\"><img loading=\"lazy\" decoding=\"async\" data-attachment-id=\"27959\" data-permalink=\"https:\/\/michaelshof-sammatz.de\/blog\/press\/spiegelonline_23-09-2020_michaelshof\/\" data-orig-file=\"https:\/\/michaelshof-sammatz.de\/blog\/wp-content\/uploads\/2021\/01\/SpiegelOnline_23.09.2020_Michaelshof.jpg\" data-orig-size=\"750,500\" data-comments-opened=\"0\" data-image-meta=\"{&quot;aperture&quot;:&quot;0&quot;,&quot;credit&quot;:&quot;&quot;,&quot;camera&quot;:&quot;&quot;,&quot;caption&quot;:&quot;&quot;,&quot;created_timestamp&quot;:&quot;0&quot;,&quot;copyright&quot;:&quot;&quot;,&quot;focal_length&quot;:&quot;0&quot;,&quot;iso&quot;:&quot;0&quot;,&quot;shutter_speed&quot;:&quot;0&quot;,&quot;title&quot;:&quot;&quot;,&quot;orientation&quot;:&quot;0&quot;}\" data-image-title=\"SpiegelOnline_23.09.2020_Michaelshof\" data-image-description=\"\" data-image-caption=\"\" data-medium-file=\"https:\/\/michaelshof-sammatz.de\/blog\/wp-content\/uploads\/2021\/01\/SpiegelOnline_23.09.2020_Michaelshof-300x200.jpg\" data-large-file=\"https:\/\/michaelshof-sammatz.de\/blog\/wp-content\/uploads\/2021\/01\/SpiegelOnline_23.09.2020_Michaelshof.jpg\" tabindex=\"0\" role=\"button\" src=\"https:\/\/michaelshof-sammatz.de\/blog\/wp-content\/uploads\/2021\/01\/SpiegelOnline_23.09.2020_Michaelshof.jpg\" alt=\"\" class=\"wp-image-27959\" width=\"268\" height=\"178\" srcset=\"https:\/\/michaelshof-sammatz.de\/blog\/wp-content\/uploads\/2021\/01\/SpiegelOnline_23.09.2020_Michaelshof.jpg 750w, https:\/\/michaelshof-sammatz.de\/blog\/wp-content\/uploads\/2021\/01\/SpiegelOnline_23.09.2020_Michaelshof-300x200.jpg 300w, https:\/\/michaelshof-sammatz.de\/blog\/wp-content\/uploads\/2021\/01\/SpiegelOnline_23.09.2020_Michaelshof-150x100.jpg 150w\" sizes=\"(max-width: 268px) 100vw, 268px\" \/><\/a><figcaption>Die Elbe ist das Ziel<br><strong>Spiegel Online<\/strong> (23.9.2020)<\/figcaption><\/figure>\n\n\n\n<p><\/p>\n<\/div>\n\n\n\n<div class=\"wp-block-column is-layout-flow wp-block-column-is-layout-flow\">\n<figure class=\"wp-block-image is-resized size-large is-style-default\"><a href=\"https:\/\/www.youtube.com\/watch?v=xFDHf6INCm0&amp;feature=youtu.be\" target=\"_blank\" rel=\"noopener noreferrer\"><img loading=\"lazy\" decoding=\"async\" data-attachment-id=\"27961\" data-permalink=\"https:\/\/michaelshof-sammatz.de\/blog\/press\/ndr_30-11-2020-dieneuenvomarche-hof\/\" data-orig-file=\"https:\/\/michaelshof-sammatz.de\/blog\/wp-content\/uploads\/2021\/01\/NDR_30.11.2020.DieNeuenVomArche-Hof.jpg\" data-orig-size=\"750,500\" data-comments-opened=\"0\" data-image-meta=\"{&quot;aperture&quot;:&quot;0&quot;,&quot;credit&quot;:&quot;&quot;,&quot;camera&quot;:&quot;&quot;,&quot;caption&quot;:&quot;&quot;,&quot;created_timestamp&quot;:&quot;0&quot;,&quot;copyright&quot;:&quot;&quot;,&quot;focal_length&quot;:&quot;0&quot;,&quot;iso&quot;:&quot;0&quot;,&quot;shutter_speed&quot;:&quot;0&quot;,&quot;title&quot;:&quot;&quot;,&quot;orientation&quot;:&quot;0&quot;}\" data-image-title=\"NDR_30.11.2020.DieNeuenVomArche-Hof\" data-image-description=\"\" data-image-caption=\"\" data-medium-file=\"https:\/\/michaelshof-sammatz.de\/blog\/wp-content\/uploads\/2021\/01\/NDR_30.11.2020.DieNeuenVomArche-Hof-300x200.jpg\" data-large-file=\"https:\/\/michaelshof-sammatz.de\/blog\/wp-content\/uploads\/2021\/01\/NDR_30.11.2020.DieNeuenVomArche-Hof.jpg\" tabindex=\"0\" role=\"button\" src=\"https:\/\/michaelshof-sammatz.de\/blog\/wp-content\/uploads\/2021\/01\/NDR_30.11.2020.DieNeuenVomArche-Hof.jpg\" alt=\"\" class=\"wp-image-27961\" width=\"268\" height=\"168\"><\/a><figcaption>Die Neuen vom Arche-Hof<br><strong>NDR doku<\/strong> (30.11.2020)<\/figcaption><\/figure>\n<\/div>\n\n\n\n<div class=\"wp-block-column is-layout-flow wp-block-column-is-layout-flow\">\n<figure class=\"wp-block-image size-large is-resized is-style-default\"><a href=\"https:\/\/www.priseonline.de\/2021\/03\/bauernhof-feeling-gefaellig\/\" target=\"_blank\" rel=\"noopener noreferrer\"><img loading=\"lazy\" decoding=\"async\" width=\"1024\" height=\"711\" data-attachment-id=\"29316\" data-permalink=\"https:\/\/michaelshof-sammatz.de\/blog\/press\/bildschirmfoto-2021-05-11-um-20-32-25\/\" data-orig-file=\"https:\/\/michaelshof-sammatz.de\/blog\/wp-content\/uploads\/2021\/05\/Bildschirmfoto-2021-05-11-um-20.32.25.png\" data-orig-size=\"1182,821\" data-comments-opened=\"0\" data-image-meta=\"{&quot;aperture&quot;:&quot;0&quot;,&quot;credit&quot;:&quot;&quot;,&quot;camera&quot;:&quot;&quot;,&quot;caption&quot;:&quot;&quot;,&quot;created_timestamp&quot;:&quot;0&quot;,&quot;copyright&quot;:&quot;&quot;,&quot;focal_length&quot;:&quot;0&quot;,&quot;iso&quot;:&quot;0&quot;,&quot;shutter_speed&quot;:&quot;0&quot;,&quot;title&quot;:&quot;&quot;,&quot;orientation&quot;:&quot;0&quot;}\" data-image-title=\"Bildschirmfoto-2021-05-11-um-20.32.25\" data-image-description=\"\" data-image-caption=\"\" data-medium-file=\"https:\/\/michaelshof-sammatz.de\/blog\/wp-content\/uploads\/2021\/05\/Bildschirmfoto-2021-05-11-um-20.32.25-300x208.png\" data-large-file=\"https:\/\/michaelshof-sammatz.de\/blog\/wp-content\/uploads\/2021\/05\/Bildschirmfoto-2021-05-11-um-20.32.25-1024x711.png\" tabindex=\"0\" role=\"button\" src=\"https:\/\/michaelshof-sammatz.de\/blog\/wp-content\/uploads\/2021\/05\/Bildschirmfoto-2021-05-11-um-20.32.25-1024x711.png\" alt=\"\" class=\"wp-image-29316\" style=\"width:245px;height:171px\" srcset=\"https:\/\/michaelshof-sammatz.de\/blog\/wp-content\/uploads\/2021\/05\/Bildschirmfoto-2021-05-11-um-20.32.25-1024x711.png 1024w, https:\/\/michaelshof-sammatz.de\/blog\/wp-content\/uploads\/2021\/05\/Bildschirmfoto-2021-05-11-um-20.32.25-300x208.png 300w, https:\/\/michaelshof-sammatz.de\/blog\/wp-content\/uploads\/2021\/05\/Bildschirmfoto-2021-05-11-um-20.32.25-150x104.png 150w, https:\/\/michaelshof-sammatz.de\/blog\/wp-content\/uploads\/2021\/05\/Bildschirmfoto-2021-05-11-um-20.32.25-768x533.png 768w, https:\/\/michaelshof-sammatz.de\/blog\/wp-content\/uploads\/2021\/05\/Bildschirmfoto-2021-05-11-um-20.32.25.png 1182w\" sizes=\"(max-width: 1024px) 100vw, 1024px\" \/><\/a><figcaption class=\"wp-element-caption\">Bauernhof-Feeling gef\u00e4llig?<br><strong>PRISEonline<\/strong> (6.3.2021)<\/figcaption><\/figure>\n<\/div>\n<\/div>\n\n\n\n<div class=\"wp-block-columns is-layout-flex wp-container-core-columns-is-layout-3 wp-block-columns-is-layout-flex\">\n<div class=\"wp-block-column is-layout-flow wp-block-column-is-layout-flow\">\n<figure class=\"wp-block-image is-resized\"><a href=\"https:\/\/www.lgheute.de\/landkreis\/menu-landkreis-freizeit-und-gesellschaft\/9094-ein-traum-aus-tulpen.html\" target=\"_blank\" rel=\"noopener\"><img decoding=\"async\" src=\"https:\/\/michaelshof-sammatz.de\/blog\/wp-content\/uploads\/2021\/05\/Bildschirmfoto-2021-05-11-um-20.27.19.png\" alt=\"This image has an empty alt attribute; its file name is Bildschirmfoto-2021-05-11-um-20.27.19.png\" style=\"width:250px;height:167px\"\/><\/a><figcaption class=\"wp-element-caption\">Ein Traum aus Tulpen<br><strong>LGheute<\/strong> (21.3.2021)<\/figcaption><\/figure>\n<\/div>\n\n\n\n<div class=\"wp-block-column is-layout-flow wp-block-column-is-layout-flow\">\n<figure class=\"wp-block-image size-large is-resized\"><a href=\"https:\/\/michaelshof-sammatz.de\/blog\/wp-content\/uploads\/2021\/05\/GST_221_Seite-72-73_Rosenfest-im-Wendland.pdf\" target=\"_blank\" rel=\"noopener\"><img loading=\"lazy\" decoding=\"async\" width=\"807\" height=\"487\" data-attachment-id=\"29338\" data-permalink=\"https:\/\/michaelshof-sammatz.de\/blog\/press\/bildschirmfoto-2021-05-15-um-23-29-07\/\" data-orig-file=\"https:\/\/michaelshof-sammatz.de\/blog\/wp-content\/uploads\/2021\/05\/Bildschirmfoto-2021-05-15-um-23.29.07.png\" data-orig-size=\"807,487\" data-comments-opened=\"0\" data-image-meta=\"{&quot;aperture&quot;:&quot;0&quot;,&quot;credit&quot;:&quot;&quot;,&quot;camera&quot;:&quot;&quot;,&quot;caption&quot;:&quot;&quot;,&quot;created_timestamp&quot;:&quot;0&quot;,&quot;copyright&quot;:&quot;&quot;,&quot;focal_length&quot;:&quot;0&quot;,&quot;iso&quot;:&quot;0&quot;,&quot;shutter_speed&quot;:&quot;0&quot;,&quot;title&quot;:&quot;&quot;,&quot;orientation&quot;:&quot;0&quot;}\" data-image-title=\"Bildschirmfoto-2021-05-15-um-23.29.07\" data-image-description=\"\" data-image-caption=\"\" data-medium-file=\"https:\/\/michaelshof-sammatz.de\/blog\/wp-content\/uploads\/2021\/05\/Bildschirmfoto-2021-05-15-um-23.29.07-300x181.png\" data-large-file=\"https:\/\/michaelshof-sammatz.de\/blog\/wp-content\/uploads\/2021\/05\/Bildschirmfoto-2021-05-15-um-23.29.07.png\" tabindex=\"0\" role=\"button\" src=\"https:\/\/michaelshof-sammatz.de\/blog\/wp-content\/uploads\/2021\/05\/Bildschirmfoto-2021-05-15-um-23.29.07.png\" alt=\"\" class=\"wp-image-29338\" style=\"width:282px;height:170px\" srcset=\"https:\/\/michaelshof-sammatz.de\/blog\/wp-content\/uploads\/2021\/05\/Bildschirmfoto-2021-05-15-um-23.29.07.png 807w, https:\/\/michaelshof-sammatz.de\/blog\/wp-content\/uploads\/2021\/05\/Bildschirmfoto-2021-05-15-um-23.29.07-300x181.png 300w, https:\/\/michaelshof-sammatz.de\/blog\/wp-content\/uploads\/2021\/05\/Bildschirmfoto-2021-05-15-um-23.29.07-150x91.png 150w, https:\/\/michaelshof-sammatz.de\/blog\/wp-content\/uploads\/2021\/05\/Bildschirmfoto-2021-05-15-um-23.29.07-768x463.png 768w\" sizes=\"(max-width: 807px) 100vw, 807px\" \/><\/a><figcaption class=\"wp-element-caption\">Rosenzeit im Wendland<br><strong>GardenStyle<\/strong> (Mai\/Juni\/Juli 2021)<\/figcaption><\/figure>\n<\/div>\n\n\n\n<div class=\"wp-block-column is-layout-flow wp-block-column-is-layout-flow\">\n<figure class=\"wp-block-image size-large is-resized\"><a href=\"https:\/\/www.demeter.de\/journal\/50\/michaelshof\"><img loading=\"lazy\" decoding=\"async\" width=\"674\" height=\"478\" data-attachment-id=\"29459\" data-permalink=\"https:\/\/michaelshof-sammatz.de\/blog\/press\/bildschirmfoto-2021-06-01-um-19-11-13\/\" data-orig-file=\"https:\/\/michaelshof-sammatz.de\/blog\/wp-content\/uploads\/2021\/06\/Bildschirmfoto-2021-06-01-um-19.11.13.png\" data-orig-size=\"674,478\" data-comments-opened=\"0\" data-image-meta=\"{&quot;aperture&quot;:&quot;0&quot;,&quot;credit&quot;:&quot;&quot;,&quot;camera&quot;:&quot;&quot;,&quot;caption&quot;:&quot;&quot;,&quot;created_timestamp&quot;:&quot;0&quot;,&quot;copyright&quot;:&quot;&quot;,&quot;focal_length&quot;:&quot;0&quot;,&quot;iso&quot;:&quot;0&quot;,&quot;shutter_speed&quot;:&quot;0&quot;,&quot;title&quot;:&quot;&quot;,&quot;orientation&quot;:&quot;0&quot;}\" data-image-title=\"Bildschirmfoto-2021-06-01-um-19.11.13\" data-image-description=\"\" data-image-caption=\"\" data-medium-file=\"https:\/\/michaelshof-sammatz.de\/blog\/wp-content\/uploads\/2021\/06\/Bildschirmfoto-2021-06-01-um-19.11.13-300x213.png\" data-large-file=\"https:\/\/michaelshof-sammatz.de\/blog\/wp-content\/uploads\/2021\/06\/Bildschirmfoto-2021-06-01-um-19.11.13.png\" tabindex=\"0\" role=\"button\" src=\"https:\/\/michaelshof-sammatz.de\/blog\/wp-content\/uploads\/2021\/06\/Bildschirmfoto-2021-06-01-um-19.11.13.png\" alt=\"\" class=\"wp-image-29459\" style=\"width:239px;height:169px\" srcset=\"https:\/\/michaelshof-sammatz.de\/blog\/wp-content\/uploads\/2021\/06\/Bildschirmfoto-2021-06-01-um-19.11.13.png 674w, https:\/\/michaelshof-sammatz.de\/blog\/wp-content\/uploads\/2021\/06\/Bildschirmfoto-2021-06-01-um-19.11.13-300x213.png 300w, https:\/\/michaelshof-sammatz.de\/blog\/wp-content\/uploads\/2021\/06\/Bildschirmfoto-2021-06-01-um-19.11.13-150x106.png 150w\" sizes=\"(max-width: 674px) 100vw, 674px\" \/><\/a><figcaption class=\"wp-element-caption\">An Ort und St\u00e4lle <br><strong>Demeter Journal<\/strong> (1.6.2021)<\/figcaption><\/figure>\n<\/div>\n<\/div>\n\n\n\n<div class=\"wp-block-columns is-layout-flex wp-container-core-columns-is-layout-4 wp-block-columns-is-layout-flex\">\n<div class=\"wp-block-column is-layout-flow wp-block-column-is-layout-flow\">\n<figure class=\"wp-block-image size-large is-resized\"><a href=\"https:\/\/michaelshof-sammatz.de\/blog\/wp-content\/uploads\/2021\/07\/Generalanzeiger_Michaelshof-1.pdf\"><img loading=\"lazy\" decoding=\"async\" width=\"467\" height=\"342\" data-attachment-id=\"29747\" data-permalink=\"https:\/\/michaelshof-sammatz.de\/blog\/press\/bildschirmfoto-2021-07-05-um-11-00-13\/\" data-orig-file=\"https:\/\/michaelshof-sammatz.de\/blog\/wp-content\/uploads\/2021\/07\/Bildschirmfoto-2021-07-05-um-11.00.13.png\" data-orig-size=\"467,342\" data-comments-opened=\"0\" data-image-meta=\"{&quot;aperture&quot;:&quot;0&quot;,&quot;credit&quot;:&quot;&quot;,&quot;camera&quot;:&quot;&quot;,&quot;caption&quot;:&quot;&quot;,&quot;created_timestamp&quot;:&quot;0&quot;,&quot;copyright&quot;:&quot;&quot;,&quot;focal_length&quot;:&quot;0&quot;,&quot;iso&quot;:&quot;0&quot;,&quot;shutter_speed&quot;:&quot;0&quot;,&quot;title&quot;:&quot;&quot;,&quot;orientation&quot;:&quot;0&quot;}\" data-image-title=\"Bildschirmfoto-2021-07-05-um-11.00.13\" data-image-description=\"\" data-image-caption=\"\" data-medium-file=\"https:\/\/michaelshof-sammatz.de\/blog\/wp-content\/uploads\/2021\/07\/Bildschirmfoto-2021-07-05-um-11.00.13-300x220.png\" data-large-file=\"https:\/\/michaelshof-sammatz.de\/blog\/wp-content\/uploads\/2021\/07\/Bildschirmfoto-2021-07-05-um-11.00.13.png\" tabindex=\"0\" role=\"button\" src=\"https:\/\/michaelshof-sammatz.de\/blog\/wp-content\/uploads\/2021\/07\/Bildschirmfoto-2021-07-05-um-11.00.13.png\" alt=\"\" class=\"wp-image-29747\" style=\"width:233px;height:170px\" srcset=\"https:\/\/michaelshof-sammatz.de\/blog\/wp-content\/uploads\/2021\/07\/Bildschirmfoto-2021-07-05-um-11.00.13.png 467w, https:\/\/michaelshof-sammatz.de\/blog\/wp-content\/uploads\/2021\/07\/Bildschirmfoto-2021-07-05-um-11.00.13-300x220.png 300w, https:\/\/michaelshof-sammatz.de\/blog\/wp-content\/uploads\/2021\/07\/Bildschirmfoto-2021-07-05-um-11.00.13-150x110.png 150w\" sizes=\"(max-width: 467px) 100vw, 467px\" \/><\/a><figcaption class=\"wp-element-caption\">Hier kann ich sein wie ich will <strong>Generalanzeiger Dannenberg<\/strong> (13.6.2021)<\/figcaption><\/figure>\n<\/div>\n\n\n\n<div class=\"wp-block-column is-layout-flow wp-block-column-is-layout-flow\">\n<figure class=\"wp-block-image size-large is-resized\"><a href=\"https:\/\/michaelshof-sammatz.de\/blog\/hhno-michaelshof\/\" target=\"_blank\" rel=\"noopener\"><img loading=\"lazy\" decoding=\"async\" width=\"708\" height=\"499\" data-attachment-id=\"29749\" data-permalink=\"https:\/\/michaelshof-sammatz.de\/blog\/press\/bildschirmfoto-2021-07-05-um-12-14-48\/\" data-orig-file=\"https:\/\/michaelshof-sammatz.de\/blog\/wp-content\/uploads\/2021\/07\/Bildschirmfoto-2021-07-05-um-12.14.48.png\" data-orig-size=\"708,499\" data-comments-opened=\"0\" data-image-meta=\"{&quot;aperture&quot;:&quot;0&quot;,&quot;credit&quot;:&quot;&quot;,&quot;camera&quot;:&quot;&quot;,&quot;caption&quot;:&quot;&quot;,&quot;created_timestamp&quot;:&quot;0&quot;,&quot;copyright&quot;:&quot;&quot;,&quot;focal_length&quot;:&quot;0&quot;,&quot;iso&quot;:&quot;0&quot;,&quot;shutter_speed&quot;:&quot;0&quot;,&quot;title&quot;:&quot;&quot;,&quot;orientation&quot;:&quot;0&quot;}\" data-image-title=\"Bildschirmfoto-2021-07-05-um-12.14.48\" data-image-description=\"\" data-image-caption=\"\" data-medium-file=\"https:\/\/michaelshof-sammatz.de\/blog\/wp-content\/uploads\/2021\/07\/Bildschirmfoto-2021-07-05-um-12.14.48-300x211.png\" data-large-file=\"https:\/\/michaelshof-sammatz.de\/blog\/wp-content\/uploads\/2021\/07\/Bildschirmfoto-2021-07-05-um-12.14.48.png\" tabindex=\"0\" role=\"button\" src=\"https:\/\/michaelshof-sammatz.de\/blog\/wp-content\/uploads\/2021\/07\/Bildschirmfoto-2021-07-05-um-12.14.48.png\" alt=\"\" class=\"wp-image-29749\" style=\"width:236px;height:165px\" srcset=\"https:\/\/michaelshof-sammatz.de\/blog\/wp-content\/uploads\/2021\/07\/Bildschirmfoto-2021-07-05-um-12.14.48.png 708w, https:\/\/michaelshof-sammatz.de\/blog\/wp-content\/uploads\/2021\/07\/Bildschirmfoto-2021-07-05-um-12.14.48-300x211.png 300w, https:\/\/michaelshof-sammatz.de\/blog\/wp-content\/uploads\/2021\/07\/Bildschirmfoto-2021-07-05-um-12.14.48-150x106.png 150w\" sizes=\"(max-width: 708px) 100vw, 708px\" \/><\/a><figcaption class=\"wp-element-caption\">Ein kleines Paradies&#8230; <br><strong>Hamburg Nordost Magazin<\/strong> (Juli 2021)<\/figcaption><\/figure>\n<\/div>\n\n\n\n<div class=\"wp-block-column is-layout-flow wp-block-column-is-layout-flow\">\n<figure class=\"wp-block-image size-large is-resized\"><a href=\"https:\/\/michaelshof-sammatz.de\/blog\/wp-content\/uploads\/2021\/07\/ElbuferJuniScan.pdf\"><img loading=\"lazy\" decoding=\"async\" width=\"480\" height=\"347\" data-attachment-id=\"29760\" data-permalink=\"https:\/\/michaelshof-sammatz.de\/blog\/press\/bildschirmfoto-2021-07-05-um-22-50-46\/\" data-orig-file=\"https:\/\/michaelshof-sammatz.de\/blog\/wp-content\/uploads\/2021\/07\/Bildschirmfoto-2021-07-05-um-22.50.46.png\" data-orig-size=\"480,347\" data-comments-opened=\"0\" data-image-meta=\"{&quot;aperture&quot;:&quot;0&quot;,&quot;credit&quot;:&quot;&quot;,&quot;camera&quot;:&quot;&quot;,&quot;caption&quot;:&quot;&quot;,&quot;created_timestamp&quot;:&quot;0&quot;,&quot;copyright&quot;:&quot;&quot;,&quot;focal_length&quot;:&quot;0&quot;,&quot;iso&quot;:&quot;0&quot;,&quot;shutter_speed&quot;:&quot;0&quot;,&quot;title&quot;:&quot;&quot;,&quot;orientation&quot;:&quot;0&quot;}\" data-image-title=\"Bildschirmfoto-2021-07-05-um-22.50.46\" data-image-description=\"\" data-image-caption=\"\" data-medium-file=\"https:\/\/michaelshof-sammatz.de\/blog\/wp-content\/uploads\/2021\/07\/Bildschirmfoto-2021-07-05-um-22.50.46-300x217.png\" data-large-file=\"https:\/\/michaelshof-sammatz.de\/blog\/wp-content\/uploads\/2021\/07\/Bildschirmfoto-2021-07-05-um-22.50.46.png\" tabindex=\"0\" role=\"button\" src=\"https:\/\/michaelshof-sammatz.de\/blog\/wp-content\/uploads\/2021\/07\/Bildschirmfoto-2021-07-05-um-22.50.46.png\" alt=\"\" class=\"wp-image-29760\" style=\"width:223px;height:190px\" srcset=\"https:\/\/michaelshof-sammatz.de\/blog\/wp-content\/uploads\/2021\/07\/Bildschirmfoto-2021-07-05-um-22.50.46.png 480w, https:\/\/michaelshof-sammatz.de\/blog\/wp-content\/uploads\/2021\/07\/Bildschirmfoto-2021-07-05-um-22.50.46-300x217.png 300w, https:\/\/michaelshof-sammatz.de\/blog\/wp-content\/uploads\/2021\/07\/Bildschirmfoto-2021-07-05-um-22.50.46-150x108.png 150w\" sizes=\"(max-width: 480px) 100vw, 480px\" \/><\/a><figcaption class=\"wp-element-caption\">Wieviel Natur kann ein Siedlungsraum beherbergen? <strong>Elbufer Rundschau<\/strong> (15.6.2021)<\/figcaption><\/figure>\n<\/div>\n<\/div>\n\n\n\n<div class=\"wp-block-columns is-layout-flex wp-container-core-columns-is-layout-5 wp-block-columns-is-layout-flex\">\n<div class=\"wp-block-column is-layout-flow wp-block-column-is-layout-flow\">\n<figure class=\"wp-block-image size-large is-resized\"><a href=\"https:\/\/www.abendblatt.de\/region\/harburg-landkreis\/article232752363\/Ein-Tag-im-kleinen-Garten-Eden-an-der-Oberelbe.html\"><img loading=\"lazy\" decoding=\"async\" width=\"1024\" height=\"705\" data-attachment-id=\"29834\" data-permalink=\"https:\/\/michaelshof-sammatz.de\/blog\/press\/bildschirmfoto-2021-07-15-um-18-07-56-2-2\/\" data-orig-file=\"https:\/\/michaelshof-sammatz.de\/blog\/wp-content\/uploads\/2021\/07\/Bildschirmfoto-2021-07-15-um-18.07.56-2.png\" data-orig-size=\"1042,717\" data-comments-opened=\"0\" data-image-meta=\"{&quot;aperture&quot;:&quot;0&quot;,&quot;credit&quot;:&quot;&quot;,&quot;camera&quot;:&quot;&quot;,&quot;caption&quot;:&quot;&quot;,&quot;created_timestamp&quot;:&quot;0&quot;,&quot;copyright&quot;:&quot;&quot;,&quot;focal_length&quot;:&quot;0&quot;,&quot;iso&quot;:&quot;0&quot;,&quot;shutter_speed&quot;:&quot;0&quot;,&quot;title&quot;:&quot;&quot;,&quot;orientation&quot;:&quot;0&quot;}\" data-image-title=\"Bildschirmfoto-2021-07-15-um-18.07.56-2\" data-image-description=\"\" data-image-caption=\"\" data-medium-file=\"https:\/\/michaelshof-sammatz.de\/blog\/wp-content\/uploads\/2021\/07\/Bildschirmfoto-2021-07-15-um-18.07.56-2-300x206.png\" data-large-file=\"https:\/\/michaelshof-sammatz.de\/blog\/wp-content\/uploads\/2021\/07\/Bildschirmfoto-2021-07-15-um-18.07.56-2-1024x705.png\" tabindex=\"0\" role=\"button\" src=\"https:\/\/michaelshof-sammatz.de\/blog\/wp-content\/uploads\/2021\/07\/Bildschirmfoto-2021-07-15-um-18.07.56-2-1024x705.png\" alt=\"\" class=\"wp-image-29834\" style=\"width:256px;height:176px\" srcset=\"https:\/\/michaelshof-sammatz.de\/blog\/wp-content\/uploads\/2021\/07\/Bildschirmfoto-2021-07-15-um-18.07.56-2-1024x705.png 1024w, https:\/\/michaelshof-sammatz.de\/blog\/wp-content\/uploads\/2021\/07\/Bildschirmfoto-2021-07-15-um-18.07.56-2-300x206.png 300w, https:\/\/michaelshof-sammatz.de\/blog\/wp-content\/uploads\/2021\/07\/Bildschirmfoto-2021-07-15-um-18.07.56-2-150x103.png 150w, https:\/\/michaelshof-sammatz.de\/blog\/wp-content\/uploads\/2021\/07\/Bildschirmfoto-2021-07-15-um-18.07.56-2-768x528.png 768w, https:\/\/michaelshof-sammatz.de\/blog\/wp-content\/uploads\/2021\/07\/Bildschirmfoto-2021-07-15-um-18.07.56-2.png 1042w\" sizes=\"(max-width: 1024px) 100vw, 1024px\" \/><\/a><figcaption class=\"wp-element-caption\">Ein Tag im kleinen Garten Eden<br><strong>Hamburger Abendblatt<\/strong> (12.6.2021)<\/figcaption><\/figure>\n\n\n\n<figure class=\"wp-block-image size-full is-resized\"><a href=\"https:\/\/www.beatrice-nolte-stiftung.de\/?p=1316\" target=\"_blank\" rel=\"noopener\"><img loading=\"lazy\" decoding=\"async\" width=\"615\" height=\"332\" data-attachment-id=\"30256\" data-permalink=\"https:\/\/michaelshof-sammatz.de\/blog\/press\/bildschirmfoto-2021-11-15-um-11-22-43\/\" data-orig-file=\"https:\/\/michaelshof-sammatz.de\/blog\/wp-content\/uploads\/2021\/11\/Bildschirmfoto-2021-11-15-um-11.22.43.png\" data-orig-size=\"615,332\" data-comments-opened=\"0\" data-image-meta=\"{&quot;aperture&quot;:&quot;0&quot;,&quot;credit&quot;:&quot;&quot;,&quot;camera&quot;:&quot;&quot;,&quot;caption&quot;:&quot;&quot;,&quot;created_timestamp&quot;:&quot;0&quot;,&quot;copyright&quot;:&quot;&quot;,&quot;focal_length&quot;:&quot;0&quot;,&quot;iso&quot;:&quot;0&quot;,&quot;shutter_speed&quot;:&quot;0&quot;,&quot;title&quot;:&quot;&quot;,&quot;orientation&quot;:&quot;0&quot;}\" data-image-title=\"Bildschirmfoto-2021-11-15-um-11.22.43\" data-image-description=\"\" data-image-caption=\"\" data-medium-file=\"https:\/\/michaelshof-sammatz.de\/blog\/wp-content\/uploads\/2021\/11\/Bildschirmfoto-2021-11-15-um-11.22.43-300x162.png\" data-large-file=\"https:\/\/michaelshof-sammatz.de\/blog\/wp-content\/uploads\/2021\/11\/Bildschirmfoto-2021-11-15-um-11.22.43.png\" tabindex=\"0\" role=\"button\" src=\"https:\/\/michaelshof-sammatz.de\/blog\/wp-content\/uploads\/2021\/11\/Bildschirmfoto-2021-11-15-um-11.22.43.png\" alt=\"\" class=\"wp-image-30256\" style=\"width:260px;height:140px\" srcset=\"https:\/\/michaelshof-sammatz.de\/blog\/wp-content\/uploads\/2021\/11\/Bildschirmfoto-2021-11-15-um-11.22.43.png 615w, https:\/\/michaelshof-sammatz.de\/blog\/wp-content\/uploads\/2021\/11\/Bildschirmfoto-2021-11-15-um-11.22.43-300x162.png 300w, https:\/\/michaelshof-sammatz.de\/blog\/wp-content\/uploads\/2021\/11\/Bildschirmfoto-2021-11-15-um-11.22.43-150x81.png 150w\" sizes=\"(max-width: 615px) 100vw, 615px\" \/><\/a><figcaption class=\"wp-element-caption\">Umweltbildung zum Thema Wildbienen<br><strong>Beatrice Nolte Stiftung<\/strong> (15.11.2021)<\/figcaption><\/figure>\n\n\n\n<figure class=\"wp-block-image size-large is-resized\"><a href=\"https:\/\/michaelshof-sammatz.de\/blog\/wp-content\/uploads\/2022\/04\/Luechow-Dannenberg-09.-April-2022-3.pdf\" target=\"_blank\" rel=\"noopener\"><img loading=\"lazy\" decoding=\"async\" width=\"1024\" height=\"648\" data-attachment-id=\"30754\" data-permalink=\"https:\/\/michaelshof-sammatz.de\/blog\/press\/bildschirmfoto-2022-04-12-um-12-43-29\/\" data-orig-file=\"https:\/\/michaelshof-sammatz.de\/blog\/wp-content\/uploads\/2022\/04\/Bildschirmfoto-2022-04-12-um-12.43.29.png\" data-orig-size=\"1064,673\" data-comments-opened=\"0\" data-image-meta=\"{&quot;aperture&quot;:&quot;0&quot;,&quot;credit&quot;:&quot;&quot;,&quot;camera&quot;:&quot;&quot;,&quot;caption&quot;:&quot;&quot;,&quot;created_timestamp&quot;:&quot;0&quot;,&quot;copyright&quot;:&quot;&quot;,&quot;focal_length&quot;:&quot;0&quot;,&quot;iso&quot;:&quot;0&quot;,&quot;shutter_speed&quot;:&quot;0&quot;,&quot;title&quot;:&quot;&quot;,&quot;orientation&quot;:&quot;0&quot;}\" data-image-title=\"Bildschirmfoto-2022-04-12-um-12.43.29\" data-image-description=\"\" data-image-caption=\"\" data-medium-file=\"https:\/\/michaelshof-sammatz.de\/blog\/wp-content\/uploads\/2022\/04\/Bildschirmfoto-2022-04-12-um-12.43.29-300x190.png\" data-large-file=\"https:\/\/michaelshof-sammatz.de\/blog\/wp-content\/uploads\/2022\/04\/Bildschirmfoto-2022-04-12-um-12.43.29-1024x648.png\" tabindex=\"0\" role=\"button\" src=\"https:\/\/michaelshof-sammatz.de\/blog\/wp-content\/uploads\/2022\/04\/Bildschirmfoto-2022-04-12-um-12.43.29-1024x648.png\" alt=\"\" class=\"wp-image-30754\" style=\"width:260px;height:164px\" srcset=\"https:\/\/michaelshof-sammatz.de\/blog\/wp-content\/uploads\/2022\/04\/Bildschirmfoto-2022-04-12-um-12.43.29-1024x648.png 1024w, https:\/\/michaelshof-sammatz.de\/blog\/wp-content\/uploads\/2022\/04\/Bildschirmfoto-2022-04-12-um-12.43.29-300x190.png 300w, https:\/\/michaelshof-sammatz.de\/blog\/wp-content\/uploads\/2022\/04\/Bildschirmfoto-2022-04-12-um-12.43.29-150x95.png 150w, https:\/\/michaelshof-sammatz.de\/blog\/wp-content\/uploads\/2022\/04\/Bildschirmfoto-2022-04-12-um-12.43.29-768x486.png 768w, https:\/\/michaelshof-sammatz.de\/blog\/wp-content\/uploads\/2022\/04\/Bildschirmfoto-2022-04-12-um-12.43.29.png 1064w\" sizes=\"(max-width: 1024px) 100vw, 1024px\" \/><\/a><figcaption class=\"wp-element-caption\">Finde den Wert, den nur du hast!<br><strong>Generalanzeiger L\u00fcchow-Dannenberg<\/strong> (09.04.2022)<\/figcaption><\/figure>\n<\/div>\n\n\n\n<div class=\"wp-block-column is-layout-flow wp-block-column-is-layout-flow\">\n<figure class=\"wp-block-image size-large is-resized\"><a href=\"https:\/\/www.bne-portal.de\/en\/michaelshof-sammatz---international-social-sustainable-2915.html\"><img loading=\"lazy\" decoding=\"async\" width=\"1024\" height=\"635\" data-attachment-id=\"29835\" data-permalink=\"https:\/\/michaelshof-sammatz.de\/blog\/press\/bildschirmfoto-2021-07-15-um-18-02-28-3\/\" data-orig-file=\"https:\/\/michaelshof-sammatz.de\/blog\/wp-content\/uploads\/2021\/07\/Bildschirmfoto-2021-07-15-um-18.02.28-3.png\" data-orig-size=\"1307,810\" data-comments-opened=\"0\" data-image-meta=\"{&quot;aperture&quot;:&quot;0&quot;,&quot;credit&quot;:&quot;&quot;,&quot;camera&quot;:&quot;&quot;,&quot;caption&quot;:&quot;&quot;,&quot;created_timestamp&quot;:&quot;0&quot;,&quot;copyright&quot;:&quot;&quot;,&quot;focal_length&quot;:&quot;0&quot;,&quot;iso&quot;:&quot;0&quot;,&quot;shutter_speed&quot;:&quot;0&quot;,&quot;title&quot;:&quot;&quot;,&quot;orientation&quot;:&quot;0&quot;}\" data-image-title=\"Bildschirmfoto-2021-07-15-um-18.02.28-3\" data-image-description=\"\" data-image-caption=\"\" data-medium-file=\"https:\/\/michaelshof-sammatz.de\/blog\/wp-content\/uploads\/2021\/07\/Bildschirmfoto-2021-07-15-um-18.02.28-3-300x186.png\" data-large-file=\"https:\/\/michaelshof-sammatz.de\/blog\/wp-content\/uploads\/2021\/07\/Bildschirmfoto-2021-07-15-um-18.02.28-3-1024x635.png\" tabindex=\"0\" role=\"button\" src=\"https:\/\/michaelshof-sammatz.de\/blog\/wp-content\/uploads\/2021\/07\/Bildschirmfoto-2021-07-15-um-18.02.28-3-1024x635.png\" alt=\"\" class=\"wp-image-29835\" style=\"width:277px;height:171px\" srcset=\"https:\/\/michaelshof-sammatz.de\/blog\/wp-content\/uploads\/2021\/07\/Bildschirmfoto-2021-07-15-um-18.02.28-3-1024x635.png 1024w, https:\/\/michaelshof-sammatz.de\/blog\/wp-content\/uploads\/2021\/07\/Bildschirmfoto-2021-07-15-um-18.02.28-3-300x186.png 300w, https:\/\/michaelshof-sammatz.de\/blog\/wp-content\/uploads\/2021\/07\/Bildschirmfoto-2021-07-15-um-18.02.28-3-150x93.png 150w, https:\/\/michaelshof-sammatz.de\/blog\/wp-content\/uploads\/2021\/07\/Bildschirmfoto-2021-07-15-um-18.02.28-3-768x476.png 768w, https:\/\/michaelshof-sammatz.de\/blog\/wp-content\/uploads\/2021\/07\/Bildschirmfoto-2021-07-15-um-18.02.28-3.png 1307w\" sizes=\"(max-width: 1024px) 100vw, 1024px\" \/><\/a><figcaption class=\"wp-element-caption\">International. Social. Sustainable.<br><strong>BNE German Good Practice<\/strong> (13.7.2021)<\/figcaption><\/figure>\n\n\n\n<figure class=\"wp-block-image size-full is-resized\"><a href=\"https:\/\/www.ejz.de\/lokales\/lokales\/viel-mehr-menschen-in-sammatz-und-gamehlen_50_112127352-28.html\" target=\"_blank\" rel=\"noopener\"><img loading=\"lazy\" decoding=\"async\" width=\"799\" height=\"481\" data-attachment-id=\"30508\" data-permalink=\"https:\/\/michaelshof-sammatz.de\/blog\/press\/bildschirmfoto-2022-02-09-um-17-56-28\/\" data-orig-file=\"https:\/\/michaelshof-sammatz.de\/blog\/wp-content\/uploads\/2022\/02\/Bildschirmfoto-2022-02-09-um-17.56.28.png\" data-orig-size=\"799,481\" data-comments-opened=\"0\" data-image-meta=\"{&quot;aperture&quot;:&quot;0&quot;,&quot;credit&quot;:&quot;&quot;,&quot;camera&quot;:&quot;&quot;,&quot;caption&quot;:&quot;&quot;,&quot;created_timestamp&quot;:&quot;0&quot;,&quot;copyright&quot;:&quot;&quot;,&quot;focal_length&quot;:&quot;0&quot;,&quot;iso&quot;:&quot;0&quot;,&quot;shutter_speed&quot;:&quot;0&quot;,&quot;title&quot;:&quot;&quot;,&quot;orientation&quot;:&quot;0&quot;}\" data-image-title=\"Bildschirmfoto-2022-02-09-um-17.56.28\" data-image-description=\"\" data-image-caption=\"\" data-medium-file=\"https:\/\/michaelshof-sammatz.de\/blog\/wp-content\/uploads\/2022\/02\/Bildschirmfoto-2022-02-09-um-17.56.28-300x181.png\" data-large-file=\"https:\/\/michaelshof-sammatz.de\/blog\/wp-content\/uploads\/2022\/02\/Bildschirmfoto-2022-02-09-um-17.56.28.png\" tabindex=\"0\" role=\"button\" src=\"https:\/\/michaelshof-sammatz.de\/blog\/wp-content\/uploads\/2022\/02\/Bildschirmfoto-2022-02-09-um-17.56.28.png\" alt=\"\" class=\"wp-image-30508\" style=\"width:259px;height:155px\" srcset=\"https:\/\/michaelshof-sammatz.de\/blog\/wp-content\/uploads\/2022\/02\/Bildschirmfoto-2022-02-09-um-17.56.28.png 799w, https:\/\/michaelshof-sammatz.de\/blog\/wp-content\/uploads\/2022\/02\/Bildschirmfoto-2022-02-09-um-17.56.28-300x181.png 300w, https:\/\/michaelshof-sammatz.de\/blog\/wp-content\/uploads\/2022\/02\/Bildschirmfoto-2022-02-09-um-17.56.28-150x90.png 150w, https:\/\/michaelshof-sammatz.de\/blog\/wp-content\/uploads\/2022\/02\/Bildschirmfoto-2022-02-09-um-17.56.28-768x462.png 768w\" sizes=\"(max-width: 799px) 100vw, 799px\" \/><\/a><figcaption class=\"wp-element-caption\">Viel mehr Menschen in Sammatz und Gamehlen<br><strong>Elbe Jeetzel Zeitung<\/strong> (03.02.2022)<\/figcaption><\/figure>\n<\/div>\n\n\n\n<div class=\"wp-block-column is-layout-flow wp-block-column-is-layout-flow\">\n<figure class=\"wp-block-image size-full is-resized\"><a href=\"https:\/\/visitnortherngermany.de\/destination\/entschleunigen-und-kunst-und-kultur-geniessen-im-wendland\/\"><img loading=\"lazy\" decoding=\"async\" width=\"2438\" height=\"1410\" data-attachment-id=\"30023\" data-permalink=\"https:\/\/michaelshof-sammatz.de\/blog\/press\/bildschirmfoto-2021-08-26-um-16-06-13\/\" data-orig-file=\"https:\/\/michaelshof-sammatz.de\/blog\/wp-content\/uploads\/2021\/08\/Bildschirmfoto-2021-08-26-um-16.06.13.png\" data-orig-size=\"2438,1410\" data-comments-opened=\"0\" data-image-meta=\"{&quot;aperture&quot;:&quot;0&quot;,&quot;credit&quot;:&quot;&quot;,&quot;camera&quot;:&quot;&quot;,&quot;caption&quot;:&quot;&quot;,&quot;created_timestamp&quot;:&quot;0&quot;,&quot;copyright&quot;:&quot;&quot;,&quot;focal_length&quot;:&quot;0&quot;,&quot;iso&quot;:&quot;0&quot;,&quot;shutter_speed&quot;:&quot;0&quot;,&quot;title&quot;:&quot;&quot;,&quot;orientation&quot;:&quot;0&quot;}\" data-image-title=\"Bildschirmfoto-2021-08-26-um-16.06.13\" data-image-description=\"\" data-image-caption=\"\" data-medium-file=\"https:\/\/michaelshof-sammatz.de\/blog\/wp-content\/uploads\/2021\/08\/Bildschirmfoto-2021-08-26-um-16.06.13.png\" data-large-file=\"https:\/\/michaelshof-sammatz.de\/blog\/wp-content\/uploads\/2021\/08\/Bildschirmfoto-2021-08-26-um-16.06.13.png\" tabindex=\"0\" role=\"button\" src=\"https:\/\/michaelshof-sammatz.de\/blog\/wp-content\/uploads\/2021\/08\/Bildschirmfoto-2021-08-26-um-16.06.13.png\" alt=\"\" class=\"wp-image-30023\" style=\"width:257px;height:146px\"\/><\/a><figcaption class=\"wp-element-caption\">Viel mehr als nur ein Bauernhof. <strong>visitnortherngermany.de <\/strong> (25.8.2021)<\/figcaption><\/figure>\n\n\n\n<figure class=\"wp-block-image size-full is-resized\"><a href=\"https:\/\/www.bne-portal.de\/bne\/de\/news\/auszeichnung3.html\"><img loading=\"lazy\" decoding=\"async\" width=\"832\" height=\"475\" data-attachment-id=\"30729\" data-permalink=\"https:\/\/michaelshof-sammatz.de\/blog\/press\/bildschirmfoto-2022-04-06-um-09-43-48\/\" data-orig-file=\"https:\/\/michaelshof-sammatz.de\/blog\/wp-content\/uploads\/2022\/04\/Bildschirmfoto-2022-04-06-um-09.43.48.png\" data-orig-size=\"832,475\" data-comments-opened=\"0\" data-image-meta=\"{&quot;aperture&quot;:&quot;0&quot;,&quot;credit&quot;:&quot;&quot;,&quot;camera&quot;:&quot;&quot;,&quot;caption&quot;:&quot;&quot;,&quot;created_timestamp&quot;:&quot;0&quot;,&quot;copyright&quot;:&quot;&quot;,&quot;focal_length&quot;:&quot;0&quot;,&quot;iso&quot;:&quot;0&quot;,&quot;shutter_speed&quot;:&quot;0&quot;,&quot;title&quot;:&quot;&quot;,&quot;orientation&quot;:&quot;0&quot;}\" data-image-title=\"Bildschirmfoto-2022-04-06-um-09.43.48\" data-image-description=\"\" data-image-caption=\"\" data-medium-file=\"https:\/\/michaelshof-sammatz.de\/blog\/wp-content\/uploads\/2022\/04\/Bildschirmfoto-2022-04-06-um-09.43.48-300x171.png\" data-large-file=\"https:\/\/michaelshof-sammatz.de\/blog\/wp-content\/uploads\/2022\/04\/Bildschirmfoto-2022-04-06-um-09.43.48.png\" tabindex=\"0\" role=\"button\" src=\"https:\/\/michaelshof-sammatz.de\/blog\/wp-content\/uploads\/2022\/04\/Bildschirmfoto-2022-04-06-um-09.43.48.png\" alt=\"\" class=\"wp-image-30729\" style=\"width:222px;height:128px\" srcset=\"https:\/\/michaelshof-sammatz.de\/blog\/wp-content\/uploads\/2022\/04\/Bildschirmfoto-2022-04-06-um-09.43.48.png 832w, https:\/\/michaelshof-sammatz.de\/blog\/wp-content\/uploads\/2022\/04\/Bildschirmfoto-2022-04-06-um-09.43.48-300x171.png 300w, https:\/\/michaelshof-sammatz.de\/blog\/wp-content\/uploads\/2022\/04\/Bildschirmfoto-2022-04-06-um-09.43.48-150x86.png 150w, https:\/\/michaelshof-sammatz.de\/blog\/wp-content\/uploads\/2022\/04\/Bildschirmfoto-2022-04-06-um-09.43.48-768x438.png 768w\" sizes=\"(max-width: 832px) 100vw, 832px\" \/><\/a><figcaption class=\"wp-element-caption\">Ausgezeichnet: 29 Bildungsinitiativen<br><strong>BNE-Portal <\/strong> (30.08.2021)<\/figcaption><\/figure>\n<\/div>\n<\/div>\n\n\n\n<div class=\"wp-block-columns is-layout-flex wp-container-core-columns-is-layout-6 wp-block-columns-is-layout-flex\">\n<div class=\"wp-block-column is-layout-flow wp-block-column-is-layout-flow\"><\/div>\n\n\n\n<div class=\"wp-block-column is-layout-flow wp-block-column-is-layout-flow\"><\/div>\n\n\n\n<div class=\"wp-block-column is-layout-flow wp-block-column-is-layout-flow\"><\/div>\n<\/div>\n\n\n\n<p><\/p><p><\/p>\n<h3>Ansprechpartnerinnen Presse<\/h3><p><\/p>\n\n\n\n<p>Du bist Journalist*in und m\u00f6chtest \u00fcber den Michaelshof berichten? Informationen, Bildmaterial oder einen Besuchstermin bekommst du bei unserem Presse-Trio:<\/p>\n\n\n\n<div class=\"wp-block-columns is-layout-flex wp-container-core-columns-is-layout-7 wp-block-columns-is-layout-flex\">\n<div class=\"wp-block-column is-layout-flow wp-block-column-is-layout-flow\">\n<figure class=\"wp-block-image size-large is-resized\"><img loading=\"lazy\" decoding=\"async\" width=\"672\" height=\"673\" data-attachment-id=\"29358\" data-permalink=\"https:\/\/michaelshof-sammatz.de\/blog\/lou5-4\/\" data-orig-file=\"https:\/\/michaelshof-sammatz.de\/blog\/wp-content\/uploads\/2021\/05\/lou5-edited-2.jpg\" data-orig-size=\"672,673\" data-comments-opened=\"0\" data-image-meta=\"{&quot;aperture&quot;:&quot;0&quot;,&quot;credit&quot;:&quot;&quot;,&quot;camera&quot;:&quot;&quot;,&quot;caption&quot;:&quot;&quot;,&quot;created_timestamp&quot;:&quot;0&quot;,&quot;copyright&quot;:&quot;&quot;,&quot;focal_length&quot;:&quot;0&quot;,&quot;iso&quot;:&quot;0&quot;,&quot;shutter_speed&quot;:&quot;0&quot;,&quot;title&quot;:&quot;&quot;,&quot;orientation&quot;:&quot;1&quot;}\" data-image-title=\"lou5\" data-image-description=\"\" data-image-caption=\"\" data-medium-file=\"https:\/\/michaelshof-sammatz.de\/blog\/wp-content\/uploads\/2021\/05\/lou5-edited-2-300x300.jpg\" data-large-file=\"https:\/\/michaelshof-sammatz.de\/blog\/wp-content\/uploads\/2021\/05\/lou5-edited-2.jpg\" tabindex=\"0\" role=\"button\" src=\"https:\/\/michaelshof-sammatz.de\/blog\/wp-content\/uploads\/2021\/05\/lou5-edited-2.jpg\" alt=\"\" class=\"wp-image-29358\" style=\"width:193px;height:193px\" srcset=\"https:\/\/michaelshof-sammatz.de\/blog\/wp-content\/uploads\/2021\/05\/lou5-edited-2.jpg 672w, https:\/\/michaelshof-sammatz.de\/blog\/wp-content\/uploads\/2021\/05\/lou5-edited-2-300x300.jpg 300w, https:\/\/michaelshof-sammatz.de\/blog\/wp-content\/uploads\/2021\/05\/lou5-edited-2-150x150.jpg 150w, https:\/\/michaelshof-sammatz.de\/blog\/wp-content\/uploads\/2021\/05\/lou5-edited-2-550x550.jpg 550w\" sizes=\"(max-width: 672px) 100vw, 672px\" \/><figcaption class=\"wp-element-caption\">Sara Lou Theves<\/figcaption><\/figure>\n<\/div>\n\n\n\n<div class=\"wp-block-column is-layout-flow wp-block-column-is-layout-flow\">\n<figure class=\"wp-block-image size-large is-resized\"><img loading=\"lazy\" decoding=\"async\" width=\"900\" height=\"900\" data-attachment-id=\"28786\" data-permalink=\"https:\/\/michaelshof-sammatz.de\/blog\/anna-2\/\" data-orig-file=\"https:\/\/michaelshof-sammatz.de\/blog\/wp-content\/uploads\/2021\/03\/Anna.jpg\" data-orig-size=\"900,900\" data-comments-opened=\"0\" data-image-meta=\"{&quot;aperture&quot;:&quot;0&quot;,&quot;credit&quot;:&quot;&quot;,&quot;camera&quot;:&quot;&quot;,&quot;caption&quot;:&quot;&quot;,&quot;created_timestamp&quot;:&quot;0&quot;,&quot;copyright&quot;:&quot;&quot;,&quot;focal_length&quot;:&quot;0&quot;,&quot;iso&quot;:&quot;0&quot;,&quot;shutter_speed&quot;:&quot;0&quot;,&quot;title&quot;:&quot;&quot;,&quot;orientation&quot;:&quot;0&quot;}\" data-image-title=\"Anna\" data-image-description=\"\" data-image-caption=\"\" data-medium-file=\"https:\/\/michaelshof-sammatz.de\/blog\/wp-content\/uploads\/2021\/03\/Anna-300x300.jpg\" data-large-file=\"https:\/\/michaelshof-sammatz.de\/blog\/wp-content\/uploads\/2021\/03\/Anna.jpg\" tabindex=\"0\" role=\"button\" src=\"https:\/\/michaelshof-sammatz.de\/blog\/wp-content\/uploads\/2021\/03\/Anna.jpg\" alt=\"\" class=\"wp-image-28786\" style=\"width:192px;height:192px\" srcset=\"https:\/\/michaelshof-sammatz.de\/blog\/wp-content\/uploads\/2021\/03\/Anna.jpg 900w, https:\/\/michaelshof-sammatz.de\/blog\/wp-content\/uploads\/2021\/03\/Anna-300x300.jpg 300w, https:\/\/michaelshof-sammatz.de\/blog\/wp-content\/uploads\/2021\/03\/Anna-150x150.jpg 150w, https:\/\/michaelshof-sammatz.de\/blog\/wp-content\/uploads\/2021\/03\/Anna-768x768.jpg 768w, https:\/\/michaelshof-sammatz.de\/blog\/wp-content\/uploads\/2021\/03\/Anna-550x550.jpg 550w\" sizes=\"(max-width: 900px) 100vw, 900px\" \/><figcaption class=\"wp-element-caption\">Anna Schilling<\/figcaption><\/figure>\n\n\n\n<p><\/p>\n<\/div>\n\n\n\n<div class=\"wp-block-column is-layout-flow wp-block-column-is-layout-flow\">\n<figure class=\"wp-block-image size-large is-resized\"><img loading=\"lazy\" decoding=\"async\" width=\"900\" height=\"900\" data-attachment-id=\"28776\" data-permalink=\"https:\/\/michaelshof-sammatz.de\/blog\/hannah-2\/\" data-orig-file=\"https:\/\/michaelshof-sammatz.de\/blog\/wp-content\/uploads\/2021\/03\/Hannah.jpg\" data-orig-size=\"900,900\" data-comments-opened=\"0\" data-image-meta=\"{&quot;aperture&quot;:&quot;0&quot;,&quot;credit&quot;:&quot;&quot;,&quot;camera&quot;:&quot;&quot;,&quot;caption&quot;:&quot;&quot;,&quot;created_timestamp&quot;:&quot;0&quot;,&quot;copyright&quot;:&quot;&quot;,&quot;focal_length&quot;:&quot;0&quot;,&quot;iso&quot;:&quot;0&quot;,&quot;shutter_speed&quot;:&quot;0&quot;,&quot;title&quot;:&quot;&quot;,&quot;orientation&quot;:&quot;0&quot;}\" data-image-title=\"Hannah\" data-image-description=\"\" data-image-caption=\"\" data-medium-file=\"https:\/\/michaelshof-sammatz.de\/blog\/wp-content\/uploads\/2021\/03\/Hannah-300x300.jpg\" data-large-file=\"https:\/\/michaelshof-sammatz.de\/blog\/wp-content\/uploads\/2021\/03\/Hannah.jpg\" tabindex=\"0\" role=\"button\" src=\"https:\/\/michaelshof-sammatz.de\/blog\/wp-content\/uploads\/2021\/03\/Hannah.jpg\" alt=\"\" class=\"wp-image-28776\" style=\"width:191px;height:191px\" srcset=\"https:\/\/michaelshof-sammatz.de\/blog\/wp-content\/uploads\/2021\/03\/Hannah.jpg 900w, https:\/\/michaelshof-sammatz.de\/blog\/wp-content\/uploads\/2021\/03\/Hannah-300x300.jpg 300w, https:\/\/michaelshof-sammatz.de\/blog\/wp-content\/uploads\/2021\/03\/Hannah-150x150.jpg 150w, https:\/\/michaelshof-sammatz.de\/blog\/wp-content\/uploads\/2021\/03\/Hannah-768x768.jpg 768w, https:\/\/michaelshof-sammatz.de\/blog\/wp-content\/uploads\/2021\/03\/Hannah-550x550.jpg 550w\" sizes=\"(max-width: 900px) 100vw, 900px\" \/><figcaption class=\"wp-element-caption\">Hannah J\u00fclich<\/figcaption><\/figure>\n<\/div>\n<\/div>\n\n\n\n<p><strong>Schicke alle deine Anfragen gerne an:<\/strong><\/p>\n\n\n\n<p>Michaelshof, Im Dorfe 11<br>29490 Neu Darchau OT Sammatz<\/p>\n\n\n\n<p>Tel: 0585897030<br>E-Mail: <a rel=\"noreferrer noopener\" href=\"mailto:pressestelle@sammatz.de\" target=\"_blank\">pressestelle@sammatz.de<\/a><br>Internet: <a href=\"https:\/\/michaelshof-sammatz.de\/\">https:\/\/michaelshof-sammatz.de<\/a><\/p>\n\n\n\n<div style=\"height:100px\" aria-hidden=\"true\" class=\"wp-block-spacer\"><\/div>\n\n\n\n<p><\/p><p><\/p>\n<h3>Unser Pressesprecher f\u00fcr euch<\/h3><p><\/p>\n\n\n\n<div class=\"wp-block-columns is-layout-flex wp-container-core-columns-is-layout-8 wp-block-columns-is-layout-flex\">\n<div class=\"wp-block-column is-layout-flow wp-block-column-is-layout-flow\"><div class=\"wp-block-image\">\n<figure class=\"alignleft size-large is-resized\"><img loading=\"lazy\" decoding=\"async\" width=\"500\" height=\"733\" data-attachment-id=\"27980\" data-permalink=\"https:\/\/michaelshof-sammatz.de\/blog\/pressesprechermichaelshof2\/\" data-orig-file=\"https:\/\/michaelshof-sammatz.de\/blog\/wp-content\/uploads\/2021\/01\/PressesprecherMichaelshof2.jpg\" data-orig-size=\"500,733\" data-comments-opened=\"0\" data-image-meta=\"{&quot;aperture&quot;:&quot;0&quot;,&quot;credit&quot;:&quot;&quot;,&quot;camera&quot;:&quot;&quot;,&quot;caption&quot;:&quot;&quot;,&quot;created_timestamp&quot;:&quot;0&quot;,&quot;copyright&quot;:&quot;&quot;,&quot;focal_length&quot;:&quot;0&quot;,&quot;iso&quot;:&quot;0&quot;,&quot;shutter_speed&quot;:&quot;0&quot;,&quot;title&quot;:&quot;&quot;,&quot;orientation&quot;:&quot;0&quot;}\" data-image-title=\"PressesprecherMichaelshof2\" data-image-description=\"\" data-image-caption=\"\" data-medium-file=\"https:\/\/michaelshof-sammatz.de\/blog\/wp-content\/uploads\/2021\/01\/PressesprecherMichaelshof2-205x300.jpg\" data-large-file=\"https:\/\/michaelshof-sammatz.de\/blog\/wp-content\/uploads\/2021\/01\/PressesprecherMichaelshof2.jpg\" tabindex=\"0\" role=\"button\" src=\"https:\/\/michaelshof-sammatz.de\/blog\/wp-content\/uploads\/2021\/01\/PressesprecherMichaelshof2.jpg\" alt=\"\" class=\"wp-image-27980\" style=\"width:156px;height:228px\" srcset=\"https:\/\/michaelshof-sammatz.de\/blog\/wp-content\/uploads\/2021\/01\/PressesprecherMichaelshof2.jpg 500w, https:\/\/michaelshof-sammatz.de\/blog\/wp-content\/uploads\/2021\/01\/PressesprecherMichaelshof2-205x300.jpg 205w, https:\/\/michaelshof-sammatz.de\/blog\/wp-content\/uploads\/2021\/01\/PressesprecherMichaelshof2-102x150.jpg 102w\" sizes=\"(max-width: 500px) 100vw, 500px\" \/><figcaption class=\"wp-element-caption\">Felix Drossel<\/figcaption><\/figure><\/div><\/div>\n\n\n\n<div class=\"wp-block-column is-layout-flow wp-block-column-is-layout-flow\"><\/div>\n\n\n\n<div class=\"wp-block-column is-layout-flow wp-block-column-is-layout-flow\"><\/div>\n<\/div>\n\n\n\n<p><\/p>\n","protected":false},"excerpt":{"rendered":"<p>Pressespiegel Hier findet ihr einige Berichte \u00fcber den Michaelshof in Zeitungen oder im Internet. Viel Spa\u00df beim Lesen! Der Arche-Hof Sammatz und die Sammatzer G\u00e4rtenPettmann Blog (22.6.2020) Fast zu sch\u00f6n, um wahr zu seinHannoversche Allgemeine (4.8.2020) Die Elbe ist das ZielSpiegel Online (23.9.2020) Die Neuen vom Arche-HofNDR doku (30.11.2020) Ansprechpartnerinnen Presse Du bist Journalist*in und [&hellip;]<\/p>\n","protected":false},"author":1,"featured_media":0,"parent":0,"menu_order":0,"comment_status":"closed","ping_status":"closed","template":"","meta":{"footnotes":""},"class_list":["post-27938","page","type-page","status-publish","hentry"],"jetpack_sharing_enabled":true,"jetpack_shortlink":"https:\/\/wp.me\/PaQBcD-7gC","jetpack-related-posts":[],"_links":{"self":[{"href":"https:\/\/michaelshof-sammatz.de\/blog\/wp-json\/wp\/v2\/pages\/27938"}],"collection":[{"href":"https:\/\/michaelshof-sammatz.de\/blog\/wp-json\/wp\/v2\/pages"}],"about":[{"href":"https:\/\/michaelshof-sammatz.de\/blog\/wp-json\/wp\/v2\/types\/page"}],"author":[{"embeddable":true,"href":"https:\/\/michaelshof-sammatz.de\/blog\/wp-json\/wp\/v2\/users\/1"}],"replies":[{"embeddable":true,"href":"https:\/\/michaelshof-sammatz.de\/blog\/wp-json\/wp\/v2\/comments?post=27938"}],"version-history":[{"count":60,"href":"https:\/\/michaelshof-sammatz.de\/blog\/wp-json\/wp\/v2\/pages\/27938\/revisions"}],"predecessor-version":[{"id":32402,"href":"https:\/\/michaelshof-sammatz.de\/blog\/wp-json\/wp\/v2\/pages\/27938\/revisions\/32402"}],"wp:attachment":[{"href":"https:\/\/michaelshof-sammatz.de\/blog\/wp-json\/wp\/v2\/media?parent=27938"}],"curies":[{"name":"wp","href":"https:\/\/api.w.org\/{rel}","templated":true}]}}