

{"id":2843,"date":"2019-02-14T06:54:37","date_gmt":"2019-02-14T05:54:37","guid":{"rendered":"http:\/\/michaelshof-campus.com\/blog\/?page_id=2843"},"modified":"2020-03-23T00:08:44","modified_gmt":"2020-03-22T23:08:44","slug":"what-is-an-archehof","status":"publish","type":"page","link":"https:\/\/michaelshof-sammatz.de\/blog\/en\/archehof-english\/what-is-an-archehof\/","title":{"rendered":"Arche-Hof | What is an Arche-Hof?\ufeff"},"content":{"rendered":"\n<h1 class=\"wp-block-heading\">What is an Arche-Hof?\ufeff<\/h1>\n\n\n\n<div style=\"height:85px\" aria-hidden=\"true\" class=\"wp-block-spacer\"><\/div>\n\n\n\n<figure class=\"wp-block-image pageTeaerImage\"><img fetchpriority=\"high\" decoding=\"async\" width=\"554\" height=\"282\" data-attachment-id=\"1767\" data-permalink=\"https:\/\/michaelshof-sammatz.de\/blog\/archehof\/was-ist-ein-archehof\/wasisarch1\/\" data-orig-file=\"https:\/\/michaelshof-sammatz.de\/blog\/wp-content\/uploads\/2019\/01\/wasisarch1.jpg\" data-orig-size=\"554,282\" data-comments-opened=\"0\" data-image-meta=\"{&quot;aperture&quot;:&quot;0&quot;,&quot;credit&quot;:&quot;&quot;,&quot;camera&quot;:&quot;&quot;,&quot;caption&quot;:&quot;&quot;,&quot;created_timestamp&quot;:&quot;0&quot;,&quot;copyright&quot;:&quot;&quot;,&quot;focal_length&quot;:&quot;0&quot;,&quot;iso&quot;:&quot;0&quot;,&quot;shutter_speed&quot;:&quot;0&quot;,&quot;title&quot;:&quot;&quot;,&quot;orientation&quot;:&quot;0&quot;}\" data-image-title=\"Arche-Hof Ziege\" data-image-description=\"\" data-image-caption=\"\" data-medium-file=\"https:\/\/michaelshof-sammatz.de\/blog\/wp-content\/uploads\/2019\/01\/wasisarch1-300x153.jpg\" data-large-file=\"https:\/\/michaelshof-sammatz.de\/blog\/wp-content\/uploads\/2019\/01\/wasisarch1.jpg\" tabindex=\"0\" role=\"button\" src=\"https:\/\/michaelshof-sammatz.de\/blog\/wp-content\/uploads\/2019\/01\/wasisarch1.jpg\" alt=\"Goats in nature\" class=\"wp-image-1767\" srcset=\"https:\/\/michaelshof-sammatz.de\/blog\/wp-content\/uploads\/2019\/01\/wasisarch1.jpg 554w, https:\/\/michaelshof-sammatz.de\/blog\/wp-content\/uploads\/2019\/01\/wasisarch1-300x153.jpg 300w\" sizes=\"(max-width: 554px) 100vw, 554px\" \/><\/figure>\n\n\n\n<div style=\"height:35px\" aria-hidden=\"true\" class=\"wp-block-spacer\"><\/div>\n\n\n\n\n\n\n\n<div style=\"height:50px\" aria-hidden=\"true\" class=\"wp-block-spacer\"><\/div>\n\n\n\n<div class=\"tab\">\n  <button class=\"tablinks seventh lightblue\" onclick=\"openCity(event, 'Kuhe')\">Cows<\/button>\n  <button class=\"tablinks seventh pink\" onclick=\"openCity(event, 'Schweine')\">Pigs<\/button>\n  <button class=\"tablinks seventh darkblue\" onclick=\"openCity(event, 'Ziegen')\">Goats<\/button>\n <button class=\"tablinks seventh lightblue\" onclick=\"openCity(event, 'Schafe')\">Sheep<\/button>\n <button class=\"tablinks seventh pink\" onclick=\"openCity(event, 'Gefl\u00fcgel')\">Fowl<\/button>\n <button class=\"tablinks seventh darkblue\" onclick=\"openCity(event, 'Esel')\">Donkeys<\/button>\n <button class=\"tablinks seventh fullonmobile lightblue\" onclick=\"openCity(event, 'Pferde')\">Horses<\/button>\n<\/div>\n\n<!-- Spenden Tab -->\n<div id=\"Kuhe\" class=\"tabcontent\">\n <span onclick=\"this.parentElement.style.display='none'\" class=\"topright\">&times;<\/span>\n\n\n\n<p><strong>Deutsches Rotvieh\/Angler or German Red Cattle<\/strong><\/p>\n\n\n\n<p>Some say the Deutsches Rotvieh\/Angler or German Red Cattle have existed in these areas for over 5000 years. They were first mentioned in writing around 1600 and have remained a popular breed due to the quantity of their milk yield, and the quality of their milk proteins. Not to mention their natural red beauty which seems to stand as a contrast to the green rolling pastures of Lower Saxony, as well as a fine match for the traditional red architecture of the area.<\/p>\n\n\n\n<div style=\"height:30px\" aria-hidden=\"true\" class=\"wp-block-spacer\"><\/div>\n\n\n\n<div class=\"row\">\n<div class=\"col-md-6\">\n\n\n\n<figure class=\"wp-block-image\"><img decoding=\"async\" width=\"389\" height=\"246\" data-attachment-id=\"1714\" data-permalink=\"https:\/\/michaelshof-sammatz.de\/blog\/archehof\/was-ist-ein-archehof\/cows-2\/\" data-orig-file=\"https:\/\/michaelshof-sammatz.de\/blog\/wp-content\/uploads\/2019\/01\/cows-2.jpg\" data-orig-size=\"389,246\" data-comments-opened=\"0\" data-image-meta=\"{&quot;aperture&quot;:&quot;0&quot;,&quot;credit&quot;:&quot;&quot;,&quot;camera&quot;:&quot;&quot;,&quot;caption&quot;:&quot;&quot;,&quot;created_timestamp&quot;:&quot;0&quot;,&quot;copyright&quot;:&quot;&quot;,&quot;focal_length&quot;:&quot;0&quot;,&quot;iso&quot;:&quot;0&quot;,&quot;shutter_speed&quot;:&quot;0&quot;,&quot;title&quot;:&quot;&quot;,&quot;orientation&quot;:&quot;0&quot;}\" data-image-title=\"cows-2\" data-image-description=\"\" data-image-caption=\"\" data-medium-file=\"https:\/\/michaelshof-sammatz.de\/blog\/wp-content\/uploads\/2019\/01\/cows-2-300x190.jpg\" data-large-file=\"https:\/\/michaelshof-sammatz.de\/blog\/wp-content\/uploads\/2019\/01\/cows-2.jpg\" tabindex=\"0\" role=\"button\" src=\"http:\/\/michaelshof-sammatz.de\/blog\/wp-content\/uploads\/2019\/01\/cows-2.jpg\" alt=\"\" class=\"wp-image-1714\" srcset=\"https:\/\/michaelshof-sammatz.de\/blog\/wp-content\/uploads\/2019\/01\/cows-2.jpg 389w, https:\/\/michaelshof-sammatz.de\/blog\/wp-content\/uploads\/2019\/01\/cows-2-300x190.jpg 300w\" sizes=\"(max-width: 389px) 100vw, 389px\" \/><\/figure>\n\n\n\n<p style=\"font-size:18px\"><strong>Galina, the head Cow<\/strong><\/p>\n\n\n\n<p>Galina is the self-proclaimed leader of her herd of cows, a lady of significant stature, and the bossiest beast of the lot. She can been seen daily at the front of the herd on their walks to the field in the morning and back to the stables in the afternoon. She is the one being guided by rope, although she puts up somewhat of a resistance when she can, pulling the worker in the director on different trees or scattered apples that catch her eye.  <\/p>\n\n\n\n<figure class=\"wp-block-image\"><img decoding=\"async\" width=\"360\" height=\"301\" data-attachment-id=\"3407\" data-permalink=\"https:\/\/michaelshof-sammatz.de\/blog\/en\/archehof-english\/what-is-an-archehof\/cow2\/\" data-orig-file=\"https:\/\/michaelshof-sammatz.de\/blog\/wp-content\/uploads\/2019\/02\/cow2.jpg\" data-orig-size=\"360,301\" data-comments-opened=\"0\" data-image-meta=\"{&quot;aperture&quot;:&quot;0&quot;,&quot;credit&quot;:&quot;&quot;,&quot;camera&quot;:&quot;&quot;,&quot;caption&quot;:&quot;&quot;,&quot;created_timestamp&quot;:&quot;0&quot;,&quot;copyright&quot;:&quot;&quot;,&quot;focal_length&quot;:&quot;0&quot;,&quot;iso&quot;:&quot;0&quot;,&quot;shutter_speed&quot;:&quot;0&quot;,&quot;title&quot;:&quot;&quot;,&quot;orientation&quot;:&quot;0&quot;}\" data-image-title=\"cow2\" data-image-description=\"\" data-image-caption=\"\" data-medium-file=\"https:\/\/michaelshof-sammatz.de\/blog\/wp-content\/uploads\/2019\/02\/cow2-300x251.jpg\" data-large-file=\"https:\/\/michaelshof-sammatz.de\/blog\/wp-content\/uploads\/2019\/02\/cow2.jpg\" tabindex=\"0\" role=\"button\" src=\"http:\/\/michaelshof-sammatz.de\/blog\/wp-content\/uploads\/2019\/02\/cow2.jpg\" alt=\"\" class=\"wp-image-3407\" srcset=\"https:\/\/michaelshof-sammatz.de\/blog\/wp-content\/uploads\/2019\/02\/cow2.jpg 360w, https:\/\/michaelshof-sammatz.de\/blog\/wp-content\/uploads\/2019\/02\/cow2-300x251.jpg 300w\" sizes=\"(max-width: 360px) 100vw, 360px\" \/><\/figure>\n\n\n\n<p>Each day is a battle against the flies that hang around her face, and she spends a great amount of her time on the field whipping her head against her side to rid herself of the insect annoyance. The rest of her time is spent grazing the grass, drinking water, or mounting the backs of her fellow female Cows \u2013 in a display of dominance.  <br><\/p>\n\n\n\n<p>Occasionally other cows will attempt to usurp the lead position in the herd, but they do not take this place for long. A rush with her horns puts any lower ranking Cow back in their place, and they will sure not make the mistake of challenging the mighty Galina\u2019s dominance again.<\/p>\n\n\n\n<div class=\"wp-block-image\"><figure class=\"alignright is-resized\"><img loading=\"lazy\" decoding=\"async\" data-attachment-id=\"1711\" data-permalink=\"https:\/\/michaelshof-sammatz.de\/blog\/archehof\/was-ist-ein-archehof\/cows-4\/\" data-orig-file=\"https:\/\/michaelshof-sammatz.de\/blog\/wp-content\/uploads\/2019\/01\/cows-4.jpg\" data-orig-size=\"356,529\" data-comments-opened=\"0\" data-image-meta=\"{&quot;aperture&quot;:&quot;0&quot;,&quot;credit&quot;:&quot;&quot;,&quot;camera&quot;:&quot;&quot;,&quot;caption&quot;:&quot;&quot;,&quot;created_timestamp&quot;:&quot;0&quot;,&quot;copyright&quot;:&quot;&quot;,&quot;focal_length&quot;:&quot;0&quot;,&quot;iso&quot;:&quot;0&quot;,&quot;shutter_speed&quot;:&quot;0&quot;,&quot;title&quot;:&quot;&quot;,&quot;orientation&quot;:&quot;0&quot;}\" data-image-title=\"cows-4\" data-image-description=\"\" data-image-caption=\"\" data-medium-file=\"https:\/\/michaelshof-sammatz.de\/blog\/wp-content\/uploads\/2019\/01\/cows-4-202x300.jpg\" data-large-file=\"https:\/\/michaelshof-sammatz.de\/blog\/wp-content\/uploads\/2019\/01\/cows-4.jpg\" tabindex=\"0\" role=\"button\" src=\"http:\/\/michaelshof-sammatz.de\/blog\/wp-content\/uploads\/2019\/01\/cows-4.jpg\" alt=\"\" class=\"wp-image-1711\" width=\"298\" height=\"443\" srcset=\"https:\/\/michaelshof-sammatz.de\/blog\/wp-content\/uploads\/2019\/01\/cows-4.jpg 356w, https:\/\/michaelshof-sammatz.de\/blog\/wp-content\/uploads\/2019\/01\/cows-4-300x446.jpg 300w, https:\/\/michaelshof-sammatz.de\/blog\/wp-content\/uploads\/2019\/01\/cows-4-202x300.jpg 202w\" sizes=\"(max-width: 298px) 100vw, 298px\" \/><\/figure><\/div>\n\n\n\n<\/div>\n<div class=\"col-md-6\">\n\n\n\n<p style=\"font-size:18px\"><strong>Tony the Bull\ufeff<\/strong><\/p>\n\n\n\n<p>If Tony the Bull could talk, he would probably say something such as this: \u201cTony love Potato. Tony love his food. Tony want potato and power food. Give Tony food. Where are Tony\u2019s cow friends? Mooooooooo.\u201d <\/p>\n\n\n\n<figure class=\"wp-block-image\"><img loading=\"lazy\" decoding=\"async\" width=\"360\" height=\"236\" data-attachment-id=\"3406\" data-permalink=\"https:\/\/michaelshof-sammatz.de\/blog\/en\/archehof-english\/what-is-an-archehof\/cow1\/\" data-orig-file=\"https:\/\/michaelshof-sammatz.de\/blog\/wp-content\/uploads\/2019\/02\/cow1.jpg\" data-orig-size=\"360,236\" data-comments-opened=\"0\" data-image-meta=\"{&quot;aperture&quot;:&quot;0&quot;,&quot;credit&quot;:&quot;&quot;,&quot;camera&quot;:&quot;&quot;,&quot;caption&quot;:&quot;&quot;,&quot;created_timestamp&quot;:&quot;0&quot;,&quot;copyright&quot;:&quot;&quot;,&quot;focal_length&quot;:&quot;0&quot;,&quot;iso&quot;:&quot;0&quot;,&quot;shutter_speed&quot;:&quot;0&quot;,&quot;title&quot;:&quot;&quot;,&quot;orientation&quot;:&quot;0&quot;}\" data-image-title=\"cow1\" data-image-description=\"\" data-image-caption=\"\" data-medium-file=\"https:\/\/michaelshof-sammatz.de\/blog\/wp-content\/uploads\/2019\/02\/cow1-300x197.jpg\" data-large-file=\"https:\/\/michaelshof-sammatz.de\/blog\/wp-content\/uploads\/2019\/02\/cow1.jpg\" tabindex=\"0\" role=\"button\" src=\"http:\/\/michaelshof-sammatz.de\/blog\/wp-content\/uploads\/2019\/02\/cow1.jpg\" alt=\"\" class=\"wp-image-3406\" srcset=\"https:\/\/michaelshof-sammatz.de\/blog\/wp-content\/uploads\/2019\/02\/cow1.jpg 360w, https:\/\/michaelshof-sammatz.de\/blog\/wp-content\/uploads\/2019\/02\/cow1-300x197.jpg 300w\" sizes=\"(max-width: 360px) 100vw, 360px\" \/><\/figure>\n\n\n\n<p>No, Tony the Bull can\u2019t actually talk sadly. But this attempted understanding of Tony the Bull\u2019s thoughts comes from many days of observing the Bull strolling around his territory, which is the Stables where he lives with the 20+ milking cows. When a farm worker from Sammatz is nearby with either Potatoes or power food (also known in Deutsch as Kraftfutter, is a combination of seeds and grains with all Cows love), Tony will appear excited and follower the worker around until he is given some of the potatoes or a scoop of the power food grain mix. His long tongue with extend to reach any potato offered to him, and it can be some wonder for new workers or onlookers just how large in size his tongue is.  <\/p>\n\n\n\n<p>During the day, when his female cow companions are herded to the field, Tony stands in the stables, either eating, sleeping or looking for them. It is perhaps a little sad that he doesn\u2019t understand where his Cow friends go to each day, and he will often call for them which is signature \u2018moo\u2019 \u2013 a very long and loud kind of a moo, which can move from low to high sounds with such intensity, that surely if there was a competition for the best vocal chords on the farm, Tony we come at the top.  <\/p>\n\n\n\n<p>Tony is popular with many of the people living at Sammatz, who will often stop to give him a pat or say hello on their way past. Occasionally Tony will try and escape, and when this happens he will perhaps attack a hay bail or wheel barrow with his horns, but he is yet to attack any person directly or cause any major damage. For this reason we think of Tony as a kind hearted bull, although he is very muscular and impressive in size, and surely is a prime example of the male gender of his breed.<\/p>\n\n\n\n<\/div><\/div>\n\n\n\n<\/div>\n\n<div id=\"Schweine\" class=\"tabcontent\">\n <span onclick=\"this.parentElement.style.display='none'\" class=\"topright\">&times;<\/span>\n\n\n\n<p style=\"font-size:18px\"><strong>Angler Sattelschwein&nbsp;pigs<\/strong><\/p>\n\n\n\n<p>Although this old pig breed was popular towards the middle of the 20th century, it saw a decline in popularity due to its meat style not being in favour &#8211; which is due to the natural fat elements. The decline was such that when our Arche farm opened several years ago, there were only eight Sattelschwein boars in existence. We were lucky enough to have one of them. They have very strong natural instinct behaviour, are generally healthier and can survive in more varied and harsher conditions than commercially bred Pig breeds. They raise many healthy piglets, with ease, and perhaps also luckily, the meat quality is now again considered very good.<\/p>\n\n\n\n<div style=\"height:30px\" aria-hidden=\"true\" class=\"wp-block-spacer\"><\/div>\n\n\n\n<div class=\"row\">\n<div class=\"col-md-6\">\n\n\n\n<p style=\"font-size:18px\"><strong>Good parents<\/strong><\/p>\n\n\n\n<p>You can find our healthy and happy Angle Sattelschwein pigs and piglets living in many places around the Sammatz Archehof. Because of the genetic strength of this breed, with their behaviour of traditional pigs rather than factory pigs very evident, they are able to be kept living in the fields throughout the year, not just in summer but winter as well. The old pigs can be found running around in special areas near the grassy fields for our cows, whereas in the stables you will find two big Sattelschwein Mothers, a Father and their offspring, little healthy piglets whose curiosity and intelligence is evident upon even a short visit.  <\/p>\n\n\n\n<figure class=\"wp-block-image\"><img loading=\"lazy\" decoding=\"async\" width=\"360\" height=\"306\" data-attachment-id=\"3409\" data-permalink=\"https:\/\/michaelshof-sammatz.de\/blog\/en\/archehof-english\/what-is-an-archehof\/pig1\/\" data-orig-file=\"https:\/\/michaelshof-sammatz.de\/blog\/wp-content\/uploads\/2019\/02\/pig1.jpg\" data-orig-size=\"360,306\" data-comments-opened=\"0\" data-image-meta=\"{&quot;aperture&quot;:&quot;0&quot;,&quot;credit&quot;:&quot;&quot;,&quot;camera&quot;:&quot;&quot;,&quot;caption&quot;:&quot;&quot;,&quot;created_timestamp&quot;:&quot;0&quot;,&quot;copyright&quot;:&quot;&quot;,&quot;focal_length&quot;:&quot;0&quot;,&quot;iso&quot;:&quot;0&quot;,&quot;shutter_speed&quot;:&quot;0&quot;,&quot;title&quot;:&quot;&quot;,&quot;orientation&quot;:&quot;0&quot;}\" data-image-title=\"pig1\" data-image-description=\"\" data-image-caption=\"\" data-medium-file=\"https:\/\/michaelshof-sammatz.de\/blog\/wp-content\/uploads\/2019\/02\/pig1-300x255.jpg\" data-large-file=\"https:\/\/michaelshof-sammatz.de\/blog\/wp-content\/uploads\/2019\/02\/pig1.jpg\" tabindex=\"0\" role=\"button\" src=\"http:\/\/michaelshof-sammatz.de\/blog\/wp-content\/uploads\/2019\/02\/pig1.jpg\" alt=\"\" class=\"wp-image-3409\" srcset=\"https:\/\/michaelshof-sammatz.de\/blog\/wp-content\/uploads\/2019\/02\/pig1.jpg 360w, https:\/\/michaelshof-sammatz.de\/blog\/wp-content\/uploads\/2019\/02\/pig1-300x255.jpg 300w\" sizes=\"(max-width: 360px) 100vw, 360px\" \/><\/figure>\n\n\n\n<p>This breed <g class=\"gr_ gr_5 gr-alert gr_gramm gr_inline_cards gr_run_anim Grammar multiReplace\" id=\"5\" data-gr-id=\"5\">are<\/g> known as good parents, the large parents almost never sit on or hurt their children as other pig breeds might, they play with their children and the little piglets are very playful and friendly in return. The traditional behaviour of the pigs can be seen in winter, for <g class=\"gr_ gr_6 gr-alert gr_gramm gr_inline_cards gr_run_anim Punctuation only-ins replaceWithoutSep\" id=\"6\" data-gr-id=\"6\">example<\/g> to survive the cold days and nights they will by instinct dig their way into holes in the ground to live in, which will keep them warm.<\/p>\n\n\n\n<\/div>\n<div class=\"col-md-6\">\n\n\n\n<figure class=\"wp-block-image\"><img loading=\"lazy\" decoding=\"async\" width=\"360\" height=\"287\" data-attachment-id=\"3410\" data-permalink=\"https:\/\/michaelshof-sammatz.de\/blog\/en\/archehof-english\/what-is-an-archehof\/pig2\/\" data-orig-file=\"https:\/\/michaelshof-sammatz.de\/blog\/wp-content\/uploads\/2019\/02\/pig2.jpg\" data-orig-size=\"360,287\" data-comments-opened=\"0\" data-image-meta=\"{&quot;aperture&quot;:&quot;0&quot;,&quot;credit&quot;:&quot;&quot;,&quot;camera&quot;:&quot;&quot;,&quot;caption&quot;:&quot;&quot;,&quot;created_timestamp&quot;:&quot;0&quot;,&quot;copyright&quot;:&quot;&quot;,&quot;focal_length&quot;:&quot;0&quot;,&quot;iso&quot;:&quot;0&quot;,&quot;shutter_speed&quot;:&quot;0&quot;,&quot;title&quot;:&quot;&quot;,&quot;orientation&quot;:&quot;0&quot;}\" data-image-title=\"pig2\" data-image-description=\"\" data-image-caption=\"\" data-medium-file=\"https:\/\/michaelshof-sammatz.de\/blog\/wp-content\/uploads\/2019\/02\/pig2-300x239.jpg\" data-large-file=\"https:\/\/michaelshof-sammatz.de\/blog\/wp-content\/uploads\/2019\/02\/pig2.jpg\" tabindex=\"0\" role=\"button\" src=\"http:\/\/michaelshof-sammatz.de\/blog\/wp-content\/uploads\/2019\/02\/pig2.jpg\" alt=\"\" class=\"wp-image-3410\" srcset=\"https:\/\/michaelshof-sammatz.de\/blog\/wp-content\/uploads\/2019\/02\/pig2.jpg 360w, https:\/\/michaelshof-sammatz.de\/blog\/wp-content\/uploads\/2019\/02\/pig2-300x239.jpg 300w\" sizes=\"(max-width: 360px) 100vw, 360px\" \/><\/figure>\n\n\n\n<p>They, therefore don&#8217;t need to be housed indoors as other more genetically mixed breeds would have to. Of course, they&#8217;re an intelligent <g class=\"gr_ gr_6 gr-alert gr_gramm gr_inline_cards gr_disable_anim_appear Punctuation only-del replaceWithoutSep\" id=\"6\" data-gr-id=\"6\">animal,<\/g> and can be taught to be walked around the farm following their owner if need be. When the tractor arrives to give them their daily food supply of spoilt milk and dairy products (which they love), they will often greet and follow the tractor with such excitement it is as if they see tractor as a caring, giant sow.<\/p>\n\n\n\n<figure class=\"wp-block-image\"><img loading=\"lazy\" decoding=\"async\" width=\"359\" height=\"238\" data-attachment-id=\"3411\" data-permalink=\"https:\/\/michaelshof-sammatz.de\/blog\/en\/archehof-english\/what-is-an-archehof\/pig3\/\" data-orig-file=\"https:\/\/michaelshof-sammatz.de\/blog\/wp-content\/uploads\/2019\/02\/pig3.jpg\" data-orig-size=\"359,238\" data-comments-opened=\"0\" data-image-meta=\"{&quot;aperture&quot;:&quot;0&quot;,&quot;credit&quot;:&quot;&quot;,&quot;camera&quot;:&quot;&quot;,&quot;caption&quot;:&quot;&quot;,&quot;created_timestamp&quot;:&quot;0&quot;,&quot;copyright&quot;:&quot;&quot;,&quot;focal_length&quot;:&quot;0&quot;,&quot;iso&quot;:&quot;0&quot;,&quot;shutter_speed&quot;:&quot;0&quot;,&quot;title&quot;:&quot;&quot;,&quot;orientation&quot;:&quot;0&quot;}\" data-image-title=\"pig3\" data-image-description=\"\" data-image-caption=\"\" data-medium-file=\"https:\/\/michaelshof-sammatz.de\/blog\/wp-content\/uploads\/2019\/02\/pig3-300x199.jpg\" data-large-file=\"https:\/\/michaelshof-sammatz.de\/blog\/wp-content\/uploads\/2019\/02\/pig3.jpg\" tabindex=\"0\" role=\"button\" src=\"http:\/\/michaelshof-sammatz.de\/blog\/wp-content\/uploads\/2019\/02\/pig3.jpg\" alt=\"\" class=\"wp-image-3411\" srcset=\"https:\/\/michaelshof-sammatz.de\/blog\/wp-content\/uploads\/2019\/02\/pig3.jpg 359w, https:\/\/michaelshof-sammatz.de\/blog\/wp-content\/uploads\/2019\/02\/pig3-300x199.jpg 300w\" sizes=\"(max-width: 359px) 100vw, 359px\" \/><\/figure>\n\n\n\n<p>They will also greet humans in an excited manner, but it is particularly interesting to see the instinctive association the pigs have made between the tractor and food.  <br>As well as being a friendly and fun animal to observe, they give a quality meat product. Our current supplies can be found at our farm shop.<\/p>\n\n\n\n<\/div><\/div><\/div>\n\n<div id=\"Ziegen\" class=\"tabcontent\">\n <span onclick=\"this.parentElement.style.display='none'\" class=\"topright\">&times;<\/span>\n\n\n\n<p style=\"font-size:18px\"><strong>Goats<\/strong><\/p>\n\n\n\n<p><em>Breed details<g class=\"gr_ gr_17 gr-alert gr_gramm gr_inline_cards gr_run_anim Style replaceWithoutSep\" id=\"17\" data-gr-id=\"17\">:<\/g><\/em> <g class=\"gr_ gr_17 gr-alert gr_gramm gr_inline_cards gr_disable_anim_appear Style replaceWithoutSep\" id=\"17\" data-gr-id=\"17\">The<\/g> Thuringian goat is a breed from Central Germany, well adapted to mountainous terrains and almost extinct. It developed around 1900 when local Thuringian breeds were crossed with \u2013among others\u2013 the Swiss Toggenburg goat. The Thuringian goats are famous for the quality of their milk output.  This breed is part of our  20+ animal flocks of goats, together with Toggenburgs and a few mutts. Their grace, confidingness and pleasure to stand atop high platforms make their inclusion at Sammatz a popular site to see.<\/p>\n\n\n\n<div style=\"height:30px\" aria-hidden=\"true\" class=\"wp-block-spacer\"><\/div>\n\n\n\n<div class=\"row\">\n<div class=\"col-md-6\">\n\n\n\n<div class=\"wp-block-image\"><figure class=\"aligncenter\"><img loading=\"lazy\" decoding=\"async\" width=\"360\" height=\"236\" data-attachment-id=\"3414\" data-permalink=\"https:\/\/michaelshof-sammatz.de\/blog\/en\/archehof-english\/what-is-an-archehof\/goat1\/\" data-orig-file=\"https:\/\/michaelshof-sammatz.de\/blog\/wp-content\/uploads\/2019\/02\/goat1.jpg\" data-orig-size=\"360,236\" data-comments-opened=\"0\" data-image-meta=\"{&quot;aperture&quot;:&quot;0&quot;,&quot;credit&quot;:&quot;&quot;,&quot;camera&quot;:&quot;&quot;,&quot;caption&quot;:&quot;&quot;,&quot;created_timestamp&quot;:&quot;0&quot;,&quot;copyright&quot;:&quot;&quot;,&quot;focal_length&quot;:&quot;0&quot;,&quot;iso&quot;:&quot;0&quot;,&quot;shutter_speed&quot;:&quot;0&quot;,&quot;title&quot;:&quot;&quot;,&quot;orientation&quot;:&quot;0&quot;}\" data-image-title=\"goat1\" data-image-description=\"\" data-image-caption=\"\" data-medium-file=\"https:\/\/michaelshof-sammatz.de\/blog\/wp-content\/uploads\/2019\/02\/goat1-300x197.jpg\" data-large-file=\"https:\/\/michaelshof-sammatz.de\/blog\/wp-content\/uploads\/2019\/02\/goat1.jpg\" tabindex=\"0\" role=\"button\" src=\"http:\/\/michaelshof-sammatz.de\/blog\/wp-content\/uploads\/2019\/02\/goat1.jpg\" alt=\"\" class=\"wp-image-3414\" srcset=\"https:\/\/michaelshof-sammatz.de\/blog\/wp-content\/uploads\/2019\/02\/goat1.jpg 360w, https:\/\/michaelshof-sammatz.de\/blog\/wp-content\/uploads\/2019\/02\/goat1-300x197.jpg 300w\" sizes=\"(max-width: 360px) 100vw, 360px\" \/><\/figure><\/div>\n\n\n\n<p><strong>Famous goats: Astrid (no longer at Sammatz) and Felix<\/strong><\/p>\n\n\n\n<p>Of\nthe animals that have lived at Sammatz, there are few more famous\nthan the sleek white coated Astrid. The odd one out of the Goats, she\nhad no horns and was devastatingly beautiful \u2013 testifying to her\nattractiveness were the crowds of visitors gathering frequently to\ngive attention to her. The other goats knew this and would bully her\nto no end. She was often found hiding in a corner, away from the\ngoats, eating when they were not near. Spotted by animal film agents,\nshe was picked up as an goat-actress for filmtierhof.de, and would\nappear in many commercials and even a feature film, Schellen-Ursli\n(Xavier Koller, 2016).<\/p>\n\n\n\n<p>Astrid\nis no longer with us \u2013 no, she hasn\u2019t passed away, she\u2019s back\nliving at her owner\u2019s house now, but there are still many other\ninteresting goat that can be found living at Sammatz. \n<\/p>\n\n\n\n<p>Another acting goat is the male buck, Felix \u2013 who can be found strutting his stuff around the farm. <\/p>\n\n\n\n<p><strong>Name: 30185 (aka Cindy)<\/strong><\/p>\n\n\n\n<p>The goats are milked twice daily for use in the Meierei for making feta and other cheeses with. One of the more popular <g class=\"gr_ gr_14 gr-alert gr_spell gr_inline_cards gr_run_anim ContextualSpelling ins-del multiReplace\" id=\"14\" data-gr-id=\"14\">anim<\/g>als with the workers in charge of the milking has the name 30185.  <\/p>\n\n\n\n<\/div>\n<div class=\"col-md-6\">\n\n\n\n<p>That is not a particularly catchy name, because it is also her code number, and many of the goats here do not have official names. 30185 has also been nicknamed Cindy by an Australian girl called Maddie who works at Sammatz and often milks the goats. Maddie has described the goat Cindy as one of her favourites, as she is friendly, likes people and will often be the first goat to approach a human, looking for hugs and attention. She often perches on a ledge next to where the milking is happening, and tries her best to sniff and lick the milking people, often resting her head on their shoulder. This can be nice for those people looking for goat attention, but also a bit annoying if they\u2019re just trying to get the milking finished as fast as possible.  <\/p>\n\n\n\n<figure class=\"wp-block-image\"><img loading=\"lazy\" decoding=\"async\" width=\"356\" height=\"238\" data-attachment-id=\"3415\" data-permalink=\"https:\/\/michaelshof-sammatz.de\/blog\/en\/archehof-english\/what-is-an-archehof\/goat2\/\" data-orig-file=\"https:\/\/michaelshof-sammatz.de\/blog\/wp-content\/uploads\/2019\/02\/goat2.jpg\" data-orig-size=\"356,238\" data-comments-opened=\"0\" data-image-meta=\"{&quot;aperture&quot;:&quot;0&quot;,&quot;credit&quot;:&quot;&quot;,&quot;camera&quot;:&quot;&quot;,&quot;caption&quot;:&quot;&quot;,&quot;created_timestamp&quot;:&quot;0&quot;,&quot;copyright&quot;:&quot;&quot;,&quot;focal_length&quot;:&quot;0&quot;,&quot;iso&quot;:&quot;0&quot;,&quot;shutter_speed&quot;:&quot;0&quot;,&quot;title&quot;:&quot;&quot;,&quot;orientation&quot;:&quot;0&quot;}\" data-image-title=\"goat2\" data-image-description=\"\" data-image-caption=\"\" data-medium-file=\"https:\/\/michaelshof-sammatz.de\/blog\/wp-content\/uploads\/2019\/02\/goat2-300x201.jpg\" data-large-file=\"https:\/\/michaelshof-sammatz.de\/blog\/wp-content\/uploads\/2019\/02\/goat2.jpg\" tabindex=\"0\" role=\"button\" src=\"http:\/\/michaelshof-sammatz.de\/blog\/wp-content\/uploads\/2019\/02\/goat2.jpg\" alt=\"\" class=\"wp-image-3415\" srcset=\"https:\/\/michaelshof-sammatz.de\/blog\/wp-content\/uploads\/2019\/02\/goat2.jpg 356w, https:\/\/michaelshof-sammatz.de\/blog\/wp-content\/uploads\/2019\/02\/goat2-300x201.jpg 300w\" sizes=\"(max-width: 356px) 100vw, 356px\" \/><\/figure>\n\n\n\n<p>As with the other goats, Cindy enjoys her daily walks to the field, stealing the occasional bite from a nearby bush on the way, and once at the field she enjoys competing with the other goats for a place on top of the water tank.<\/p>\n\n\n\n<p>Spend some time with the goats at your next visit to Sammatz. Maybe you\u2019ll meet a goat more famous than you realise, or get a lick from a particularly friendly goat such as Cindy, or maybe you\u2019ll see the Zeige battling to stand on the highest platform possible.<\/p>\n\n\n\n<\/div><\/div>\n\n\n\n<figure class=\"wp-block-image\"><img decoding=\"async\" data-attachment-id=\"1713\" data-permalink=\"https:\/\/michaelshof-sammatz.de\/blog\/archehof\/was-ist-ein-archehof\/cows-5\/\" data-orig-file=\"https:\/\/michaelshof-sammatz.de\/blog\/wp-content\/uploads\/2019\/01\/cows-5.jpg\" data-orig-size=\"779,294\" data-comments-opened=\"0\" data-image-meta=\"{&quot;aperture&quot;:&quot;0&quot;,&quot;credit&quot;:&quot;&quot;,&quot;camera&quot;:&quot;&quot;,&quot;caption&quot;:&quot;&quot;,&quot;created_timestamp&quot;:&quot;0&quot;,&quot;copyright&quot;:&quot;&quot;,&quot;focal_length&quot;:&quot;0&quot;,&quot;iso&quot;:&quot;0&quot;,&quot;shutter_speed&quot;:&quot;0&quot;,&quot;title&quot;:&quot;&quot;,&quot;orientation&quot;:&quot;0&quot;}\" data-image-title=\"cows-5\" data-image-description=\"\" data-image-caption=\"\" data-medium-file=\"https:\/\/michaelshof-sammatz.de\/blog\/wp-content\/uploads\/2019\/01\/cows-5-300x113.jpg\" data-large-file=\"https:\/\/michaelshof-sammatz.de\/blog\/wp-content\/uploads\/2019\/01\/cows-5.jpg\" tabindex=\"0\" role=\"button\" src=\"http:\/\/michaelshof-sammatz.de\/blog\/wp-content\/uploads\/2019\/01\/goats-3.jpg\" alt=\"\" class=\"wp-image-1713\"\/><\/figure>\n\n\n\n<\/div>\n\n<div id=\"Schafe\" class=\"tabcontent\">\n <span onclick=\"this.parentElement.style.display='none'\" class=\"topright\">&times;<\/span>\n\n\n\n<p style=\"font-size:18px\"><strong>Sheep<\/strong><\/p>\n\n\n\n<p><strong>Ostfriesisches Milchschaf&nbsp;or East Friesian&nbsp;Milk&nbsp;sheep<\/strong><\/p>\n\n\n\n<p>Our sheep are known as East Friesian, a Northern German breed and known as one of the best breed&#8217;s in terms of milk yield. They are pure bred, and are often used around the world to cross-breed and strengthen the yield of international sheep types. Over a 200 to 300 day lactation cycle, the East Frisian sheep can produce up to 600 litres of milk. The sheep originate from the Frisia area, and their original home was a dry heath type environment. They&#8217;re characterised by pink noses and head, legs and tails which are woolless. Their wool is also of a good quality, even if not the main purpose of the sheep.<\/p>\n\n\n\n<div style=\"height:30px\" aria-hidden=\"true\" class=\"wp-block-spacer\"><\/div>\n\n\n\n<div class=\"row\">\n<div class=\"col-md-6\">\n\n\n\n<p style=\"font-size:18px\"><strong>Adventurous animals <\/strong> <\/p>\n\n\n\n<p>The sheep is the standard farm animal in many parts of the world, but it&#8217;s presence and cuteness is not to be understated. They are a necessary part of our Archehof, which would not be the same without their sheepy contributions &#8211; that of milk which we use for our delicious <g class=\"gr_ gr_5 gr-alert gr_spell gr_inline_cards gr_run_anim ContextualSpelling ins-del multiReplace\" id=\"5\" data-gr-id=\"5\">artisian<\/g> cheeses and also of fur for winter clothing and wool supplies. Not to mention they add to the <g class=\"gr_ gr_6 gr-alert gr_spell gr_inline_cards gr_run_anim ContextualSpelling ins-del multiReplace\" id=\"6\" data-gr-id=\"6\">archehof<\/g> environment and are popular with kids and visitors of all ages. <\/p>\n\n\n\n<figure class=\"wp-block-image\"><img loading=\"lazy\" decoding=\"async\" width=\"348\" height=\"239\" data-attachment-id=\"3424\" data-permalink=\"https:\/\/michaelshof-sammatz.de\/blog\/en\/archehof-english\/what-is-an-archehof\/sheep1\/\" data-orig-file=\"https:\/\/michaelshof-sammatz.de\/blog\/wp-content\/uploads\/2019\/02\/sheep1.jpg\" data-orig-size=\"348,239\" data-comments-opened=\"0\" data-image-meta=\"{&quot;aperture&quot;:&quot;0&quot;,&quot;credit&quot;:&quot;&quot;,&quot;camera&quot;:&quot;&quot;,&quot;caption&quot;:&quot;&quot;,&quot;created_timestamp&quot;:&quot;0&quot;,&quot;copyright&quot;:&quot;&quot;,&quot;focal_length&quot;:&quot;0&quot;,&quot;iso&quot;:&quot;0&quot;,&quot;shutter_speed&quot;:&quot;0&quot;,&quot;title&quot;:&quot;&quot;,&quot;orientation&quot;:&quot;0&quot;}\" data-image-title=\"sheep1\" data-image-description=\"\" data-image-caption=\"\" data-medium-file=\"https:\/\/michaelshof-sammatz.de\/blog\/wp-content\/uploads\/2019\/02\/sheep1-300x206.jpg\" data-large-file=\"https:\/\/michaelshof-sammatz.de\/blog\/wp-content\/uploads\/2019\/02\/sheep1.jpg\" tabindex=\"0\" role=\"button\" src=\"http:\/\/michaelshof-sammatz.de\/blog\/wp-content\/uploads\/2019\/02\/sheep1.jpg\" alt=\"\" class=\"wp-image-3424\" srcset=\"https:\/\/michaelshof-sammatz.de\/blog\/wp-content\/uploads\/2019\/02\/sheep1.jpg 348w, https:\/\/michaelshof-sammatz.de\/blog\/wp-content\/uploads\/2019\/02\/sheep1-300x206.jpg 300w\" sizes=\"(max-width: 348px) 100vw, 348px\" \/><\/figure>\n\n\n\n<p>As well as sitting happily in our Archehof stables environment, and being milked in the morning and afternoons, the lambs and adult sheep are also herded to the fields daily and can often be seen running through the farm alongside the goats.  <\/p>\n\n\n\n<figure class=\"wp-block-image\"><img loading=\"lazy\" decoding=\"async\" width=\"347\" height=\"220\" data-attachment-id=\"3425\" data-permalink=\"https:\/\/michaelshof-sammatz.de\/blog\/en\/archehof-english\/what-is-an-archehof\/sheep2\/\" data-orig-file=\"https:\/\/michaelshof-sammatz.de\/blog\/wp-content\/uploads\/2019\/02\/sheep2.jpg\" data-orig-size=\"347,220\" data-comments-opened=\"0\" data-image-meta=\"{&quot;aperture&quot;:&quot;0&quot;,&quot;credit&quot;:&quot;&quot;,&quot;camera&quot;:&quot;&quot;,&quot;caption&quot;:&quot;&quot;,&quot;created_timestamp&quot;:&quot;0&quot;,&quot;copyright&quot;:&quot;&quot;,&quot;focal_length&quot;:&quot;0&quot;,&quot;iso&quot;:&quot;0&quot;,&quot;shutter_speed&quot;:&quot;0&quot;,&quot;title&quot;:&quot;&quot;,&quot;orientation&quot;:&quot;0&quot;}\" data-image-title=\"sheep2\" data-image-description=\"\" data-image-caption=\"\" data-medium-file=\"https:\/\/michaelshof-sammatz.de\/blog\/wp-content\/uploads\/2019\/02\/sheep2-300x190.jpg\" data-large-file=\"https:\/\/michaelshof-sammatz.de\/blog\/wp-content\/uploads\/2019\/02\/sheep2.jpg\" tabindex=\"0\" role=\"button\" src=\"http:\/\/michaelshof-sammatz.de\/blog\/wp-content\/uploads\/2019\/02\/sheep2.jpg\" alt=\"\" class=\"wp-image-3425\" srcset=\"https:\/\/michaelshof-sammatz.de\/blog\/wp-content\/uploads\/2019\/02\/sheep2.jpg 347w, https:\/\/michaelshof-sammatz.de\/blog\/wp-content\/uploads\/2019\/02\/sheep2-300x190.jpg 300w\" sizes=\"(max-width: 347px) 100vw, 347px\" \/><\/figure>\n\n\n\n<\/div>\n<div class=\"col-md-6\">\n\n\n\n<figure class=\"wp-block-image\"><img loading=\"lazy\" decoding=\"async\" width=\"357\" height=\"149\" data-attachment-id=\"3426\" data-permalink=\"https:\/\/michaelshof-sammatz.de\/blog\/en\/archehof-english\/what-is-an-archehof\/sheep3\/\" data-orig-file=\"https:\/\/michaelshof-sammatz.de\/blog\/wp-content\/uploads\/2019\/02\/sheep3.jpg\" data-orig-size=\"357,149\" data-comments-opened=\"0\" data-image-meta=\"{&quot;aperture&quot;:&quot;0&quot;,&quot;credit&quot;:&quot;&quot;,&quot;camera&quot;:&quot;&quot;,&quot;caption&quot;:&quot;&quot;,&quot;created_timestamp&quot;:&quot;0&quot;,&quot;copyright&quot;:&quot;&quot;,&quot;focal_length&quot;:&quot;0&quot;,&quot;iso&quot;:&quot;0&quot;,&quot;shutter_speed&quot;:&quot;0&quot;,&quot;title&quot;:&quot;&quot;,&quot;orientation&quot;:&quot;0&quot;}\" data-image-title=\"sheep3\" data-image-description=\"\" data-image-caption=\"\" data-medium-file=\"https:\/\/michaelshof-sammatz.de\/blog\/wp-content\/uploads\/2019\/02\/sheep3-300x125.jpg\" data-large-file=\"https:\/\/michaelshof-sammatz.de\/blog\/wp-content\/uploads\/2019\/02\/sheep3.jpg\" tabindex=\"0\" role=\"button\" src=\"http:\/\/michaelshof-sammatz.de\/blog\/wp-content\/uploads\/2019\/02\/sheep3.jpg\" alt=\"\" class=\"wp-image-3426\" srcset=\"https:\/\/michaelshof-sammatz.de\/blog\/wp-content\/uploads\/2019\/02\/sheep3.jpg 357w, https:\/\/michaelshof-sammatz.de\/blog\/wp-content\/uploads\/2019\/02\/sheep3-300x125.jpg 300w\" sizes=\"(max-width: 357px) 100vw, 357px\" \/><\/figure>\n\n\n\n<p>On the fields, they occasionally meet their smaller relatives, the <g class=\"gr_ gr_9 gr-alert gr_spell gr_inline_cards gr_run_anim ContextualSpelling ins-del multiReplace\" id=\"9\" data-gr-id=\"9\">Skudden<\/g> sheep, which is the smallest breed of sheep in this region. Unlike our milk sheep the <g class=\"gr_ gr_12 gr-alert gr_spell gr_inline_cards gr_run_anim ContextualSpelling ins-del multiReplace\" id=\"12\" data-gr-id=\"12\">Skudden<\/g> are highly undemanding. They have a shed for resting at night but stay <g class=\"gr_ gr_10 gr-alert gr_gramm gr_inline_cards gr_run_anim Grammar multiReplace\" id=\"10\" data-gr-id=\"10\">on<\/g> the fields all year long. They roam the hills next to the Arena gardens, sharing the place with a larger flock of geese \u2013 also an old breed, the Embden goose.  <\/p>\n\n\n\n<figure class=\"wp-block-image\"><img loading=\"lazy\" decoding=\"async\" width=\"360\" height=\"220\" data-attachment-id=\"3423\" data-permalink=\"https:\/\/michaelshof-sammatz.de\/blog\/en\/archehof-english\/what-is-an-archehof\/sheep4\/\" data-orig-file=\"https:\/\/michaelshof-sammatz.de\/blog\/wp-content\/uploads\/2019\/02\/sheep4.jpg\" data-orig-size=\"360,220\" data-comments-opened=\"0\" data-image-meta=\"{&quot;aperture&quot;:&quot;0&quot;,&quot;credit&quot;:&quot;&quot;,&quot;camera&quot;:&quot;&quot;,&quot;caption&quot;:&quot;&quot;,&quot;created_timestamp&quot;:&quot;0&quot;,&quot;copyright&quot;:&quot;&quot;,&quot;focal_length&quot;:&quot;0&quot;,&quot;iso&quot;:&quot;0&quot;,&quot;shutter_speed&quot;:&quot;0&quot;,&quot;title&quot;:&quot;&quot;,&quot;orientation&quot;:&quot;0&quot;}\" data-image-title=\"sheep4\" data-image-description=\"\" data-image-caption=\"\" data-medium-file=\"https:\/\/michaelshof-sammatz.de\/blog\/wp-content\/uploads\/2019\/02\/sheep4-300x183.jpg\" data-large-file=\"https:\/\/michaelshof-sammatz.de\/blog\/wp-content\/uploads\/2019\/02\/sheep4.jpg\" tabindex=\"0\" role=\"button\" src=\"http:\/\/michaelshof-sammatz.de\/blog\/wp-content\/uploads\/2019\/02\/sheep4.jpg\" alt=\"\" class=\"wp-image-3423\" srcset=\"https:\/\/michaelshof-sammatz.de\/blog\/wp-content\/uploads\/2019\/02\/sheep4.jpg 360w, https:\/\/michaelshof-sammatz.de\/blog\/wp-content\/uploads\/2019\/02\/sheep4-300x183.jpg 300w\" sizes=\"(max-width: 360px) 100vw, 360px\" \/><\/figure>\n\n\n\n<p>These more adventurous sheep occasionally find a way to break away, much to the bemusement of the farm working team. They don&#8217;t usually go far however and are easily hurded back to their home.  <\/p>\n\n\n\n<p>Take a visit to our gardens and stables and spend some time observing these most delightful farm animals, living in true bio-dynamic living standards.<\/p>\n\n\n\n<\/div><\/div>\n\n\n\n<\/div>\n\n<div id=\"Gefl\u00fcgel\" class=\"tabcontent\">\n <span onclick=\"this.parentElement.style.display='none'\" class=\"topright\">&times;<\/span>\n\n\n\n<p style=\"font-size:18px\"><strong>Fowl: <\/strong> <\/p>\n\n\n\n<div style=\"height:30px\" aria-hidden=\"true\" class=\"wp-block-spacer\"><\/div>\n\n\n\n<div class=\"row\">\n<div class=\"col-md-6\">\n\n\n\n<p style=\"font-size:18px\"><strong>Runner Duck<\/strong><\/p>\n\n\n\n<figure class=\"wp-block-image\"><img loading=\"lazy\" decoding=\"async\" width=\"360\" height=\"255\" data-attachment-id=\"3431\" data-permalink=\"https:\/\/michaelshof-sammatz.de\/blog\/en\/archehof-english\/what-is-an-archehof\/duck1\/\" data-orig-file=\"https:\/\/michaelshof-sammatz.de\/blog\/wp-content\/uploads\/2019\/02\/duck1.jpg\" data-orig-size=\"360,255\" data-comments-opened=\"0\" data-image-meta=\"{&quot;aperture&quot;:&quot;0&quot;,&quot;credit&quot;:&quot;&quot;,&quot;camera&quot;:&quot;&quot;,&quot;caption&quot;:&quot;&quot;,&quot;created_timestamp&quot;:&quot;0&quot;,&quot;copyright&quot;:&quot;&quot;,&quot;focal_length&quot;:&quot;0&quot;,&quot;iso&quot;:&quot;0&quot;,&quot;shutter_speed&quot;:&quot;0&quot;,&quot;title&quot;:&quot;&quot;,&quot;orientation&quot;:&quot;0&quot;}\" data-image-title=\"duck1\" data-image-description=\"\" data-image-caption=\"\" data-medium-file=\"https:\/\/michaelshof-sammatz.de\/blog\/wp-content\/uploads\/2019\/02\/duck1-300x213.jpg\" data-large-file=\"https:\/\/michaelshof-sammatz.de\/blog\/wp-content\/uploads\/2019\/02\/duck1.jpg\" tabindex=\"0\" role=\"button\" src=\"http:\/\/michaelshof-sammatz.de\/blog\/wp-content\/uploads\/2019\/02\/duck1.jpg\" alt=\"\" class=\"wp-image-3431\" srcset=\"https:\/\/michaelshof-sammatz.de\/blog\/wp-content\/uploads\/2019\/02\/duck1.jpg 360w, https:\/\/michaelshof-sammatz.de\/blog\/wp-content\/uploads\/2019\/02\/duck1-300x213.jpg 300w\" sizes=\"(max-width: 360px) 100vw, 360px\" \/><\/figure>\n\n\n\n<p>Descended from the mallard, and originally from South East Asia, so not an animal native to this German countryside, but still a delight to see waddling around the farm and garden landscape. They run fast, swim and cannot fly but are social animals, very keen on their food and good for keeping control of the snail population. Therefore they serve a practical role in the farm ecosystem, which is pest control \u2013 so our crops can grow without an infestation of \u2039Schnecken\u203a&nbsp;(snails), and without the need for pesticides.&nbsp;<\/p>\n\n\n\n<\/div>\n<div class=\"col-md-6\">\n\n\n\n<p>In the mornings you might see the duck napping by the lake, head tucked under its breast, staying close to its fellow Enten family and perhaps with one eye open, ready to run from any human that may stray too close. They are an animal very suspicious of human behaviour, perhaps quite rightly, and prefer to spend their time foraging around for seeds and berries, or the left over Kraftfutter (power food) after it has been given to the cows. They can often be found running around the stables area looking for what spare animal food they can steal, before being chased away by workies. <br>To be able to develop a connection to a runner duck in the same way a farm worker develops a connection to one of the cows, is a difficult task. I can\u2019t say that it\u2019s easily achieved &#8211; as soon as you get close to one, it will run away. But the wingless tall creatures are very relaxing to watch (and quite amusing to see running, in their upright waddling style) and seem to suit the pond and garden environment that they inhabit quite well.<br>It also helps that they\u2019re delicious on a plate, when it\u2019s the time of the year for meat. <\/p>\n\n\n\n<\/div><\/div>\n\n\n\n<div style=\"height:40px\" aria-hidden=\"true\" class=\"wp-block-spacer\"><\/div>\n\n\n\n<div class=\"row\">\n<div class=\"col-md-6\">\n\n\n\n<p style=\"font-size:18px\"><strong>Chicken<\/strong><\/p>\n\n\n\n<p>One of the many seriously endangered chicken species at Sammatz is the Ostfriesische M\u00f6wen or East Frisian Seagull, which was named Endangered Farm Animal of the Year 2012 by the Society for the Conservation of Old and Endangered Domestic Breeds. This is a fast growing breed, which are excellent parents, and known for their quality meat. They are striped black on their feathers with silver or gold around the neck.   <\/p>\n\n\n\n<p>Another of these species is the Deutsche Sperber, also called the German Sparrowhawk \u2013 known for its strikingly piebald feather pattern, similar to the bird of prey of which is it&#8217;s namesake \u2013 they are considered to be an active and friendly chicken.  <\/p>\n\n\n\n<p>We also have the light brown with black neck and tail Vorwerkh\u00fchner, originally bred by Oskar Vorwerk in Hamburg in 1900 and presented to the public in 1912 in Hannover. The breed declined in the mid 20th Century but has found a resurgence due to the efforts of the local Archehof breeding community.  <\/p>\n\n\n\n<p>Finally we want to make a special mention of the Sulmtaler chicken species from the Austrian region Steiermark, which is much loved for its delicate and graceful look. <\/p>\n\n\n\n<p>These rare chicken breeds are important to foster and help grow in numbers, for reasons benefiting nature and consumers. A diverse stock of heritage chickens contributes towards a healthy ecosystem, and the rare breeds have some characteristics that make them significantly healthier than factory bred or hybrid chickens. Of course, the yield in eggs is smaller being just the amount a hen would naturally lay in the course of a year.  <br>They also taste very good, like everybody knows who has savoured these many coloured eggs in Sammatz.<\/p>\n\n\n\n<p>As the chicken is one of the oldest domesticated animals, living alongside humans and being farmed for thousands of years is easily overlooked. But at Sammatz is living a gang of chooks with their own personalities, showing the variations possible within different breeds of chicken.  <\/p>\n\n\n\n<\/div>\n<div class=\"col-md-6\">\n\n\n\n<figure class=\"wp-block-image\"><img loading=\"lazy\" decoding=\"async\" width=\"357\" height=\"481\" data-attachment-id=\"3432\" data-permalink=\"https:\/\/michaelshof-sammatz.de\/blog\/en\/archehof-english\/what-is-an-archehof\/duck2\/\" data-orig-file=\"https:\/\/michaelshof-sammatz.de\/blog\/wp-content\/uploads\/2019\/02\/duck2.jpg\" data-orig-size=\"357,481\" data-comments-opened=\"0\" data-image-meta=\"{&quot;aperture&quot;:&quot;0&quot;,&quot;credit&quot;:&quot;&quot;,&quot;camera&quot;:&quot;&quot;,&quot;caption&quot;:&quot;&quot;,&quot;created_timestamp&quot;:&quot;0&quot;,&quot;copyright&quot;:&quot;&quot;,&quot;focal_length&quot;:&quot;0&quot;,&quot;iso&quot;:&quot;0&quot;,&quot;shutter_speed&quot;:&quot;0&quot;,&quot;title&quot;:&quot;&quot;,&quot;orientation&quot;:&quot;0&quot;}\" data-image-title=\"duck2\" data-image-description=\"\" data-image-caption=\"\" data-medium-file=\"https:\/\/michaelshof-sammatz.de\/blog\/wp-content\/uploads\/2019\/02\/duck2-223x300.jpg\" data-large-file=\"https:\/\/michaelshof-sammatz.de\/blog\/wp-content\/uploads\/2019\/02\/duck2.jpg\" tabindex=\"0\" role=\"button\" src=\"http:\/\/michaelshof-sammatz.de\/blog\/wp-content\/uploads\/2019\/02\/duck2.jpg\" alt=\"\" class=\"wp-image-3432\" srcset=\"https:\/\/michaelshof-sammatz.de\/blog\/wp-content\/uploads\/2019\/02\/duck2.jpg 357w, https:\/\/michaelshof-sammatz.de\/blog\/wp-content\/uploads\/2019\/02\/duck2-300x404.jpg 300w, https:\/\/michaelshof-sammatz.de\/blog\/wp-content\/uploads\/2019\/02\/duck2-223x300.jpg 223w\" sizes=\"(max-width: 357px) 100vw, 357px\" \/><\/figure>\n\n\n\n<p>Der Besucher trifft die unterschiedlichen H\u00fchnerrassen an verschiedenen Orten des Hofs: Einige leben in einem gro\u00dfen Stall mit Auslauf bei den K\u00fchen, andere in der N\u00e4he der G\u00e4rten am Waldsee, wieder andere in einem mobilen H\u00fchnerstall, der auf einer gro\u00dfen Weidefl\u00e4che \u2039wandert\u203a. Tags\u00fcber durchforsten sie, neben anderem Gefl\u00fcgel wie beispielsweise den stattlichen Truth\u00e4hnen, ihr Areal nach Futter. Nachts haben sie es in ihren St\u00e4llen warm und gem\u00fctlich. Manchmal spielen sie ihre eigene Version vieler Kinderzeichentrickfilme nach und erkunden unerlaubterweise die G\u00e4rten und die Gegend um den Kompost \u2013 aber normalerweise dauert es nicht lang, bis ihnen die G\u00e4rtner wieder zur\u00fcck in ihr Gehege helfen. <\/p>\n\n\n\n<p>Die H\u00fchner erf\u00fcllen dadurch auch einen guten und praktischen Zweck, dass die Seelenpflege-bed\u00fcrftigen Kinder und Jugendlichen des Kinderheims Peronnik oft mithelfen d\u00fcrfen, die Eier zu suchen und die St\u00e4lle zu s\u00e4ubern. Ihr k\u00f6nnt die k\u00f6stlichen Bio-Freiland-Eier im Hofladen bei den Stallungen kaufen, nur ein paar Schritte von den Heimatst\u00e4llen der H\u00fchner entfernt.<\/p>\n\n\n\n<figure class=\"wp-block-image\"><img loading=\"lazy\" decoding=\"async\" width=\"360\" height=\"218\" data-attachment-id=\"3430\" data-permalink=\"https:\/\/michaelshof-sammatz.de\/blog\/en\/archehof-english\/what-is-an-archehof\/duck3\/\" data-orig-file=\"https:\/\/michaelshof-sammatz.de\/blog\/wp-content\/uploads\/2019\/02\/duck3.jpg\" data-orig-size=\"360,218\" data-comments-opened=\"0\" data-image-meta=\"{&quot;aperture&quot;:&quot;0&quot;,&quot;credit&quot;:&quot;&quot;,&quot;camera&quot;:&quot;&quot;,&quot;caption&quot;:&quot;&quot;,&quot;created_timestamp&quot;:&quot;0&quot;,&quot;copyright&quot;:&quot;&quot;,&quot;focal_length&quot;:&quot;0&quot;,&quot;iso&quot;:&quot;0&quot;,&quot;shutter_speed&quot;:&quot;0&quot;,&quot;title&quot;:&quot;&quot;,&quot;orientation&quot;:&quot;0&quot;}\" data-image-title=\"duck3\" data-image-description=\"\" data-image-caption=\"\" data-medium-file=\"https:\/\/michaelshof-sammatz.de\/blog\/wp-content\/uploads\/2019\/02\/duck3-300x182.jpg\" data-large-file=\"https:\/\/michaelshof-sammatz.de\/blog\/wp-content\/uploads\/2019\/02\/duck3.jpg\" tabindex=\"0\" role=\"button\" src=\"http:\/\/michaelshof-sammatz.de\/blog\/wp-content\/uploads\/2019\/02\/duck3.jpg\" alt=\"\" class=\"wp-image-3430\" srcset=\"https:\/\/michaelshof-sammatz.de\/blog\/wp-content\/uploads\/2019\/02\/duck3.jpg 360w, https:\/\/michaelshof-sammatz.de\/blog\/wp-content\/uploads\/2019\/02\/duck3-300x182.jpg 300w\" sizes=\"(max-width: 360px) 100vw, 360px\" \/><\/figure>\n\n\n\n<\/div><\/div>\n\n\n\n<\/div>\n\n<div id=\"Esel\" class=\"tabcontent\">\n <span onclick=\"this.parentElement.style.display='none'\" class=\"topright\">&times;<\/span>\n\n\n\n<p style=\"font-size:18px\"><strong>Donkey<\/strong><\/p>\n\n\n\n<p><g class=\"gr_ gr_14 gr-alert gr_spell gr_inline_cards gr_run_anim ContextualSpelling ins-del multiReplace gr-progress\" id=\"14\" data-gr-id=\"14\">Today&#8217;s<\/g> donkey originates from wild forms in Africa which were domesticated around 3000 BC. They are sometimes stubborn and difficult to lead but once you&#8217;ve gained their trust, they can be very helpful workhorses. Their willingness to carry loads or people over difficult rocky, steep or very sprawling terrain is a testament to their faithful endurance.<\/p>\n\n\n\n<p>The <g class=\"gr_ gr_6 gr-alert gr_spell gr_inline_cards gr_run_anim ContextualSpelling ins-del multiReplace\" id=\"6\" data-gr-id=\"6\">Sammatzer<\/g> donkeys do not come from a special old breed. Nevertheless, they are of course the very best animals. They win your heart from the moment you lay eyes on them.<\/p>\n\n\n\n<div style=\"height:30px\" aria-hidden=\"true\" class=\"wp-block-spacer\"><\/div>\n\n\n\n<div class=\"row\">\n<div class=\"col-md-6\">\n\n\n\n<p><strong>Lovable fellows<\/strong><\/p>\n\n\n\n<p>The donkeys are an indispensable element of Michaelshof;  their main work is pedagogy and therapy. Children are very welcome to take short rides around the farm. For the children with intellectual disabilities who live in Sammatz, we use them as therapy donkeys. In the past, they also pulled a carriage, but this is at a standstill for now, as the oldest donkey, Karla, decided to take a break. This is an example of how donkeys have their own views on what they do and what they prefer. <\/p>\n\n\n\n<figure class=\"wp-block-image\"><img loading=\"lazy\" decoding=\"async\" width=\"312\" height=\"528\" data-attachment-id=\"3438\" data-permalink=\"https:\/\/michaelshof-sammatz.de\/blog\/en\/archehof-english\/what-is-an-archehof\/donkey3\/\" data-orig-file=\"https:\/\/michaelshof-sammatz.de\/blog\/wp-content\/uploads\/2019\/02\/donkey3.jpg\" data-orig-size=\"312,528\" data-comments-opened=\"0\" data-image-meta=\"{&quot;aperture&quot;:&quot;0&quot;,&quot;credit&quot;:&quot;&quot;,&quot;camera&quot;:&quot;&quot;,&quot;caption&quot;:&quot;&quot;,&quot;created_timestamp&quot;:&quot;0&quot;,&quot;copyright&quot;:&quot;&quot;,&quot;focal_length&quot;:&quot;0&quot;,&quot;iso&quot;:&quot;0&quot;,&quot;shutter_speed&quot;:&quot;0&quot;,&quot;title&quot;:&quot;&quot;,&quot;orientation&quot;:&quot;0&quot;}\" data-image-title=\"donkey3\" data-image-description=\"\" data-image-caption=\"\" data-medium-file=\"https:\/\/michaelshof-sammatz.de\/blog\/wp-content\/uploads\/2019\/02\/donkey3-177x300.jpg\" data-large-file=\"https:\/\/michaelshof-sammatz.de\/blog\/wp-content\/uploads\/2019\/02\/donkey3.jpg\" tabindex=\"0\" role=\"button\" src=\"http:\/\/michaelshof-sammatz.de\/blog\/wp-content\/uploads\/2019\/02\/donkey3.jpg\" alt=\"\" class=\"wp-image-3438\" srcset=\"https:\/\/michaelshof-sammatz.de\/blog\/wp-content\/uploads\/2019\/02\/donkey3.jpg 312w, https:\/\/michaelshof-sammatz.de\/blog\/wp-content\/uploads\/2019\/02\/donkey3-300x508.jpg 300w, https:\/\/michaelshof-sammatz.de\/blog\/wp-content\/uploads\/2019\/02\/donkey3-177x300.jpg 177w\" sizes=\"(max-width: 312px) 100vw, 312px\" \/><\/figure>\n\n\n\n<p>Karla is 21 years old, has smooth black fur and has lived in Sammatz since she was six. She was already trained as a mount for children when she came here. The second oldest donkey is called Kalinka; she is 15 years old and has a grey head. The lovely little herd of donkeys comprises not only of these German donkeys but also includes a Catalan giant donkey and a French donkey with a special coat pattern (\u2018zebra legs\u2019).<\/p>\n\n\n\n<\/div>\n<div class=\"col-md-6\">\n\n\n\n<figure class=\"wp-block-image\"><img loading=\"lazy\" decoding=\"async\" width=\"359\" height=\"260\" data-attachment-id=\"3436\" data-permalink=\"https:\/\/michaelshof-sammatz.de\/blog\/en\/archehof-english\/what-is-an-archehof\/donkey1\/\" data-orig-file=\"https:\/\/michaelshof-sammatz.de\/blog\/wp-content\/uploads\/2019\/02\/donkey1.jpg\" data-orig-size=\"359,260\" data-comments-opened=\"0\" data-image-meta=\"{&quot;aperture&quot;:&quot;0&quot;,&quot;credit&quot;:&quot;&quot;,&quot;camera&quot;:&quot;&quot;,&quot;caption&quot;:&quot;&quot;,&quot;created_timestamp&quot;:&quot;0&quot;,&quot;copyright&quot;:&quot;&quot;,&quot;focal_length&quot;:&quot;0&quot;,&quot;iso&quot;:&quot;0&quot;,&quot;shutter_speed&quot;:&quot;0&quot;,&quot;title&quot;:&quot;&quot;,&quot;orientation&quot;:&quot;0&quot;}\" data-image-title=\"donkey1\" data-image-description=\"\" data-image-caption=\"\" data-medium-file=\"https:\/\/michaelshof-sammatz.de\/blog\/wp-content\/uploads\/2019\/02\/donkey1-300x217.jpg\" data-large-file=\"https:\/\/michaelshof-sammatz.de\/blog\/wp-content\/uploads\/2019\/02\/donkey1.jpg\" tabindex=\"0\" role=\"button\" src=\"http:\/\/michaelshof-sammatz.de\/blog\/wp-content\/uploads\/2019\/02\/donkey1.jpg\" alt=\"\" class=\"wp-image-3436\" srcset=\"https:\/\/michaelshof-sammatz.de\/blog\/wp-content\/uploads\/2019\/02\/donkey1.jpg 359w, https:\/\/michaelshof-sammatz.de\/blog\/wp-content\/uploads\/2019\/02\/donkey1-300x217.jpg 300w\" sizes=\"(max-width: 359px) 100vw, 359px\" \/><\/figure>\n\n\n\n<p>Our donkeys are in the pasture during the day so they can have their freedom and stretch their legs. We also make sure that they do not eat too much. Since they come from a hot, dry climate, in which food is scarce, they would certainly get sick if they were given as much food as the horses.<\/p>\n\n\n\n<p>They undergo a thorough education before they can be used as professional riding and therapy donkeys for children. Overcoming trust issues, becoming accustomed to a saddle and weight and finally to carrying people, the process can take a year or two. This is because a donkey does not readily listen to people or accept their orders.<\/p>\n\n\n\n<p>Our animals not only visit the donkey school diligently but they also lead a happy life in the stables and on the pasture. When mucking out and feeding, the Peronnik children are there as solid helpers. For them the donkeys are endearing companions, a work experience and at the same time a form of therapy and education. <\/p>\n\n\n\n<figure class=\"wp-block-image\"><img loading=\"lazy\" decoding=\"async\" width=\"357\" height=\"223\" data-attachment-id=\"3435\" data-permalink=\"https:\/\/michaelshof-sammatz.de\/blog\/en\/archehof-english\/what-is-an-archehof\/donkey2\/\" data-orig-file=\"https:\/\/michaelshof-sammatz.de\/blog\/wp-content\/uploads\/2019\/02\/donkey2.jpg\" data-orig-size=\"357,223\" data-comments-opened=\"0\" data-image-meta=\"{&quot;aperture&quot;:&quot;0&quot;,&quot;credit&quot;:&quot;&quot;,&quot;camera&quot;:&quot;&quot;,&quot;caption&quot;:&quot;&quot;,&quot;created_timestamp&quot;:&quot;0&quot;,&quot;copyright&quot;:&quot;&quot;,&quot;focal_length&quot;:&quot;0&quot;,&quot;iso&quot;:&quot;0&quot;,&quot;shutter_speed&quot;:&quot;0&quot;,&quot;title&quot;:&quot;&quot;,&quot;orientation&quot;:&quot;0&quot;}\" data-image-title=\"donkey2\" data-image-description=\"\" data-image-caption=\"\" data-medium-file=\"https:\/\/michaelshof-sammatz.de\/blog\/wp-content\/uploads\/2019\/02\/donkey2-300x187.jpg\" data-large-file=\"https:\/\/michaelshof-sammatz.de\/blog\/wp-content\/uploads\/2019\/02\/donkey2.jpg\" tabindex=\"0\" role=\"button\" src=\"http:\/\/michaelshof-sammatz.de\/blog\/wp-content\/uploads\/2019\/02\/donkey2.jpg\" alt=\"\" class=\"wp-image-3435\" srcset=\"https:\/\/michaelshof-sammatz.de\/blog\/wp-content\/uploads\/2019\/02\/donkey2.jpg 357w, https:\/\/michaelshof-sammatz.de\/blog\/wp-content\/uploads\/2019\/02\/donkey2-300x187.jpg 300w\" sizes=\"(max-width: 357px) 100vw, 357px\" \/><\/figure>\n\n\n\n<\/div><\/div>\n\n\n\n<\/div>\n\n<div id=\"Pferde\" class=\"tabcontent\">\n <span onclick=\"this.parentElement.style.display='none'\" class=\"topright\">&times;<\/span>\n\n\n\n<p><strong>Schwarzw\u00e4lder breed or draft horse<\/strong><\/p>\n\n\n\n<p>Originally bred as a light forest work Horse around the Black Forest region of Germany, the Schwarzw\u00e4lder Fox now is popular as a leisure horse. It is on the endangered list of livestock breeds in Germany \u2013 as of 2012 there were 700 Bloodmares and 40 licensed Stallions. The breed is featured among the horses of Arche-Hof Sammatz.<\/p>\n\n\n\n<div style=\"height:30px\" aria-hidden=\"true\" class=\"wp-block-spacer\"><\/div>\n\n\n\n<div class=\"row\">\n<div class=\"col-md-6\">\n\n\n\n<figure class=\"wp-block-image\"><img decoding=\"async\" data-attachment-id=\"1713\" data-permalink=\"https:\/\/michaelshof-sammatz.de\/blog\/archehof\/was-ist-ein-archehof\/cows-5\/\" data-orig-file=\"https:\/\/michaelshof-sammatz.de\/blog\/wp-content\/uploads\/2019\/01\/cows-5.jpg\" data-orig-size=\"779,294\" data-comments-opened=\"0\" data-image-meta=\"{&quot;aperture&quot;:&quot;0&quot;,&quot;credit&quot;:&quot;&quot;,&quot;camera&quot;:&quot;&quot;,&quot;caption&quot;:&quot;&quot;,&quot;created_timestamp&quot;:&quot;0&quot;,&quot;copyright&quot;:&quot;&quot;,&quot;focal_length&quot;:&quot;0&quot;,&quot;iso&quot;:&quot;0&quot;,&quot;shutter_speed&quot;:&quot;0&quot;,&quot;title&quot;:&quot;&quot;,&quot;orientation&quot;:&quot;0&quot;}\" data-image-title=\"cows-5\" data-image-description=\"\" data-image-caption=\"\" data-medium-file=\"https:\/\/michaelshof-sammatz.de\/blog\/wp-content\/uploads\/2019\/01\/cows-5-300x113.jpg\" data-large-file=\"https:\/\/michaelshof-sammatz.de\/blog\/wp-content\/uploads\/2019\/01\/cows-5.jpg\" tabindex=\"0\" role=\"button\" src=\"http:\/\/michaelshof-sammatz.de\/blog\/wp-content\/uploads\/2019\/01\/horses-1.jpg\" alt=\"\" class=\"wp-image-1713\"\/><\/figure>\n\n\n\n<p><strong>Charlie<\/strong><\/p>\n\n\n\n<p>Charlie is one of our rarest breeds amongst the animals in the Sammatz farm, of the Schwarzw\u00e4lder breed of draft horse, but also not the most common type, instead his \u2018fox\u2019 colour, distinguishes him as even rarer. He is one of the smaller horses in the stables and can be spotted with his signature white mane. Friederike, one of the professional horse riders living at Sammatz is one of the closest to Charlie and she\u2019s shared her experiences with this writer, explaining that Charlie is an integral member of the horse family here. \u201cHe\u2019s really diverse, he can do a lot of things\u201d explains Freddie \u2013 which includes taking the disabled children which live within the Sammatz community for walks. As well as working as an occupational therapist of the Pferde sort, Charlie has also previously helped ploughing the fields. Freddie exercises him daily, making sure his walking, trotting and running techniques are of a fit and healthy kind and she also takes him along to a nearby riding school.  <br><\/p>\n\n\n\n<\/div>\n<div class=\"col-md-6\">\n\n\n\n<figure class=\"wp-block-image\"><img decoding=\"async\" data-attachment-id=\"1713\" data-permalink=\"https:\/\/michaelshof-sammatz.de\/blog\/archehof\/was-ist-ein-archehof\/cows-5\/\" data-orig-file=\"https:\/\/michaelshof-sammatz.de\/blog\/wp-content\/uploads\/2019\/01\/cows-5.jpg\" data-orig-size=\"779,294\" data-comments-opened=\"0\" data-image-meta=\"{&quot;aperture&quot;:&quot;0&quot;,&quot;credit&quot;:&quot;&quot;,&quot;camera&quot;:&quot;&quot;,&quot;caption&quot;:&quot;&quot;,&quot;created_timestamp&quot;:&quot;0&quot;,&quot;copyright&quot;:&quot;&quot;,&quot;focal_length&quot;:&quot;0&quot;,&quot;iso&quot;:&quot;0&quot;,&quot;shutter_speed&quot;:&quot;0&quot;,&quot;title&quot;:&quot;&quot;,&quot;orientation&quot;:&quot;0&quot;}\" data-image-title=\"cows-5\" data-image-description=\"\" data-image-caption=\"\" data-medium-file=\"https:\/\/michaelshof-sammatz.de\/blog\/wp-content\/uploads\/2019\/01\/cows-5-300x113.jpg\" data-large-file=\"https:\/\/michaelshof-sammatz.de\/blog\/wp-content\/uploads\/2019\/01\/cows-5.jpg\" tabindex=\"0\" role=\"button\" src=\"http:\/\/michaelshof-sammatz.de\/blog\/wp-content\/uploads\/2019\/01\/horses-2.jpg\" alt=\"\" class=\"wp-image-1713\"\/><\/figure>\n\n\n\n<p>As with the other horses Charlie enjoys all kinds of food which is given to him.<br>He can be found within the Sammatz stables, hanging out with Katinka (a black horse), Luna (very \u2018fox\u2019 coloured), Lelek (with a black mane and black tale) and Applebee (a very large white horse). Charlie is one of the lower ranked within the horse pack but is very friendly, and will allow onlookers to admire him without any bother.<\/p>\n\n\n\n<\/div><\/div>\n<div class=\"row\">\n<div class=\"col-md-7\">\n\n\n\n<figure class=\"wp-block-image\"><img loading=\"lazy\" decoding=\"async\" width=\"454\" height=\"336\" data-attachment-id=\"3441\" data-permalink=\"https:\/\/michaelshof-sammatz.de\/blog\/en\/archehof-english\/what-is-an-archehof\/horse1\/\" data-orig-file=\"https:\/\/michaelshof-sammatz.de\/blog\/wp-content\/uploads\/2019\/02\/horse1.jpg\" data-orig-size=\"454,336\" data-comments-opened=\"0\" data-image-meta=\"{&quot;aperture&quot;:&quot;0&quot;,&quot;credit&quot;:&quot;&quot;,&quot;camera&quot;:&quot;&quot;,&quot;caption&quot;:&quot;&quot;,&quot;created_timestamp&quot;:&quot;0&quot;,&quot;copyright&quot;:&quot;&quot;,&quot;focal_length&quot;:&quot;0&quot;,&quot;iso&quot;:&quot;0&quot;,&quot;shutter_speed&quot;:&quot;0&quot;,&quot;title&quot;:&quot;&quot;,&quot;orientation&quot;:&quot;0&quot;}\" data-image-title=\"horse1\" data-image-description=\"\" data-image-caption=\"\" data-medium-file=\"https:\/\/michaelshof-sammatz.de\/blog\/wp-content\/uploads\/2019\/02\/horse1-300x222.jpg\" data-large-file=\"https:\/\/michaelshof-sammatz.de\/blog\/wp-content\/uploads\/2019\/02\/horse1.jpg\" tabindex=\"0\" role=\"button\" src=\"http:\/\/michaelshof-sammatz.de\/blog\/wp-content\/uploads\/2019\/02\/horse1.jpg\" alt=\"\" class=\"wp-image-3441\" srcset=\"https:\/\/michaelshof-sammatz.de\/blog\/wp-content\/uploads\/2019\/02\/horse1.jpg 454w, https:\/\/michaelshof-sammatz.de\/blog\/wp-content\/uploads\/2019\/02\/horse1-300x222.jpg 300w\" sizes=\"(max-width: 454px) 100vw, 454px\" \/><\/figure>\n\n\n\n<\/div>\n<div class=\"col-md-5>\n\n\n\n<figure class=\"wp-block-image\"><img loading=\"lazy\" decoding=\"async\" width=\"281\" height=\"337\" data-attachment-id=\"3442\" data-permalink=\"https:\/\/michaelshof-sammatz.de\/blog\/en\/archehof-english\/what-is-an-archehof\/horse2\/\" data-orig-file=\"https:\/\/michaelshof-sammatz.de\/blog\/wp-content\/uploads\/2019\/02\/horse2.jpg\" data-orig-size=\"281,337\" data-comments-opened=\"0\" data-image-meta=\"{&quot;aperture&quot;:&quot;0&quot;,&quot;credit&quot;:&quot;&quot;,&quot;camera&quot;:&quot;&quot;,&quot;caption&quot;:&quot;&quot;,&quot;created_timestamp&quot;:&quot;0&quot;,&quot;copyright&quot;:&quot;&quot;,&quot;focal_length&quot;:&quot;0&quot;,&quot;iso&quot;:&quot;0&quot;,&quot;shutter_speed&quot;:&quot;0&quot;,&quot;title&quot;:&quot;&quot;,&quot;orientation&quot;:&quot;0&quot;}\" data-image-title=\"horse2\" data-image-description=\"\" data-image-caption=\"\" data-medium-file=\"https:\/\/michaelshof-sammatz.de\/blog\/wp-content\/uploads\/2019\/02\/horse2-250x300.jpg\" data-large-file=\"https:\/\/michaelshof-sammatz.de\/blog\/wp-content\/uploads\/2019\/02\/horse2.jpg\" tabindex=\"0\" role=\"button\" src=\"http:\/\/michaelshof-sammatz.de\/blog\/wp-content\/uploads\/2019\/02\/horse2.jpg\" alt=\"\" class=\"wp-image-3442\" srcset=\"https:\/\/michaelshof-sammatz.de\/blog\/wp-content\/uploads\/2019\/02\/horse2.jpg 281w, https:\/\/michaelshof-sammatz.de\/blog\/wp-content\/uploads\/2019\/02\/horse2-250x300.jpg 250w\" sizes=\"(max-width: 281px) 100vw, 281px\" \/><\/figure>\n\n\n\n<\/div>\n<\/div>\n\n\n\n<\/div>\n\n\n\n<div style=\"height:35px\" aria-hidden=\"true\" class=\"wp-block-spacer\"><\/div>\n\n\n\n<p style=\"font-size:18px\"><strong>Cows with horns, Tony and other animal encounters<\/strong><\/p>\n\n\n\n<p>Our farm is a so-called Arche-Hof, which means that we stand for the conservation of old animal breeds. When visiting Sammatz, you can have close contact with them \u2013 farm animals to touch: cows, horses, goats, donkeys, pigs, sheep and poultry. Almost all are special breeds, all of which have a distinctive appearance.<\/p>\n\n\n\n<div style=\"height:20px\" aria-hidden=\"true\" class=\"wp-block-spacer\"><\/div>\n\n\n\n<div class=\"wp-block-media-text alignwide has-media-on-the-right is-stacked-on-mobile\" style=\"grid-template-columns:auto 61%\"><figure class=\"wp-block-media-text__media\"><img loading=\"lazy\" decoding=\"async\" width=\"556\" height=\"344\" data-attachment-id=\"13933\" data-permalink=\"https:\/\/michaelshof-sammatz.de\/blog\/en\/archehof-english\/what-is-an-archehof\/arc_e_cows\/\" data-orig-file=\"https:\/\/michaelshof-sammatz.de\/blog\/wp-content\/uploads\/2019\/03\/ARC_e_cows.jpg\" data-orig-size=\"556,344\" data-comments-opened=\"0\" data-image-meta=\"{&quot;aperture&quot;:&quot;0&quot;,&quot;credit&quot;:&quot;&quot;,&quot;camera&quot;:&quot;&quot;,&quot;caption&quot;:&quot;&quot;,&quot;created_timestamp&quot;:&quot;0&quot;,&quot;copyright&quot;:&quot;&quot;,&quot;focal_length&quot;:&quot;0&quot;,&quot;iso&quot;:&quot;0&quot;,&quot;shutter_speed&quot;:&quot;0&quot;,&quot;title&quot;:&quot;&quot;,&quot;orientation&quot;:&quot;0&quot;}\" data-image-title=\"ARC_e_cows\" data-image-description=\"\" data-image-caption=\"\" data-medium-file=\"https:\/\/michaelshof-sammatz.de\/blog\/wp-content\/uploads\/2019\/03\/ARC_e_cows-300x186.jpg\" data-large-file=\"https:\/\/michaelshof-sammatz.de\/blog\/wp-content\/uploads\/2019\/03\/ARC_e_cows.jpg\" tabindex=\"0\" role=\"button\" src=\"http:\/\/michaelshof-sammatz.de\/blog\/wp-content\/uploads\/2019\/03\/ARC_e_cows.jpg\" alt=\"\" class=\"wp-image-13933\" srcset=\"https:\/\/michaelshof-sammatz.de\/blog\/wp-content\/uploads\/2019\/03\/ARC_e_cows.jpg 556w, https:\/\/michaelshof-sammatz.de\/blog\/wp-content\/uploads\/2019\/03\/ARC_e_cows-300x186.jpg 300w, https:\/\/michaelshof-sammatz.de\/blog\/wp-content\/uploads\/2019\/03\/ARC_e_cows-150x93.jpg 150w\" sizes=\"(max-width: 556px) 100vw, 556px\" \/><\/figure><div class=\"wp-block-media-text__content\">\n<p>You will encounter the Angler cows, a breed of cattle that has lived in northern Europe for over five thousand years and has become a very rare. Their peaceful nature means that they are comfortable with human attention; you can be there every day as they walk across the farm on their way to the pasture. During the day you will meet the impressively sized bull Toni as well as the older cubs called heifers. In the late afternoon we feed the small calves by hand with milk \u2013 one of the many authentic farm events that you can witness.<\/p>\n<\/div><\/div>\n\n\n\n<div style=\"height:20px\" aria-hidden=\"true\" class=\"wp-block-spacer\"><\/div>\n\n\n\n<p>Part of our goats <g class=\"gr_ gr_6 gr-alert gr_gramm gr_inline_cards gr_run_anim Grammar multiReplace\" id=\"6\" data-gr-id=\"6\">belong<\/g> to the rare breed &#8222;Th\u00fcringer Wald&#8220;, an old cross between various German and Swiss goats. They are the perfect example of a species that can be found traditionally in the mountains \u2013 so they fit wonderfully into our Sammatzer hills &#8230; \ud83d\ude09<\/p>\n\n\n\n<div style=\"height:20px\" aria-hidden=\"true\" class=\"wp-block-spacer\"><\/div>\n\n\n\n<div class=\"wp-block-media-text alignwide is-stacked-on-mobile\" style=\"grid-template-columns:46% auto\"><figure class=\"wp-block-media-text__media\"><img loading=\"lazy\" decoding=\"async\" width=\"445\" height=\"906\" data-attachment-id=\"1768\" data-permalink=\"https:\/\/michaelshof-sammatz.de\/blog\/archehof\/was-ist-ein-archehof\/wasisarch3\/\" data-orig-file=\"https:\/\/michaelshof-sammatz.de\/blog\/wp-content\/uploads\/2019\/01\/wasisarch3.jpg\" data-orig-size=\"445,906\" data-comments-opened=\"0\" data-image-meta=\"{&quot;aperture&quot;:&quot;0&quot;,&quot;credit&quot;:&quot;&quot;,&quot;camera&quot;:&quot;&quot;,&quot;caption&quot;:&quot;&quot;,&quot;created_timestamp&quot;:&quot;0&quot;,&quot;copyright&quot;:&quot;&quot;,&quot;focal_length&quot;:&quot;0&quot;,&quot;iso&quot;:&quot;0&quot;,&quot;shutter_speed&quot;:&quot;0&quot;,&quot;title&quot;:&quot;&quot;,&quot;orientation&quot;:&quot;0&quot;}\" data-image-title=\"wasisarch3\" data-image-description=\"\" data-image-caption=\"\" data-medium-file=\"https:\/\/michaelshof-sammatz.de\/blog\/wp-content\/uploads\/2019\/01\/wasisarch3-147x300.jpg\" data-large-file=\"https:\/\/michaelshof-sammatz.de\/blog\/wp-content\/uploads\/2019\/01\/wasisarch3.jpg\" tabindex=\"0\" role=\"button\" src=\"http:\/\/michaelshof-sammatz.de\/blog\/wp-content\/uploads\/2019\/01\/wasisarch3.jpg\" alt=\"\" class=\"wp-image-1768\" srcset=\"https:\/\/michaelshof-sammatz.de\/blog\/wp-content\/uploads\/2019\/01\/wasisarch3.jpg 445w, https:\/\/michaelshof-sammatz.de\/blog\/wp-content\/uploads\/2019\/01\/wasisarch3-300x611.jpg 300w, https:\/\/michaelshof-sammatz.de\/blog\/wp-content\/uploads\/2019\/01\/wasisarch3-147x300.jpg 147w\" sizes=\"(max-width: 445px) 100vw, 445px\" \/><\/figure><div class=\"wp-block-media-text__content\">\n<p>Our rustic pigs fit in perfectly with this mixed community of farm animals \u2013 not least because they eat up all our kitchen garbage with passion. At their pen you can often marvel at little piglets \u2013 that\u2019s where many vistors stay the longest.  <\/p>\n\n\n\n<p>Sometimes you will see how the flock of sheep gallop past the caf\u00e9 from their pasture to the stables. And in the open stables on the farm you&#8217;ll find a proud gang of horses. Charlie, a rare &#8222;Black Forest Draftblood&#8220; is particularly noteworthy with a beautiful, fox-brown coat and white mane. Our friendly local farmers, as well as the international helpers who work for us, are here to answer any questions about the animal breeds that call Sammatz their home.<\/p>\n\n\n\n<p style=\"font-size:18px\"><strong>Children love animals \u2013 just like grown-ups do<\/strong><\/p>\n\n\n\n<p>The Archehof with its various animals \u2013 the cute donkeys, the diverse poultry and the earthy pigs we did not mention \u2013 is a dream destination for every family outing. The kids won\u2019t be able to get enough of the open stables. Adjacent to the stables is the farm shop which has many good things on offer; vegetables, fruits, Sammatzer dairy and meat products and many other delicious things to take home with you.<\/p>\n\n\n\n<p style=\"color:#e88b05;font-size:24px\" class=\"has-text-color\"><strong>\u00abOur little ones <\/strong><br><strong>just can\u2019t wait to visit!\u00bb <\/strong> <\/p>\n\n\n\n<p style=\"font-size:18px\"><strong>Natural fodder \u2013 healthy food<\/strong><\/p>\n\n\n\n<p>Of course, our animals also receive something good every day. You will find large pastures in the vicinity of the farm where the animals spend their days in the summer months. <\/p>\n<\/div><\/div>\n\n\n\n<div style=\"height:30px\" aria-hidden=\"true\" class=\"wp-block-spacer\"><\/div>\n\n\n\n<p>We also harvest the delicious hay for the winter nearby, in a field where a pasturage for the animals is not possible.<br>Here, the pastures are farmed using biodynamic methods, which means that no chemical fertilizers are applied. We only use natural manure which is treated with special herbs in order to promote growth and soil quality.<\/p>\n\n\n\n<p style=\"font-size:18px\"><strong>Livestock breeding \u2013 many questions, a lot to learn<\/strong><\/p>\n\n\n\n<p>The animals thank us for our kindness with good-tasting milk and \u2013 vegetarians and vegans have no fear! \u2013 tender meat that retains all its volume when cooked. Unfortunately, slaughtering the animals is a part and parcel of the process of animal husbandry, since no farm has infinite spaces for grazing and the animals are not wild. They would not survive in the wild. Should we simply let the old races die out?<\/p>\n\n\n\n<figure class=\"wp-block-image\"><img loading=\"lazy\" decoding=\"async\" width=\"1000\" height=\"345\" data-attachment-id=\"13912\" data-permalink=\"https:\/\/michaelshof-sammatz.de\/blog\/en\/archehof-english\/what-is-an-archehof\/arc_start_vs40089120-2\/\" data-orig-file=\"https:\/\/michaelshof-sammatz.de\/blog\/wp-content\/uploads\/2019\/03\/ARC_Start_vs40089120-1.jpg\" data-orig-size=\"1000,345\" data-comments-opened=\"0\" data-image-meta=\"{&quot;aperture&quot;:&quot;0&quot;,&quot;credit&quot;:&quot;&quot;,&quot;camera&quot;:&quot;&quot;,&quot;caption&quot;:&quot;&quot;,&quot;created_timestamp&quot;:&quot;0&quot;,&quot;copyright&quot;:&quot;&quot;,&quot;focal_length&quot;:&quot;0&quot;,&quot;iso&quot;:&quot;0&quot;,&quot;shutter_speed&quot;:&quot;0&quot;,&quot;title&quot;:&quot;&quot;,&quot;orientation&quot;:&quot;0&quot;}\" data-image-title=\"ARC_Start_vs40089120\" data-image-description=\"\" data-image-caption=\"\" data-medium-file=\"https:\/\/michaelshof-sammatz.de\/blog\/wp-content\/uploads\/2019\/03\/ARC_Start_vs40089120-1-300x104.jpg\" data-large-file=\"https:\/\/michaelshof-sammatz.de\/blog\/wp-content\/uploads\/2019\/03\/ARC_Start_vs40089120-1.jpg\" tabindex=\"0\" role=\"button\" src=\"http:\/\/michaelshof-sammatz.de\/blog\/wp-content\/uploads\/2019\/03\/ARC_Start_vs40089120-1.jpg\" alt=\"\" class=\"wp-image-13912\" srcset=\"https:\/\/michaelshof-sammatz.de\/blog\/wp-content\/uploads\/2019\/03\/ARC_Start_vs40089120-1.jpg 1000w, https:\/\/michaelshof-sammatz.de\/blog\/wp-content\/uploads\/2019\/03\/ARC_Start_vs40089120-1-300x104.jpg 300w, https:\/\/michaelshof-sammatz.de\/blog\/wp-content\/uploads\/2019\/03\/ARC_Start_vs40089120-1-600x207.jpg 600w, https:\/\/michaelshof-sammatz.de\/blog\/wp-content\/uploads\/2019\/03\/ARC_Start_vs40089120-1-150x52.jpg 150w, https:\/\/michaelshof-sammatz.de\/blog\/wp-content\/uploads\/2019\/03\/ARC_Start_vs40089120-1-768x265.jpg 768w\" sizes=\"(max-width: 1000px) 100vw, 1000px\" \/><\/figure>\n\n\n\n<div class=\"row\">\n<div class=\"col-md-5\">\n\n\n\n<p><p style=\"color:#e88b05;font-size:22px;text-align:right\" class=\"has-text-color\"><strong>Can farm animals<br>lead a &#8222;happy life&#8220;?<br>We think so<\/strong><br><\/p><\/p>\n\n\n\n<\/div>\n<div class=\"col-md-7\">\n\n\n\n<p>Animals that are organically fed and cared for by loving people live a happy life. We are happy to make this possible!<br><br>Even the power food that our animals love so much comes from our own bio-dynamic cultivation.<\/p>\n\n\n\n<\/div><\/div>\n\n\n\n<p>It usually consists of a mixture of cereals, beets and potatoes all shredded together and it is obviously extremely tasty. So far, we have purchased the feed in individual components and mixed it ourselves. Since we can now lease additional acreage, we will largely grow the feed ourselves next year.  <\/p>\n\n\n\n<p>We are in a constant process of learning on our Archehof; every year brings new experiences. This keeps us constantly busy, both internally and externally. It is <g class=\"gr_ gr_10 gr-alert gr_gramm gr_inline_cards gr_run_anim Punctuation replaceWithoutSep\" id=\"10\" data-gr-id=\"10\">in particular<\/g> the diversity of our animal husbandry, the fact that we have seven different species, that requires much more effort and attention than if we were to just restrict ourselves to one species. However, we think that a farm of this kind is a healthy and joyful phenomenon for both the animals and <g class=\"gr_ gr_8 gr-alert gr_gramm gr_inline_cards gr_run_anim Grammar only-del replaceWithoutSep\" id=\"8\" data-gr-id=\"8\">the humans<\/g>. A farm as it used to be \u2013 <g class=\"gr_ gr_9 gr-alert gr_gramm gr_inline_cards gr_run_anim Grammar multiReplace\" id=\"9\" data-gr-id=\"9\">operated<\/g> in a modern way.<\/p>\n\n\n\n<div class=\"wp-block-media-text alignwide has-media-on-the-right is-stacked-on-mobile\" style=\"grid-template-columns:auto 59%\"><figure class=\"wp-block-media-text__media\"><img loading=\"lazy\" decoding=\"async\" width=\"429\" height=\"316\" data-attachment-id=\"1770\" data-permalink=\"https:\/\/michaelshof-sammatz.de\/blog\/archehof\/was-ist-ein-archehof\/wasisarch4\/\" data-orig-file=\"https:\/\/michaelshof-sammatz.de\/blog\/wp-content\/uploads\/2019\/01\/wasisarch4.jpg\" data-orig-size=\"429,316\" data-comments-opened=\"0\" data-image-meta=\"{&quot;aperture&quot;:&quot;0&quot;,&quot;credit&quot;:&quot;&quot;,&quot;camera&quot;:&quot;&quot;,&quot;caption&quot;:&quot;&quot;,&quot;created_timestamp&quot;:&quot;0&quot;,&quot;copyright&quot;:&quot;&quot;,&quot;focal_length&quot;:&quot;0&quot;,&quot;iso&quot;:&quot;0&quot;,&quot;shutter_speed&quot;:&quot;0&quot;,&quot;title&quot;:&quot;&quot;,&quot;orientation&quot;:&quot;0&quot;}\" data-image-title=\"wasisarch4\" data-image-description=\"\" data-image-caption=\"\" data-medium-file=\"https:\/\/michaelshof-sammatz.de\/blog\/wp-content\/uploads\/2019\/01\/wasisarch4-300x221.jpg\" data-large-file=\"https:\/\/michaelshof-sammatz.de\/blog\/wp-content\/uploads\/2019\/01\/wasisarch4.jpg\" tabindex=\"0\" role=\"button\" src=\"http:\/\/michaelshof-sammatz.de\/blog\/wp-content\/uploads\/2019\/01\/wasisarch4.jpg\" alt=\"\" class=\"wp-image-1770\" srcset=\"https:\/\/michaelshof-sammatz.de\/blog\/wp-content\/uploads\/2019\/01\/wasisarch4.jpg 429w, https:\/\/michaelshof-sammatz.de\/blog\/wp-content\/uploads\/2019\/01\/wasisarch4-300x221.jpg 300w\" sizes=\"(max-width: 429px) 100vw, 429px\" \/><\/figure><div class=\"wp-block-media-text__content\">\n<p style=\"color:#e88b05;font-size:22px\" class=\"has-text-color has-text-align-right\"><strong>A trip to the farm<\/strong><br><strong> during a day out<\/strong><br><strong> at Sammatz<\/strong><br><strong> is a must<\/strong>.<\/p>\n\n\n\n<p style=\"color:#e88b05;font-size:30px\" class=\"has-text-color has-text-align-right\"><strong>We look forward to welcoming you!<\/strong><br><br><br><\/p>\n<\/div><\/div>\n\n\n\n<div style=\"height:50px\" aria-hidden=\"true\" class=\"wp-block-spacer\"><\/div>\n","protected":false},"excerpt":{"rendered":"<p>What is an Arche-Hof?\ufeff Cows Pigs Goats Sheep Fowl Donkeys Horses &times; Deutsches Rotvieh\/Angler or German Red Cattle Some say the Deutsches Rotvieh\/Angler or German Red Cattle have existed in these areas for over 5000 years. They were first mentioned in writing around 1600 and have remained a popular breed due to the quantity of [&hellip;]<\/p>\n","protected":false},"author":1,"featured_media":0,"parent":2367,"menu_order":0,"comment_status":"closed","ping_status":"closed","template":"","meta":{"footnotes":""},"class_list":["post-2843","page","type-page","status-publish","hentry"],"jetpack_sharing_enabled":true,"jetpack_shortlink":"https:\/\/wp.me\/PaQBcD-JR","jetpack-related-posts":[],"_links":{"self":[{"href":"https:\/\/michaelshof-sammatz.de\/blog\/wp-json\/wp\/v2\/pages\/2843"}],"collection":[{"href":"https:\/\/michaelshof-sammatz.de\/blog\/wp-json\/wp\/v2\/pages"}],"about":[{"href":"https:\/\/michaelshof-sammatz.de\/blog\/wp-json\/wp\/v2\/types\/page"}],"author":[{"embeddable":true,"href":"https:\/\/michaelshof-sammatz.de\/blog\/wp-json\/wp\/v2\/users\/1"}],"replies":[{"embeddable":true,"href":"https:\/\/michaelshof-sammatz.de\/blog\/wp-json\/wp\/v2\/comments?post=2843"}],"version-history":[{"count":76,"href":"https:\/\/michaelshof-sammatz.de\/blog\/wp-json\/wp\/v2\/pages\/2843\/revisions"}],"predecessor-version":[{"id":26524,"href":"https:\/\/michaelshof-sammatz.de\/blog\/wp-json\/wp\/v2\/pages\/2843\/revisions\/26524"}],"up":[{"embeddable":true,"href":"https:\/\/michaelshof-sammatz.de\/blog\/wp-json\/wp\/v2\/pages\/2367"}],"wp:attachment":[{"href":"https:\/\/michaelshof-sammatz.de\/blog\/wp-json\/wp\/v2\/media?parent=2843"}],"curies":[{"name":"wp","href":"https:\/\/api.w.org\/{rel}","templated":true}]}}