

{"id":857,"date":"2019-01-06T19:14:15","date_gmt":"2019-01-06T18:14:15","guid":{"rendered":"http:\/\/michaelshof-campus.com\/blog\/?page_id=857"},"modified":"2022-09-30T11:45:12","modified_gmt":"2022-09-30T09:45:12","slug":"projekte-im-startblock","status":"publish","type":"page","link":"https:\/\/michaelshof-sammatz.de\/blog\/projekte\/projekte-im-startblock\/","title":{"rendered":"Projekte | Projekte im Startblock"},"content":{"rendered":"\n<h1 class=\"wp-block-heading\"><strong>Projekte<\/strong><\/h1>\n\n\n\n<h2 class=\"wp-block-heading\"><strong>mit <\/strong><strong>eurer<\/strong><strong> Unterst\u00fctzung<\/strong><\/h2>\n\n\n\n<div style=\"height:35px\" aria-hidden=\"true\" class=\"wp-block-spacer\"><\/div>\n\n\n\n<div class=\"wp-block-media-text alignwide is-stacked-on-mobile summary\"><figure class=\"wp-block-media-text__media\"><img fetchpriority=\"high\" decoding=\"async\" width=\"602\" height=\"339\" data-attachment-id=\"1599\" data-permalink=\"https:\/\/michaelshof-sammatz.de\/blog\/projekte\/projekte-im-startblock\/projectstart-1\/\" data-orig-file=\"https:\/\/michaelshof-sammatz.de\/blog\/wp-content\/uploads\/2019\/01\/projectstart-1.jpg\" data-orig-size=\"602,339\" data-comments-opened=\"0\" data-image-meta=\"{&quot;aperture&quot;:&quot;0&quot;,&quot;credit&quot;:&quot;&quot;,&quot;camera&quot;:&quot;&quot;,&quot;caption&quot;:&quot;&quot;,&quot;created_timestamp&quot;:&quot;0&quot;,&quot;copyright&quot;:&quot;&quot;,&quot;focal_length&quot;:&quot;0&quot;,&quot;iso&quot;:&quot;0&quot;,&quot;shutter_speed&quot;:&quot;0&quot;,&quot;title&quot;:&quot;&quot;,&quot;orientation&quot;:&quot;0&quot;}\" data-image-title=\"projectstart-1\" data-image-description=\"\" data-image-caption=\"\" data-medium-file=\"https:\/\/michaelshof-sammatz.de\/blog\/wp-content\/uploads\/2019\/01\/projectstart-1-300x169.jpg\" data-large-file=\"https:\/\/michaelshof-sammatz.de\/blog\/wp-content\/uploads\/2019\/01\/projectstart-1.jpg\" tabindex=\"0\" role=\"button\" src=\"http:\/\/michaelshof-sammatz.de\/blog\/wp-content\/uploads\/2019\/01\/projectstart-1.jpg\" alt=\"\" class=\"wp-image-1599 size-full\" srcset=\"https:\/\/michaelshof-sammatz.de\/blog\/wp-content\/uploads\/2019\/01\/projectstart-1.jpg 602w, https:\/\/michaelshof-sammatz.de\/blog\/wp-content\/uploads\/2019\/01\/projectstart-1-300x169.jpg 300w, https:\/\/michaelshof-sammatz.de\/blog\/wp-content\/uploads\/2019\/01\/projectstart-1-600x338.jpg 600w\" sizes=\"(max-width: 602px) 100vw, 602px\" \/><\/figure><div class=\"wp-block-media-text__content\">\n<h4 class=\"wp-block-heading\" id=\"mce_22\"><strong>Vielf\u00e4ltig&nbsp;helfen \u2013&nbsp;<br>Geld und Arbeit<br>f\u00fcr einen guten Zweck\ufeff<\/strong><\/h4>\n<\/div><\/div>\n\n\n\n<div style=\"height:35px\" aria-hidden=\"true\" class=\"wp-block-spacer\"><\/div>\n\n\n\n\n\n\n\n<div style=\"height:50px\" aria-hidden=\"true\" class=\"wp-block-spacer\"><\/div>\n\n\n\n<p>Der Michaelshof entwickelt sich st\u00e4ndig weiter. Hier seht ihr einige der aktuellen Projekte:  <\/p>\n\n\n\n<div style=\"height:35px\" aria-hidden=\"true\" class=\"wp-block-spacer\"><\/div>\n\n\n\n<div class=\"wp-block-media-text alignwide is-stacked-on-mobile\"><figure class=\"wp-block-media-text__media\"><img decoding=\"async\" width=\"458\" height=\"252\" data-attachment-id=\"1594\" data-permalink=\"https:\/\/michaelshof-sammatz.de\/blog\/projekte\/projekte-im-startblock\/projectstart-2\/\" data-orig-file=\"https:\/\/michaelshof-sammatz.de\/blog\/wp-content\/uploads\/2019\/01\/projectstart-2.jpg\" data-orig-size=\"458,252\" data-comments-opened=\"0\" data-image-meta=\"{&quot;aperture&quot;:&quot;0&quot;,&quot;credit&quot;:&quot;&quot;,&quot;camera&quot;:&quot;&quot;,&quot;caption&quot;:&quot;&quot;,&quot;created_timestamp&quot;:&quot;0&quot;,&quot;copyright&quot;:&quot;&quot;,&quot;focal_length&quot;:&quot;0&quot;,&quot;iso&quot;:&quot;0&quot;,&quot;shutter_speed&quot;:&quot;0&quot;,&quot;title&quot;:&quot;&quot;,&quot;orientation&quot;:&quot;0&quot;}\" data-image-title=\"projectstart-2\" data-image-description=\"\" data-image-caption=\"\" data-medium-file=\"https:\/\/michaelshof-sammatz.de\/blog\/wp-content\/uploads\/2019\/01\/projectstart-2-300x165.jpg\" data-large-file=\"https:\/\/michaelshof-sammatz.de\/blog\/wp-content\/uploads\/2019\/01\/projectstart-2.jpg\" tabindex=\"0\" role=\"button\" src=\"http:\/\/michaelshof-sammatz.de\/blog\/wp-content\/uploads\/2019\/01\/projectstart-2.jpg\" alt=\"\" class=\"wp-image-1594 size-full\" srcset=\"https:\/\/michaelshof-sammatz.de\/blog\/wp-content\/uploads\/2019\/01\/projectstart-2.jpg 458w, https:\/\/michaelshof-sammatz.de\/blog\/wp-content\/uploads\/2019\/01\/projectstart-2-300x165.jpg 300w\" sizes=\"(max-width: 458px) 100vw, 458px\" \/><\/figure><div class=\"wp-block-media-text__content\">\n<p style=\"font-size:18px\"><strong>Wohngeb\u00e4ude<\/strong><\/p>\n\n\n\n<p>Mehrgenerationenh\u00e4user in waldiger Umgebung, durch die wir sowohl Wohnraum f\u00fcr unsere Mitarbeiter als auch f\u00fcr \u00e4ltere Menschen und Volunteers zur Verf\u00fcgung stellen k\u00f6nnen. Die H\u00e4user werden in derselben Holzbauweise wie das Haus der Natur und das Youth Hostel errichtet. Das dort erworbene Know How k\u00f6nnen wir hier f\u00fcr eine optimale Arbeitseffizienz gut gebrauchen. Die H\u00e4user werden, wie immer bei uns, harmonisch in die vorhandene Landschaft eingepasst.<br>Der Bau der ersten beiden H\u00e4user hat im Dezember 2018 begonnen. 10 wurden bisher fertiggestellt, 4 sind noch im Bau.<\/p>\n<\/div><\/div>\n\n\n\n<div class=\"wp-block-media-text alignwide is-stacked-on-mobile\"><figure class=\"wp-block-media-text__media\"><img decoding=\"async\" width=\"800\" height=\"635\" data-attachment-id=\"30227\" data-permalink=\"https:\/\/michaelshof-sammatz.de\/blog\/projekte\/projekte-im-startblock\/michaelshof_211101_lagekartehotel\/\" data-orig-file=\"https:\/\/michaelshof-sammatz.de\/blog\/wp-content\/uploads\/2021\/11\/Michaelshof_211101_LagekarteHotel.jpg\" data-orig-size=\"800,635\" data-comments-opened=\"0\" data-image-meta=\"{&quot;aperture&quot;:&quot;0&quot;,&quot;credit&quot;:&quot;&quot;,&quot;camera&quot;:&quot;&quot;,&quot;caption&quot;:&quot;&quot;,&quot;created_timestamp&quot;:&quot;0&quot;,&quot;copyright&quot;:&quot;&quot;,&quot;focal_length&quot;:&quot;0&quot;,&quot;iso&quot;:&quot;0&quot;,&quot;shutter_speed&quot;:&quot;0&quot;,&quot;title&quot;:&quot;&quot;,&quot;orientation&quot;:&quot;0&quot;}\" data-image-title=\"Michaelshof_211101_LagekarteHotel\" data-image-description=\"\" data-image-caption=\"\" data-medium-file=\"https:\/\/michaelshof-sammatz.de\/blog\/wp-content\/uploads\/2021\/11\/Michaelshof_211101_LagekarteHotel-300x238.jpg\" data-large-file=\"https:\/\/michaelshof-sammatz.de\/blog\/wp-content\/uploads\/2021\/11\/Michaelshof_211101_LagekarteHotel.jpg\" tabindex=\"0\" role=\"button\" src=\"https:\/\/michaelshof-sammatz.de\/blog\/wp-content\/uploads\/2021\/11\/Michaelshof_211101_LagekarteHotel.jpg\" alt=\"\" class=\"wp-image-30227 size-full\" srcset=\"https:\/\/michaelshof-sammatz.de\/blog\/wp-content\/uploads\/2021\/11\/Michaelshof_211101_LagekarteHotel.jpg 800w, https:\/\/michaelshof-sammatz.de\/blog\/wp-content\/uploads\/2021\/11\/Michaelshof_211101_LagekarteHotel-300x238.jpg 300w, https:\/\/michaelshof-sammatz.de\/blog\/wp-content\/uploads\/2021\/11\/Michaelshof_211101_LagekarteHotel-150x119.jpg 150w, https:\/\/michaelshof-sammatz.de\/blog\/wp-content\/uploads\/2021\/11\/Michaelshof_211101_LagekarteHotel-768x610.jpg 768w\" sizes=\"(max-width: 800px) 100vw, 800px\" \/><\/figure><div class=\"wp-block-media-text__content\">\n<p style=\"font-size:18px\"><strong>SamHotel \u2013 ein Hotel am Michaelshof<\/strong><\/p>\n\n\n\n<p>Das geplante Hotel legt einen Schwerpunkt auf den naturinteressierten Gast: Teilnehmer der Seminare im Haus der Natur, Garten-Fans, Besucher des Biosph\u00e4ren-Reservates, Familien mit Kindern, die Erholung mit Naturerlebnissen verbinden u. v. m. Der nachhaltige Holzbau mit \u00fcberdachtem Innenhof soll auf den Rosengarten und den Campusgarten blicken. Arche-Hof, Haus der Natur und Hofladen sind nur wenige Schritte entfernt. Ein Fitness- und Wellnessbereich, Lese- und Veranstaltungsr\u00e4ume wie auch eine Cafeteria erg\u00e4nzen das entspannte Wohnerlebnis in unserem \u2039SamHotel\u203a.<\/p>\n\n\n\n<div class=\"wp-block-media-text alignwide has-media-on-the-right is-stacked-on-mobile\"><figure class=\"wp-block-media-text__media\"><img loading=\"lazy\" decoding=\"async\" width=\"531\" height=\"240\" data-attachment-id=\"30094\" data-permalink=\"https:\/\/michaelshof-sammatz.de\/blog\/logofoerderungniedersachsen\/\" data-orig-file=\"https:\/\/michaelshof-sammatz.de\/blog\/wp-content\/uploads\/2021\/10\/LogoFoerderungNiedersachsen.jpg\" data-orig-size=\"531,240\" data-comments-opened=\"0\" data-image-meta=\"{&quot;aperture&quot;:&quot;0&quot;,&quot;credit&quot;:&quot;&quot;,&quot;camera&quot;:&quot;&quot;,&quot;caption&quot;:&quot;&quot;,&quot;created_timestamp&quot;:&quot;0&quot;,&quot;copyright&quot;:&quot;&quot;,&quot;focal_length&quot;:&quot;0&quot;,&quot;iso&quot;:&quot;0&quot;,&quot;shutter_speed&quot;:&quot;0&quot;,&quot;title&quot;:&quot;&quot;,&quot;orientation&quot;:&quot;0&quot;}\" data-image-title=\"LogoFoerderungNiedersachsen\" data-image-description=\"\" data-image-caption=\"\" data-medium-file=\"https:\/\/michaelshof-sammatz.de\/blog\/wp-content\/uploads\/2021\/10\/LogoFoerderungNiedersachsen-300x136.jpg\" data-large-file=\"https:\/\/michaelshof-sammatz.de\/blog\/wp-content\/uploads\/2021\/10\/LogoFoerderungNiedersachsen.jpg\" tabindex=\"0\" role=\"button\" src=\"https:\/\/michaelshof-sammatz.de\/blog\/wp-content\/uploads\/2021\/10\/LogoFoerderungNiedersachsen.jpg\" alt=\"\" class=\"wp-image-30094 size-full\" srcset=\"https:\/\/michaelshof-sammatz.de\/blog\/wp-content\/uploads\/2021\/10\/LogoFoerderungNiedersachsen.jpg 531w, https:\/\/michaelshof-sammatz.de\/blog\/wp-content\/uploads\/2021\/10\/LogoFoerderungNiedersachsen-300x136.jpg 300w, https:\/\/michaelshof-sammatz.de\/blog\/wp-content\/uploads\/2021\/10\/LogoFoerderungNiedersachsen-150x68.jpg 150w\" sizes=\"(max-width: 531px) 100vw, 531px\" \/><\/figure><div class=\"wp-block-media-text__content\">\n<p class=\"has-large-font-size\">Das Projekt steht im Einklang mit den Zielen des Biosph\u00e4renreservates Nieders\u00e4chsische Elbtalaue und wird mit Mitteln des europ\u00e4ischen Fonds f\u00fcr regionale Entwicklung gef\u00f6rdert.<\/p>\n<\/div><\/div>\n\n\n\n<p><\/p>\n<\/div><\/div>\n\n\n\n<p class=\"has-small-font-size\"><em>Update: An dieser Stelle wurden \u2013 im Zusammenhang mit dem Hotelbau \u2013 \u00dcberlegungen zu einem neuen Biomarkt dargestellt. Sorry, das war nur eine von mehreren Planungsideen, die <em>zwischenzeitlich<\/em> online gestellt wurde.<\/em> <em>Leider lesen unsere Website nicht nur Freunde \u2026 seufz!<\/em><\/p>\n\n\n\n<div class=\"wp-block-media-text alignwide is-stacked-on-mobile\"><figure class=\"wp-block-media-text__media\"><img loading=\"lazy\" decoding=\"async\" width=\"452\" height=\"242\" data-attachment-id=\"1596\" data-permalink=\"https:\/\/michaelshof-sammatz.de\/blog\/projekte\/projekte-im-startblock\/projectstart-4\/\" data-orig-file=\"https:\/\/michaelshof-sammatz.de\/blog\/wp-content\/uploads\/2019\/01\/projectstart-4.jpg\" data-orig-size=\"452,242\" data-comments-opened=\"0\" data-image-meta=\"{&quot;aperture&quot;:&quot;0&quot;,&quot;credit&quot;:&quot;&quot;,&quot;camera&quot;:&quot;&quot;,&quot;caption&quot;:&quot;&quot;,&quot;created_timestamp&quot;:&quot;0&quot;,&quot;copyright&quot;:&quot;&quot;,&quot;focal_length&quot;:&quot;0&quot;,&quot;iso&quot;:&quot;0&quot;,&quot;shutter_speed&quot;:&quot;0&quot;,&quot;title&quot;:&quot;&quot;,&quot;orientation&quot;:&quot;0&quot;}\" data-image-title=\"projectstart-4\" data-image-description=\"\" data-image-caption=\"\" data-medium-file=\"https:\/\/michaelshof-sammatz.de\/blog\/wp-content\/uploads\/2019\/01\/projectstart-4-300x161.jpg\" data-large-file=\"https:\/\/michaelshof-sammatz.de\/blog\/wp-content\/uploads\/2019\/01\/projectstart-4.jpg\" tabindex=\"0\" role=\"button\" src=\"http:\/\/michaelshof-sammatz.de\/blog\/wp-content\/uploads\/2019\/01\/projectstart-4.jpg\" alt=\"\" class=\"wp-image-1596 size-full\" srcset=\"https:\/\/michaelshof-sammatz.de\/blog\/wp-content\/uploads\/2019\/01\/projectstart-4.jpg 452w, https:\/\/michaelshof-sammatz.de\/blog\/wp-content\/uploads\/2019\/01\/projectstart-4-300x161.jpg 300w\" sizes=\"(max-width: 452px) 100vw, 452px\" \/><\/figure><div class=\"wp-block-media-text__content\">\n<p style=\"font-size:18px\"><strong>Ausbau Solarenergie<\/strong><\/p>\n\n\n\n<p>Der Ausbau unserer Solaranlage schreitet voran. Weitere Paneele auf den D\u00e4chern der neuen H\u00e4user werden den bisherigen Bestand erg\u00e4nzen. Unser Speichersystem haben wir durch sehr viel effizientere Batterien verbessert. <br> Wir arbeiten daran, den Energieverbrauch noch bewusster zu steuern. Durch eine differenziertere Betrachtung des Verbrauchs einzelner H\u00e4user und Ger\u00e4te wird eine h\u00f6here Energiesparleistung m\u00f6glich.<\/p>\n\n\n\n<p><\/p>\n\n\n\n<div style=\"height:28px\" aria-hidden=\"true\" class=\"wp-block-spacer\"><\/div>\n<\/div><\/div>\n\n\n\n<div class=\"wp-block-media-text alignwide is-stacked-on-mobile\"><figure class=\"wp-block-media-text__media\"><img loading=\"lazy\" decoding=\"async\" width=\"453\" height=\"246\" data-attachment-id=\"1597\" data-permalink=\"https:\/\/michaelshof-sammatz.de\/blog\/projekte\/projekte-im-startblock\/projectstart-5\/\" data-orig-file=\"https:\/\/michaelshof-sammatz.de\/blog\/wp-content\/uploads\/2019\/01\/projectstart-5.jpg\" data-orig-size=\"453,246\" data-comments-opened=\"0\" data-image-meta=\"{&quot;aperture&quot;:&quot;0&quot;,&quot;credit&quot;:&quot;&quot;,&quot;camera&quot;:&quot;&quot;,&quot;caption&quot;:&quot;&quot;,&quot;created_timestamp&quot;:&quot;0&quot;,&quot;copyright&quot;:&quot;&quot;,&quot;focal_length&quot;:&quot;0&quot;,&quot;iso&quot;:&quot;0&quot;,&quot;shutter_speed&quot;:&quot;0&quot;,&quot;title&quot;:&quot;&quot;,&quot;orientation&quot;:&quot;0&quot;}\" data-image-title=\"projectstart-5\" data-image-description=\"\" data-image-caption=\"\" data-medium-file=\"https:\/\/michaelshof-sammatz.de\/blog\/wp-content\/uploads\/2019\/01\/projectstart-5-300x163.jpg\" data-large-file=\"https:\/\/michaelshof-sammatz.de\/blog\/wp-content\/uploads\/2019\/01\/projectstart-5.jpg\" tabindex=\"0\" role=\"button\" src=\"http:\/\/michaelshof-sammatz.de\/blog\/wp-content\/uploads\/2019\/01\/projectstart-5.jpg\" alt=\"\" class=\"wp-image-1597 size-full\" srcset=\"https:\/\/michaelshof-sammatz.de\/blog\/wp-content\/uploads\/2019\/01\/projectstart-5.jpg 453w, https:\/\/michaelshof-sammatz.de\/blog\/wp-content\/uploads\/2019\/01\/projectstart-5-300x163.jpg 300w\" sizes=\"(max-width: 453px) 100vw, 453px\" \/><\/figure><div class=\"wp-block-media-text__content\">\n<p style=\"font-size:18px\"><strong>Schule\ufeff<\/strong><\/p>\n\n\n\n<p>Der volle Ausbau der 2020 er\u00f6ffneten Selma Lagerl\u00f6f-Schule mit F\u00f6rderschwerpunkt emotional-soziale Entwicklung im Nachbardorf Wietzetze ist ein Projekt, das uns in den n\u00e4chsten Jahren begleiten wird. Die Schule hat eine waldorf- und handlungsp\u00e4dagogische Ausrichtung und soll eine echte \u2039Dorfschule\u203a mit starker Anbindung an den Arche-Hof und die Community werden \u2013 gerade auch f\u00fcr Kinder und Jugendliche, wie sie bei Peronnik leben, die ideale Umgebung, um ganz aus dem Erleben und praktischen Mit-Tun zu einem positiven Lernerlebnis zu kommen!<br><\/p>\n<\/div><\/div>\n\n\n\n<div class=\"wp-block-media-text alignwide is-stacked-on-mobile\"><figure class=\"wp-block-media-text__media\"><img loading=\"lazy\" decoding=\"async\" width=\"457\" height=\"247\" data-attachment-id=\"1598\" data-permalink=\"https:\/\/michaelshof-sammatz.de\/blog\/projekte\/projekte-im-startblock\/projectstart-6\/\" data-orig-file=\"https:\/\/michaelshof-sammatz.de\/blog\/wp-content\/uploads\/2019\/01\/projectstart-6.jpg\" data-orig-size=\"457,247\" data-comments-opened=\"0\" data-image-meta=\"{&quot;aperture&quot;:&quot;0&quot;,&quot;credit&quot;:&quot;&quot;,&quot;camera&quot;:&quot;&quot;,&quot;caption&quot;:&quot;&quot;,&quot;created_timestamp&quot;:&quot;0&quot;,&quot;copyright&quot;:&quot;&quot;,&quot;focal_length&quot;:&quot;0&quot;,&quot;iso&quot;:&quot;0&quot;,&quot;shutter_speed&quot;:&quot;0&quot;,&quot;title&quot;:&quot;&quot;,&quot;orientation&quot;:&quot;0&quot;}\" data-image-title=\"projectstart-6\" data-image-description=\"\" data-image-caption=\"\" data-medium-file=\"https:\/\/michaelshof-sammatz.de\/blog\/wp-content\/uploads\/2019\/01\/projectstart-6-300x162.jpg\" data-large-file=\"https:\/\/michaelshof-sammatz.de\/blog\/wp-content\/uploads\/2019\/01\/projectstart-6.jpg\" tabindex=\"0\" role=\"button\" src=\"http:\/\/michaelshof-sammatz.de\/blog\/wp-content\/uploads\/2019\/01\/projectstart-6.jpg\" alt=\"\" class=\"wp-image-1598 size-full\" srcset=\"https:\/\/michaelshof-sammatz.de\/blog\/wp-content\/uploads\/2019\/01\/projectstart-6.jpg 457w, https:\/\/michaelshof-sammatz.de\/blog\/wp-content\/uploads\/2019\/01\/projectstart-6-300x162.jpg 300w\" sizes=\"(max-width: 457px) 100vw, 457px\" \/><\/figure><div class=\"wp-block-media-text__content\">\n<p style=\"font-size:18px\"><strong>Garten &amp; Park<\/strong><\/p>\n\n\n\n<p>Wie immer wird auch die Weiterentwicklung unserer wunderbaren Garten- und Parkanlagen sowohl finanzieller Mittel als auch freiwilliger Arbeit vieler helfender H\u00e4nde bed\u00fcrfen. Dazu geh\u00f6ren unter anderem der Bau weiterer Wege, das Anlegen und Bepflanzen neuer Beete, die fortlaufende Erg\u00e4nzung unseres Strauch- und Baumbestandes sowie das Einrichten interessanter Pl\u00e4tze.<br>\nDie Umgebung der neuen  Wohngeb\u00e4ude landschaftlich-harmonisch zu gestalten ist ebenso eine Aufgabe f\u00fcr das kommende Jahr.<\/p>\n<\/div><\/div>\n\n\n\n<div style=\"height:50px\" aria-hidden=\"true\" class=\"wp-block-spacer\"><\/div>\n","protected":false},"excerpt":{"rendered":"<p>Projekte mit eurer Unterst\u00fctzung Vielf\u00e4ltig&nbsp;helfen \u2013&nbsp;Geld und Arbeitf\u00fcr einen guten Zweck\ufeff Der Michaelshof entwickelt sich st\u00e4ndig weiter. Hier seht ihr einige der aktuellen Projekte: Wohngeb\u00e4ude Mehrgenerationenh\u00e4user in waldiger Umgebung, durch die wir sowohl Wohnraum f\u00fcr unsere Mitarbeiter als auch f\u00fcr \u00e4ltere Menschen und Volunteers zur Verf\u00fcgung stellen k\u00f6nnen. Die H\u00e4user werden in derselben Holzbauweise wie [&hellip;]<\/p>\n","protected":false},"author":1,"featured_media":0,"parent":119,"menu_order":0,"comment_status":"closed","ping_status":"closed","template":"","meta":{"footnotes":""},"class_list":["post-857","page","type-page","status-publish","hentry"],"jetpack_sharing_enabled":true,"jetpack_shortlink":"https:\/\/wp.me\/PaQBcD-dP","jetpack-related-posts":[],"_links":{"self":[{"href":"https:\/\/michaelshof-sammatz.de\/blog\/wp-json\/wp\/v2\/pages\/857"}],"collection":[{"href":"https:\/\/michaelshof-sammatz.de\/blog\/wp-json\/wp\/v2\/pages"}],"about":[{"href":"https:\/\/michaelshof-sammatz.de\/blog\/wp-json\/wp\/v2\/types\/page"}],"author":[{"embeddable":true,"href":"https:\/\/michaelshof-sammatz.de\/blog\/wp-json\/wp\/v2\/users\/1"}],"replies":[{"embeddable":true,"href":"https:\/\/michaelshof-sammatz.de\/blog\/wp-json\/wp\/v2\/comments?post=857"}],"version-history":[{"count":22,"href":"https:\/\/michaelshof-sammatz.de\/blog\/wp-json\/wp\/v2\/pages\/857\/revisions"}],"predecessor-version":[{"id":31061,"href":"https:\/\/michaelshof-sammatz.de\/blog\/wp-json\/wp\/v2\/pages\/857\/revisions\/31061"}],"up":[{"embeddable":true,"href":"https:\/\/michaelshof-sammatz.de\/blog\/wp-json\/wp\/v2\/pages\/119"}],"wp:attachment":[{"href":"https:\/\/michaelshof-sammatz.de\/blog\/wp-json\/wp\/v2\/media?parent=857"}],"curies":[{"name":"wp","href":"https:\/\/api.w.org\/{rel}","templated":true}]}}