

{"id":859,"date":"2019-01-06T19:14:56","date_gmt":"2019-01-06T18:14:56","guid":{"rendered":"http:\/\/michaelshof-campus.com\/blog\/?page_id=859"},"modified":"2022-09-30T11:38:28","modified_gmt":"2022-09-30T09:38:28","slug":"bisherige-projekte","status":"publish","type":"page","link":"https:\/\/michaelshof-sammatz.de\/blog\/projekte\/bisherige-projekte\/","title":{"rendered":"Projekte | Bisherige Projekte"},"content":{"rendered":"\n<h1 class=\"wp-block-heading\"><strong>Projekte<\/strong><\/h1>\n\n\n\n<h2 class=\"wp-block-heading\"><strong>mit <\/strong><strong>eurer<\/strong><strong> Unterst\u00fctzung<\/strong><\/h2>\n\n\n\n<div style=\"height:40px\" aria-hidden=\"true\" class=\"wp-block-spacer\"><\/div>\n\n\n\n<figure class=\"wp-block-image pageTeaserImage\"><img fetchpriority=\"high\" decoding=\"async\" width=\"846\" height=\"299\" data-attachment-id=\"1605\" data-permalink=\"https:\/\/michaelshof-sammatz.de\/blog\/bisherige-1\/\" data-orig-file=\"https:\/\/michaelshof-sammatz.de\/blog\/wp-content\/uploads\/2019\/01\/bisherige-1.jpg\" data-orig-size=\"846,299\" data-comments-opened=\"0\" data-image-meta=\"{&quot;aperture&quot;:&quot;0&quot;,&quot;credit&quot;:&quot;&quot;,&quot;camera&quot;:&quot;&quot;,&quot;caption&quot;:&quot;&quot;,&quot;created_timestamp&quot;:&quot;0&quot;,&quot;copyright&quot;:&quot;&quot;,&quot;focal_length&quot;:&quot;0&quot;,&quot;iso&quot;:&quot;0&quot;,&quot;shutter_speed&quot;:&quot;0&quot;,&quot;title&quot;:&quot;&quot;,&quot;orientation&quot;:&quot;0&quot;}\" data-image-title=\"bisherige-1\" data-image-description=\"\" data-image-caption=\"\" data-medium-file=\"https:\/\/michaelshof-sammatz.de\/blog\/wp-content\/uploads\/2019\/01\/bisherige-1-300x106.jpg\" data-large-file=\"https:\/\/michaelshof-sammatz.de\/blog\/wp-content\/uploads\/2019\/01\/bisherige-1.jpg\" tabindex=\"0\" role=\"button\" src=\"http:\/\/michaelshof-sammatz.de\/blog\/wp-content\/uploads\/2019\/01\/bisherige-1.jpg\" alt=\"\" class=\"wp-image-1605\" srcset=\"https:\/\/michaelshof-sammatz.de\/blog\/wp-content\/uploads\/2019\/01\/bisherige-1.jpg 846w, https:\/\/michaelshof-sammatz.de\/blog\/wp-content\/uploads\/2019\/01\/bisherige-1-300x106.jpg 300w, https:\/\/michaelshof-sammatz.de\/blog\/wp-content\/uploads\/2019\/01\/bisherige-1-600x212.jpg 600w, https:\/\/michaelshof-sammatz.de\/blog\/wp-content\/uploads\/2019\/01\/bisherige-1-768x271.jpg 768w\" sizes=\"(max-width: 846px) 100vw, 846px\" \/><\/figure>\n\n\n\n<div style=\"height:35px\" aria-hidden=\"true\" class=\"wp-block-spacer\"><\/div>\n\n\n\n\n\n\n\n<div style=\"height:50px\" aria-hidden=\"true\" class=\"wp-block-spacer\"><\/div>\n\n\n\n<div class=\"wp-block-media-text alignwide is-stacked-on-mobile\"><figure class=\"wp-block-media-text__media\"><img decoding=\"async\" width=\"563\" height=\"234\" data-attachment-id=\"1604\" data-permalink=\"https:\/\/michaelshof-sammatz.de\/blog\/bisherige-2\/\" data-orig-file=\"https:\/\/michaelshof-sammatz.de\/blog\/wp-content\/uploads\/2019\/01\/bisherige-2.jpg\" data-orig-size=\"563,234\" data-comments-opened=\"0\" data-image-meta=\"{&quot;aperture&quot;:&quot;0&quot;,&quot;credit&quot;:&quot;&quot;,&quot;camera&quot;:&quot;&quot;,&quot;caption&quot;:&quot;&quot;,&quot;created_timestamp&quot;:&quot;0&quot;,&quot;copyright&quot;:&quot;&quot;,&quot;focal_length&quot;:&quot;0&quot;,&quot;iso&quot;:&quot;0&quot;,&quot;shutter_speed&quot;:&quot;0&quot;,&quot;title&quot;:&quot;&quot;,&quot;orientation&quot;:&quot;0&quot;}\" data-image-title=\"bisherige-2\" data-image-description=\"\" data-image-caption=\"\" data-medium-file=\"https:\/\/michaelshof-sammatz.de\/blog\/wp-content\/uploads\/2019\/01\/bisherige-2-300x125.jpg\" data-large-file=\"https:\/\/michaelshof-sammatz.de\/blog\/wp-content\/uploads\/2019\/01\/bisherige-2.jpg\" tabindex=\"0\" role=\"button\" src=\"http:\/\/michaelshof-sammatz.de\/blog\/wp-content\/uploads\/2019\/01\/bisherige-2.jpg\" alt=\"\" class=\"wp-image-1604 size-full\" srcset=\"https:\/\/michaelshof-sammatz.de\/blog\/wp-content\/uploads\/2019\/01\/bisherige-2.jpg 563w, https:\/\/michaelshof-sammatz.de\/blog\/wp-content\/uploads\/2019\/01\/bisherige-2-300x125.jpg 300w\" sizes=\"(max-width: 563px) 100vw, 563px\" \/><\/figure><div class=\"wp-block-media-text__content\">\n<p>Der 2011 geschaffene <a style=\"color:#06567c\"><strong>Rosengarten<\/strong><\/a> ist eines der ersten Projekte unserer Gartengestaltung. Um zwei gro\u00dfe, kreisrunde Beete mit Brunnen und ein H\u00fcgelbeet herum ist ein kleines Paradies entstanden. Im ganzen Dorf sind etwa 2000 Rosenst\u00f6cke von etwa 350 verschiedenen Sorten zu bewundern. Rasen betreten ist hier ausdr\u00fccklich erlaubt, lasst euch ganz von Farbe und Duft der verschiedenen Hochstamm,- Kletter- und Strauchrosen sowie ihrer bunten Beipflanzungen verzaubern.<\/p>\n<\/div><\/div>\n\n\n\n<div class=\"wp-block-media-text alignwide has-media-on-the-right is-stacked-on-mobile\"><figure class=\"wp-block-media-text__media\"><img decoding=\"async\" width=\"348\" height=\"441\" data-attachment-id=\"1603\" data-permalink=\"https:\/\/michaelshof-sammatz.de\/blog\/bisherige-3\/\" data-orig-file=\"https:\/\/michaelshof-sammatz.de\/blog\/wp-content\/uploads\/2019\/01\/bisherige-3.jpg\" data-orig-size=\"348,441\" data-comments-opened=\"0\" data-image-meta=\"{&quot;aperture&quot;:&quot;0&quot;,&quot;credit&quot;:&quot;&quot;,&quot;camera&quot;:&quot;&quot;,&quot;caption&quot;:&quot;&quot;,&quot;created_timestamp&quot;:&quot;0&quot;,&quot;copyright&quot;:&quot;&quot;,&quot;focal_length&quot;:&quot;0&quot;,&quot;iso&quot;:&quot;0&quot;,&quot;shutter_speed&quot;:&quot;0&quot;,&quot;title&quot;:&quot;&quot;,&quot;orientation&quot;:&quot;0&quot;}\" data-image-title=\"bisherige-3\" data-image-description=\"\" data-image-caption=\"\" data-medium-file=\"https:\/\/michaelshof-sammatz.de\/blog\/wp-content\/uploads\/2019\/01\/bisherige-3-237x300.jpg\" data-large-file=\"https:\/\/michaelshof-sammatz.de\/blog\/wp-content\/uploads\/2019\/01\/bisherige-3.jpg\" tabindex=\"0\" role=\"button\" src=\"http:\/\/michaelshof-sammatz.de\/blog\/wp-content\/uploads\/2019\/01\/bisherige-3.jpg\" alt=\"\" class=\"wp-image-1603 size-full\" srcset=\"https:\/\/michaelshof-sammatz.de\/blog\/wp-content\/uploads\/2019\/01\/bisherige-3.jpg 348w, https:\/\/michaelshof-sammatz.de\/blog\/wp-content\/uploads\/2019\/01\/bisherige-3-300x380.jpg 300w, https:\/\/michaelshof-sammatz.de\/blog\/wp-content\/uploads\/2019\/01\/bisherige-3-237x300.jpg 237w\" sizes=\"(max-width: 348px) 100vw, 348px\" \/><\/figure><div class=\"wp-block-media-text__content\">\n<p>Der <a style=\"color:#06567c\"><strong>Campusgarten<\/strong><\/a> ist 2012\/13 entstanden. Er besticht vor allem durch seinen sch\u00f6nen Teich mit der Apfelbaum-Insel und der romantischen, kleinen Br\u00fccke. Da er zentral zwischen dem Caf\u00e9 in der Dorfmitte, den Parkpl\u00e4tzen und den Stallungen mit dem Hofladen liegt, ist er viel besucht. Dieser Garten ist ein Projekt, das sich im Laufe der Jahre in vielf\u00e4ltiger Weise weiter gestaltet hat. Durch die neuen H\u00e4user hat sich jetzt um den Teich herum ein wunderbarer Innenraum gebildet, samt der davor liegenden Liegewiese mit den freistehenden Buchenelementen. Wenn du auf deinem Wege durch die G\u00e4rten hier vorbeikommst, mach\u2019 doch eine Runde um den gro\u00dfen Teich, es lohnt sich!<\/p>\n\n\n\n<p>2012\/13 beginnen wir mit der Gestaltung der <a style=\"color:#06567c\"><strong>\u2039Arena\u203a<\/strong><\/a> sowie des <a style=\"color:#06567c\"><strong>\u2039Staudenplateaus\u203a<\/strong><\/a> gleich hinter dem Michaelshof. Die steilen, ein Halbrund formenden Abh\u00e4nge der fr\u00fcheren Kuhweide werden mit Steinmauern terrassiert. Ein Wegenetz greift mit eleganten Schw\u00fcngen die Naturformation auf. Der neu angelegte Teich am Boden der Senke schlie\u00dft das Projekt zun\u00e4chst ab. Sp\u00e4ter wird es durch den Findlingsgarten harmonisch erg\u00e4nzt. Die vielf\u00e4ltige Bepflanzung der Arena wird eine der Hauptattraktionen der Sammatzer G\u00e4rten, ebenso wie das oberhalb des Tals liegende Staudenplateau. <\/p>\n<\/div><\/div>\n\n\n\n<div class=\"wp-block-media-text alignwide is-stacked-on-mobile\"><figure class=\"wp-block-media-text__media\"><img loading=\"lazy\" decoding=\"async\" width=\"548\" height=\"429\" data-attachment-id=\"1602\" data-permalink=\"https:\/\/michaelshof-sammatz.de\/blog\/bisherige-4\/\" data-orig-file=\"https:\/\/michaelshof-sammatz.de\/blog\/wp-content\/uploads\/2019\/01\/bisherige-4.jpg\" data-orig-size=\"548,429\" data-comments-opened=\"0\" data-image-meta=\"{&quot;aperture&quot;:&quot;0&quot;,&quot;credit&quot;:&quot;&quot;,&quot;camera&quot;:&quot;&quot;,&quot;caption&quot;:&quot;&quot;,&quot;created_timestamp&quot;:&quot;0&quot;,&quot;copyright&quot;:&quot;&quot;,&quot;focal_length&quot;:&quot;0&quot;,&quot;iso&quot;:&quot;0&quot;,&quot;shutter_speed&quot;:&quot;0&quot;,&quot;title&quot;:&quot;&quot;,&quot;orientation&quot;:&quot;0&quot;}\" data-image-title=\"bisherige-4\" data-image-description=\"\" data-image-caption=\"\" data-medium-file=\"https:\/\/michaelshof-sammatz.de\/blog\/wp-content\/uploads\/2019\/01\/bisherige-4-300x235.jpg\" data-large-file=\"https:\/\/michaelshof-sammatz.de\/blog\/wp-content\/uploads\/2019\/01\/bisherige-4.jpg\" tabindex=\"0\" role=\"button\" src=\"http:\/\/michaelshof-sammatz.de\/blog\/wp-content\/uploads\/2019\/01\/bisherige-4.jpg\" alt=\"\" class=\"wp-image-1602 size-full\" srcset=\"https:\/\/michaelshof-sammatz.de\/blog\/wp-content\/uploads\/2019\/01\/bisherige-4.jpg 548w, https:\/\/michaelshof-sammatz.de\/blog\/wp-content\/uploads\/2019\/01\/bisherige-4-300x235.jpg 300w\" sizes=\"(max-width: 548px) 100vw, 548px\" \/><\/figure><div class=\"wp-block-media-text__content\">\n<p>Ein See in Sammatz ist ein alter Wunsch. 2016\/17 wird er wahr: Wir gestalten einen ehemaligen M\u00fcll- und Schuttablageplatz zu einem 100 Meter langen <a style=\"color:#06567c\"><strong>\u2039Waldsee\u203a<\/strong><\/a> um, der von hohen B\u00e4umen, einem sch\u00f6nen Rundweg mit zahlreichen B\u00e4nken, von Blumenbeeten und -terrassen eingerahmt wird. Ein gro\u00dfer Ponton l\u00e4dt zum Schauen und Sinnen ein, dient aber auch als B\u00fchne f\u00fcr Events wie z. B. die Waldsee-Konzerte. Die Arbeiten f\u00fchren manchmal an die Grenzen unserer Leistungsf\u00e4higkeit, aber das Ergebnis lohnt sich. Der Blick von der oberen Terrasse auf den dunkelgr\u00fcnen See ist das wohl spektakul\u00e4rste Erlebnis in unseren G\u00e4rten. Ein kleines \u2039Waldg\u00e4rtlein\u203a, im Gedenken an die gro\u00dfe englische Gartengestalterin Beth Chatto angelegt, erg\u00e4nzt den Teil des Parks. Hier ist auch der h\u00f6chste Punkt von Sammatz, der \u2039Hasenberg\u203a zu finden. <\/p>\n<\/div><\/div>\n\n\n\n<p style=\"font-size:18px\"><strong>Hausbau<\/strong><\/p>\n\n\n\n<p>Erneuerung <a style=\"color:#06567c\"><strong>Haupthaus<\/strong><\/a> (2011): Der zweist\u00f6ckige Geb\u00e4udeteil bekommt ein komplett neues Innenleben. Der alte Essbereich an der Stirnseite des Hauses wird auf die ganze Hausbreite ausgedehnt, der heutige, lichte Speisesaal entsteht. Damals erschien er uns recht gro\u00dfz\u00fcgig dimensioniert, heute nimmt er die vielen Menschen, die wir inzwischen geworden sind, gerade so auf. Think Big! <\/p>\n\n\n\n<div class=\"wp-block-media-text alignwide has-media-on-the-right is-stacked-on-mobile\"><figure class=\"wp-block-media-text__media\"><img loading=\"lazy\" decoding=\"async\" width=\"548\" height=\"277\" data-attachment-id=\"1601\" data-permalink=\"https:\/\/michaelshof-sammatz.de\/blog\/bisherige-5\/\" data-orig-file=\"https:\/\/michaelshof-sammatz.de\/blog\/wp-content\/uploads\/2019\/01\/bisherige-5.jpg\" data-orig-size=\"548,277\" data-comments-opened=\"0\" data-image-meta=\"{&quot;aperture&quot;:&quot;0&quot;,&quot;credit&quot;:&quot;&quot;,&quot;camera&quot;:&quot;&quot;,&quot;caption&quot;:&quot;&quot;,&quot;created_timestamp&quot;:&quot;0&quot;,&quot;copyright&quot;:&quot;&quot;,&quot;focal_length&quot;:&quot;0&quot;,&quot;iso&quot;:&quot;0&quot;,&quot;shutter_speed&quot;:&quot;0&quot;,&quot;title&quot;:&quot;&quot;,&quot;orientation&quot;:&quot;0&quot;}\" data-image-title=\"bisherige-5\" data-image-description=\"\" data-image-caption=\"\" data-medium-file=\"https:\/\/michaelshof-sammatz.de\/blog\/wp-content\/uploads\/2019\/01\/bisherige-5-300x152.jpg\" data-large-file=\"https:\/\/michaelshof-sammatz.de\/blog\/wp-content\/uploads\/2019\/01\/bisherige-5.jpg\" tabindex=\"0\" role=\"button\" src=\"http:\/\/michaelshof-sammatz.de\/blog\/wp-content\/uploads\/2019\/01\/bisherige-5.jpg\" alt=\"\" class=\"wp-image-1601 size-full\" srcset=\"https:\/\/michaelshof-sammatz.de\/blog\/wp-content\/uploads\/2019\/01\/bisherige-5.jpg 548w, https:\/\/michaelshof-sammatz.de\/blog\/wp-content\/uploads\/2019\/01\/bisherige-5-300x152.jpg 300w\" sizes=\"(max-width: 548px) 100vw, 548px\" \/><\/figure><div class=\"wp-block-media-text__content\">\n<p>Ein Riesenschritt: Fast 30 Jahre nach unserer Gr\u00fcndung bauen wir 2013\/14 endlich einen richtigen <a style=\"color:#06567c\"><strong>Bauernhof<\/strong><\/a>. Die \u00abG\u00e4rtner\u00bb sind Mitte zwanzig, als sie den Bau stemmen \u2013 d. h. nicht nur die m\u00e4chtige Holzkonstruktion des Kuhstalls errichten, sondern auch die anderen St\u00e4lle, einen Melkstand und vieles mehr bauen, die meisten zum ersten Mal. Dass wir \u2039so sch\u00f6n\u203a f\u00fcr unsere Tiere (K\u00fche, Schafe und Ziegen, Pferde und Esel, Schweine und Gefl\u00fcgel) bauen, ist ungew\u00f6hnlich und wird von der b\u00e4uerlichen Umgebung wohlwollend zur Kenntnis genommen. <\/p>\n<\/div><\/div>\n\n\n\n<div class=\"wp-block-media-text alignwide is-stacked-on-mobile\"><figure class=\"wp-block-media-text__media\"><img loading=\"lazy\" decoding=\"async\" width=\"652\" height=\"256\" data-attachment-id=\"1609\" data-permalink=\"https:\/\/michaelshof-sammatz.de\/blog\/bisherige-6\/\" data-orig-file=\"https:\/\/michaelshof-sammatz.de\/blog\/wp-content\/uploads\/2019\/01\/bisherige-6.jpg\" data-orig-size=\"652,256\" data-comments-opened=\"0\" data-image-meta=\"{&quot;aperture&quot;:&quot;0&quot;,&quot;credit&quot;:&quot;&quot;,&quot;camera&quot;:&quot;&quot;,&quot;caption&quot;:&quot;&quot;,&quot;created_timestamp&quot;:&quot;0&quot;,&quot;copyright&quot;:&quot;&quot;,&quot;focal_length&quot;:&quot;0&quot;,&quot;iso&quot;:&quot;0&quot;,&quot;shutter_speed&quot;:&quot;0&quot;,&quot;title&quot;:&quot;&quot;,&quot;orientation&quot;:&quot;0&quot;}\" data-image-title=\"bisherige-6\" data-image-description=\"\" data-image-caption=\"\" data-medium-file=\"https:\/\/michaelshof-sammatz.de\/blog\/wp-content\/uploads\/2019\/01\/bisherige-6-300x118.jpg\" data-large-file=\"https:\/\/michaelshof-sammatz.de\/blog\/wp-content\/uploads\/2019\/01\/bisherige-6.jpg\" tabindex=\"0\" role=\"button\" src=\"http:\/\/michaelshof-sammatz.de\/blog\/wp-content\/uploads\/2019\/01\/bisherige-6.jpg\" alt=\"\" class=\"wp-image-1609 size-full\" srcset=\"https:\/\/michaelshof-sammatz.de\/blog\/wp-content\/uploads\/2019\/01\/bisherige-6.jpg 652w, https:\/\/michaelshof-sammatz.de\/blog\/wp-content\/uploads\/2019\/01\/bisherige-6-300x118.jpg 300w, https:\/\/michaelshof-sammatz.de\/blog\/wp-content\/uploads\/2019\/01\/bisherige-6-600x236.jpg 600w\" sizes=\"(max-width: 652px) 100vw, 652px\" \/><\/figure><div class=\"wp-block-media-text__content\">\n<p>F\u00fcr besondere Zwecke: Zwei unauff\u00e4llige Geb\u00e4ude mit anspruchsvollem Innenleben sind die 2014 errichtete <a style=\"color:#06567c\"><strong>Meierei<\/strong><\/a> mit K\u00e4sekeller und das im selben Jahr aus einem ehemaligen Garagenh\u00e4uschen umgebaute <a style=\"color:#06567c\"><strong>Backhaus<\/strong><\/a>, die \u2039bauliche Grundlage\u203a f\u00fcr die t\u00e4glich frisch hergestellten Sammatzer Meierei-Produkte und das k\u00f6stliche Brot.  <\/p>\n<\/div><\/div>\n\n\n\n<div class=\"wp-block-media-text alignwide has-media-on-the-right is-stacked-on-mobile\" style=\"grid-template-columns:auto 31%\"><figure class=\"wp-block-media-text__media\"><img loading=\"lazy\" decoding=\"async\" width=\"248\" height=\"342\" data-attachment-id=\"1608\" data-permalink=\"https:\/\/michaelshof-sammatz.de\/blog\/bisherige-7\/\" data-orig-file=\"https:\/\/michaelshof-sammatz.de\/blog\/wp-content\/uploads\/2019\/01\/bisherige-7.jpg\" data-orig-size=\"248,342\" data-comments-opened=\"0\" data-image-meta=\"{&quot;aperture&quot;:&quot;0&quot;,&quot;credit&quot;:&quot;&quot;,&quot;camera&quot;:&quot;&quot;,&quot;caption&quot;:&quot;&quot;,&quot;created_timestamp&quot;:&quot;0&quot;,&quot;copyright&quot;:&quot;&quot;,&quot;focal_length&quot;:&quot;0&quot;,&quot;iso&quot;:&quot;0&quot;,&quot;shutter_speed&quot;:&quot;0&quot;,&quot;title&quot;:&quot;&quot;,&quot;orientation&quot;:&quot;0&quot;}\" data-image-title=\"bisherige-7\" data-image-description=\"\" data-image-caption=\"\" data-medium-file=\"https:\/\/michaelshof-sammatz.de\/blog\/wp-content\/uploads\/2019\/01\/bisherige-7-218x300.jpg\" data-large-file=\"https:\/\/michaelshof-sammatz.de\/blog\/wp-content\/uploads\/2019\/01\/bisherige-7.jpg\" tabindex=\"0\" role=\"button\" src=\"http:\/\/michaelshof-sammatz.de\/blog\/wp-content\/uploads\/2019\/01\/bisherige-7.jpg\" alt=\"\" class=\"wp-image-1608 size-full\" srcset=\"https:\/\/michaelshof-sammatz.de\/blog\/wp-content\/uploads\/2019\/01\/bisherige-7.jpg 248w, https:\/\/michaelshof-sammatz.de\/blog\/wp-content\/uploads\/2019\/01\/bisherige-7-218x300.jpg 218w\" sizes=\"(max-width: 248px) 100vw, 248px\" \/><\/figure><div class=\"wp-block-media-text__content\">\n<p>Start einer Karriere: Im Fr\u00fchjahr 2016 bauen wir den fr\u00fcheren Bioladen (mit kleinem Caf\u00e9bereich) zu einem gro\u00dfen <a style=\"color:#06567c\"><strong>Caf\u00e9<\/strong><\/a> um, der <a style=\"color:#06567c\"><strong>Laden<\/strong><\/a> zieht auf den Arche-Hof. Die reizvolle, aber nicht einfach zu nutzende Architektur (einer unserer wenigen bisherigen Neubauten, der einen Schuppen ersetzte) findet ihre Bestimmung. Das Caf\u00e9 in Verbindung mit den G\u00e4rten wird schnell zum beliebten Ausflugsziel und viel st\u00e4rker besucht als erwartet. Wir stellen mehr der sch\u00f6nen, wei\u00dfen Sonnenschirme auf, die bald den ganzen Vorplatz \u00fcberspannen. 2017 erweitern wir um einen zweiten Raum f\u00fcr Spitzenzeiten (Sommersonntage!) und Gruppen. Am Waldsee entsteht ein kleiner Ableger, auch f\u00fcr Events wie die Konzerte am Waldsee. <\/p>\n\n\n\n<p>2012 bis 2015 errichten wir drei verglaste <a style=\"color:#06567c\"><strong>Gew\u00e4chsh\u00e4user<\/strong><\/a> und einen Folientunnel f\u00fcr Anzucht und \u00dcberwinterung sowie f\u00fcr Gem\u00fcseanbau, vor allem unsere leckeren Tomaten. Konstruktion und Gl\u00e4ser bekommen wir gebraucht, den Aufbau f\u00fchren wir selbst durch. Eines der Gew\u00e4chsh\u00e4user wird unser \u2039Tropenhaus\u203a und beherbergt neben exotischen Pflanzen und einem sch\u00f6nen Brunnen auch zwei gro\u00dfe Volieren mit Au\u00dfenbereich f\u00fcr Papageien und Sittiche.<\/p>\n<\/div><\/div>\n\n\n\n<p>Zwei Wochen Ausnahmezustand. Im Dezember 2014 durchziehen Gr\u00e4ben das Dorf, das Durchkommen f\u00e4llt schwer. Wir verlegen Rohre f\u00fcr ein <a style=\"color:#06567c\"><strong>Nahw\u00e4rmenetz<\/strong><\/a>, das alle Michaelshof-Geb\u00e4ude mit Warmwasser f\u00fcr Heizung und B\u00e4der versorgt. Drei gro\u00dfe Holz\u00f6fen liefern die W\u00e4rme, zwei im Boden versenkte Tanks speichern das hei\u00dfe Wasser. Nach einer Woche Durcharbeiten im Dezembermatsch sehen die Sammatzer G\u00e4rtner alle wie R\u00e4uber Hotzenplotz aus. <br> Zeitgleich werden die Paneele der Solarenergie-Anlage montiert, um die Energienutzung insgesamt nachhaltiger und g\u00fcnstiger zu machen.<\/p>\n\n\n\n<div class=\"wp-block-media-text alignwide is-stacked-on-mobile\"><figure class=\"wp-block-media-text__media\"><img loading=\"lazy\" decoding=\"async\" width=\"557\" height=\"495\" data-attachment-id=\"1607\" data-permalink=\"https:\/\/michaelshof-sammatz.de\/blog\/bisherige-8\/\" data-orig-file=\"https:\/\/michaelshof-sammatz.de\/blog\/wp-content\/uploads\/2019\/01\/bisherige-8.jpg\" data-orig-size=\"557,495\" data-comments-opened=\"0\" data-image-meta=\"{&quot;aperture&quot;:&quot;0&quot;,&quot;credit&quot;:&quot;&quot;,&quot;camera&quot;:&quot;&quot;,&quot;caption&quot;:&quot;&quot;,&quot;created_timestamp&quot;:&quot;0&quot;,&quot;copyright&quot;:&quot;&quot;,&quot;focal_length&quot;:&quot;0&quot;,&quot;iso&quot;:&quot;0&quot;,&quot;shutter_speed&quot;:&quot;0&quot;,&quot;title&quot;:&quot;&quot;,&quot;orientation&quot;:&quot;0&quot;}\" data-image-title=\"bisherige-8\" data-image-description=\"\" data-image-caption=\"\" data-medium-file=\"https:\/\/michaelshof-sammatz.de\/blog\/wp-content\/uploads\/2019\/01\/bisherige-8-300x267.jpg\" data-large-file=\"https:\/\/michaelshof-sammatz.de\/blog\/wp-content\/uploads\/2019\/01\/bisherige-8.jpg\" tabindex=\"0\" role=\"button\" src=\"http:\/\/michaelshof-sammatz.de\/blog\/wp-content\/uploads\/2019\/01\/bisherige-8.jpg\" alt=\"\" class=\"wp-image-1607 size-full\" srcset=\"https:\/\/michaelshof-sammatz.de\/blog\/wp-content\/uploads\/2019\/01\/bisherige-8.jpg 557w, https:\/\/michaelshof-sammatz.de\/blog\/wp-content\/uploads\/2019\/01\/bisherige-8-300x267.jpg 300w\" sizes=\"(max-width: 557px) 100vw, 557px\" \/><\/figure><div class=\"wp-block-media-text__content\">\n<p>2018 errichten wir mit Hilfe vieler Volunteers auf zusammen 1600 m2 Grundfl\u00e4che zwei neue Bauten mit den dazu geh\u00f6rigen Au\u00dfenanlagen und einem eigenen Heizhaus: das <a style=\"color:#06567c\"><strong>Youth Hostel<\/strong><\/a>, eine Unterkunft f\u00fcr freiwillige Helfer, Schulklassen und andere Gruppen; und das <a style=\"color:#06567c\"><strong>Haus der Natur<\/strong><\/a> f\u00fcr Seminare und Veranstaltungen. Es ist der erste frei konzipierte Geb\u00e4udekomplex, den wir bauen \u2013 zwei sch\u00f6n geschwungene, in heiterem Gelb und Blau gestrichene Holzst\u00e4nderh\u00e4user, die sich wunderbar in die G\u00e4rten am gro\u00dfen Teich einf\u00fcgen \u2013 ein kleiner \u2039Michaelshof Campus\u203a. In Spitzenzeiten arbeiten bis zu 30 Helfer mit dem Sammatzer Bauteam zusammen \u2013 insgesamt bauen \u00fcber 200 Menschen aus 25 Nationen an den H\u00e4usern mit. Das Haus der Natur wird vom Land Niedersachsen gef\u00f6rdert, da es mit seinen Veranstaltungen zur Attraktivit\u00e4t des Biosph\u00e4renreservats Elbtalaue beitr\u00e4gt. Diese F\u00f6rderung und die viele freiwillige Hilfe machen den Bau erst m\u00f6glich.<\/p>\n\n\n\n<div class=\"wp-block-media-text alignwide is-stacked-on-mobile\"><figure class=\"wp-block-media-text__media\"><img loading=\"lazy\" decoding=\"async\" width=\"531\" height=\"240\" data-attachment-id=\"30094\" data-permalink=\"https:\/\/michaelshof-sammatz.de\/blog\/logofoerderungniedersachsen\/\" data-orig-file=\"https:\/\/michaelshof-sammatz.de\/blog\/wp-content\/uploads\/2021\/10\/LogoFoerderungNiedersachsen.jpg\" data-orig-size=\"531,240\" data-comments-opened=\"0\" data-image-meta=\"{&quot;aperture&quot;:&quot;0&quot;,&quot;credit&quot;:&quot;&quot;,&quot;camera&quot;:&quot;&quot;,&quot;caption&quot;:&quot;&quot;,&quot;created_timestamp&quot;:&quot;0&quot;,&quot;copyright&quot;:&quot;&quot;,&quot;focal_length&quot;:&quot;0&quot;,&quot;iso&quot;:&quot;0&quot;,&quot;shutter_speed&quot;:&quot;0&quot;,&quot;title&quot;:&quot;&quot;,&quot;orientation&quot;:&quot;0&quot;}\" data-image-title=\"LogoFoerderungNiedersachsen\" data-image-description=\"\" data-image-caption=\"\" data-medium-file=\"https:\/\/michaelshof-sammatz.de\/blog\/wp-content\/uploads\/2021\/10\/LogoFoerderungNiedersachsen-300x136.jpg\" data-large-file=\"https:\/\/michaelshof-sammatz.de\/blog\/wp-content\/uploads\/2021\/10\/LogoFoerderungNiedersachsen.jpg\" tabindex=\"0\" role=\"button\" src=\"https:\/\/michaelshof-sammatz.de\/blog\/wp-content\/uploads\/2021\/10\/LogoFoerderungNiedersachsen.jpg\" alt=\"\" class=\"wp-image-30094 size-full\" srcset=\"https:\/\/michaelshof-sammatz.de\/blog\/wp-content\/uploads\/2021\/10\/LogoFoerderungNiedersachsen.jpg 531w, https:\/\/michaelshof-sammatz.de\/blog\/wp-content\/uploads\/2021\/10\/LogoFoerderungNiedersachsen-300x136.jpg 300w, https:\/\/michaelshof-sammatz.de\/blog\/wp-content\/uploads\/2021\/10\/LogoFoerderungNiedersachsen-150x68.jpg 150w\" sizes=\"(max-width: 531px) 100vw, 531px\" \/><\/figure><div class=\"wp-block-media-text__content\">\n<p class=\"has-large-font-size\">Das \u2039Haus der Natur\u203a steht im Einklang mit den Zielen des Biosph\u00e4renreservates Nieders\u00e4chsische Elbtalaue und wird mit Mitteln des europ\u00e4ischen Fonds f\u00fcr regionale Entwicklung gef\u00f6rdert.<\/p>\n<\/div><\/div>\n<\/div><\/div>\n\n\n\n<div class=\"wp-block-media-text alignwide has-media-on-the-right is-stacked-on-mobile\"><figure class=\"wp-block-media-text__media\"><img loading=\"lazy\" decoding=\"async\" width=\"546\" height=\"262\" data-attachment-id=\"1606\" data-permalink=\"https:\/\/michaelshof-sammatz.de\/blog\/bisherige-9\/\" data-orig-file=\"https:\/\/michaelshof-sammatz.de\/blog\/wp-content\/uploads\/2019\/01\/bisherige-9.jpg\" data-orig-size=\"546,262\" data-comments-opened=\"0\" data-image-meta=\"{&quot;aperture&quot;:&quot;0&quot;,&quot;credit&quot;:&quot;&quot;,&quot;camera&quot;:&quot;&quot;,&quot;caption&quot;:&quot;&quot;,&quot;created_timestamp&quot;:&quot;0&quot;,&quot;copyright&quot;:&quot;&quot;,&quot;focal_length&quot;:&quot;0&quot;,&quot;iso&quot;:&quot;0&quot;,&quot;shutter_speed&quot;:&quot;0&quot;,&quot;title&quot;:&quot;&quot;,&quot;orientation&quot;:&quot;0&quot;}\" data-image-title=\"bisherige-9\" data-image-description=\"\" data-image-caption=\"\" data-medium-file=\"https:\/\/michaelshof-sammatz.de\/blog\/wp-content\/uploads\/2019\/01\/bisherige-9-300x144.jpg\" data-large-file=\"https:\/\/michaelshof-sammatz.de\/blog\/wp-content\/uploads\/2019\/01\/bisherige-9.jpg\" tabindex=\"0\" role=\"button\" src=\"http:\/\/michaelshof-sammatz.de\/blog\/wp-content\/uploads\/2019\/01\/bisherige-9.jpg\" alt=\"\" class=\"wp-image-1606 size-full\" srcset=\"https:\/\/michaelshof-sammatz.de\/blog\/wp-content\/uploads\/2019\/01\/bisherige-9.jpg 546w, https:\/\/michaelshof-sammatz.de\/blog\/wp-content\/uploads\/2019\/01\/bisherige-9-300x144.jpg 300w\" sizes=\"(max-width: 546px) 100vw, 546px\" \/><\/figure><div class=\"wp-block-media-text__content\">\n<p>2012 entsteht auf einem Grundst\u00fcck gegen\u00fcber dem Hof ein gro\u00dfer integrativer <a style=\"color:#06567c\"><strong>Spielplatz<\/strong><\/a> f\u00fcr die Kinder und Jugendlichen von Peronnik, die Sammatzer Dorfkinder und alle G\u00e4ste. Auf dem Gel\u00e4nde steht auch das \u2039Spielmobil\u203a, drei ehemalige Bauw\u00e4gen, die zum gem\u00fctlichen Sammatzer Kinderquartier um- und zusammengebaut wurden. Der Spielplatz wird 2018 noch einmal grunderneuert \u2013 jetzt hat er mit Spielturm, Riesenrutsche und vielem Anderen mehr alles, was ein toller Abenteuerspielplatz bieten muss. <\/p>\n<\/div><\/div>\n\n\n\n<div style=\"height:50px\" aria-hidden=\"true\" class=\"wp-block-spacer\"><\/div>\n","protected":false},"excerpt":{"rendered":"<p>Projekte mit eurer Unterst\u00fctzung Der 2011 geschaffene Rosengarten ist eines der ersten Projekte unserer Gartengestaltung. Um zwei gro\u00dfe, kreisrunde Beete mit Brunnen und ein H\u00fcgelbeet herum ist ein kleines Paradies entstanden. Im ganzen Dorf sind etwa 2000 Rosenst\u00f6cke von etwa 350 verschiedenen Sorten zu bewundern. Rasen betreten ist hier ausdr\u00fccklich erlaubt, lasst euch ganz von [&hellip;]<\/p>\n","protected":false},"author":1,"featured_media":0,"parent":119,"menu_order":0,"comment_status":"closed","ping_status":"closed","template":"","meta":{"footnotes":""},"class_list":["post-859","page","type-page","status-publish","hentry"],"jetpack_sharing_enabled":true,"jetpack_shortlink":"https:\/\/wp.me\/PaQBcD-dR","jetpack-related-posts":[],"_links":{"self":[{"href":"https:\/\/michaelshof-sammatz.de\/blog\/wp-json\/wp\/v2\/pages\/859"}],"collection":[{"href":"https:\/\/michaelshof-sammatz.de\/blog\/wp-json\/wp\/v2\/pages"}],"about":[{"href":"https:\/\/michaelshof-sammatz.de\/blog\/wp-json\/wp\/v2\/types\/page"}],"author":[{"embeddable":true,"href":"https:\/\/michaelshof-sammatz.de\/blog\/wp-json\/wp\/v2\/users\/1"}],"replies":[{"embeddable":true,"href":"https:\/\/michaelshof-sammatz.de\/blog\/wp-json\/wp\/v2\/comments?post=859"}],"version-history":[{"count":31,"href":"https:\/\/michaelshof-sammatz.de\/blog\/wp-json\/wp\/v2\/pages\/859\/revisions"}],"predecessor-version":[{"id":31059,"href":"https:\/\/michaelshof-sammatz.de\/blog\/wp-json\/wp\/v2\/pages\/859\/revisions\/31059"}],"up":[{"embeddable":true,"href":"https:\/\/michaelshof-sammatz.de\/blog\/wp-json\/wp\/v2\/pages\/119"}],"wp:attachment":[{"href":"https:\/\/michaelshof-sammatz.de\/blog\/wp-json\/wp\/v2\/media?parent=859"}],"curies":[{"name":"wp","href":"https:\/\/api.w.org\/{rel}","templated":true}]}}