

{"id":885,"date":"2019-01-06T19:21:40","date_gmt":"2019-01-06T18:21:40","guid":{"rendered":"http:\/\/michaelshof-campus.com\/blog\/?page_id=885"},"modified":"2020-02-21T16:14:09","modified_gmt":"2020-02-21T15:14:09","slug":"arena","status":"publish","type":"page","link":"https:\/\/michaelshof-sammatz.de\/blog\/garten-park\/arena\/","title":{"rendered":"G\u00e4rten &#038; Park | Arena"},"content":{"rendered":"\n<h1 class=\"wp-block-heading\"><strong>Arena<\/strong><\/h1>\n\n\n\n<div style=\"height:85px\" aria-hidden=\"true\" class=\"wp-block-spacer\"><\/div>\n\n\n\n<figure class=\"wp-block-image pageTeaserImage\"><img fetchpriority=\"high\" decoding=\"async\" width=\"802\" height=\"317\" data-attachment-id=\"1242\" data-permalink=\"https:\/\/michaelshof-sammatz.de\/blog\/garten-park\/arena\/arena-1\/\" data-orig-file=\"https:\/\/michaelshof-sammatz.de\/blog\/wp-content\/uploads\/2019\/01\/arena-1.jpg\" data-orig-size=\"802,317\" data-comments-opened=\"0\" data-image-meta=\"{&quot;aperture&quot;:&quot;0&quot;,&quot;credit&quot;:&quot;&quot;,&quot;camera&quot;:&quot;&quot;,&quot;caption&quot;:&quot;&quot;,&quot;created_timestamp&quot;:&quot;0&quot;,&quot;copyright&quot;:&quot;&quot;,&quot;focal_length&quot;:&quot;0&quot;,&quot;iso&quot;:&quot;0&quot;,&quot;shutter_speed&quot;:&quot;0&quot;,&quot;title&quot;:&quot;&quot;,&quot;orientation&quot;:&quot;0&quot;}\" data-image-title=\"Arena\" data-image-description=\"\" data-image-caption=\"\" data-medium-file=\"https:\/\/michaelshof-sammatz.de\/blog\/wp-content\/uploads\/2019\/01\/arena-1-300x119.jpg\" data-large-file=\"https:\/\/michaelshof-sammatz.de\/blog\/wp-content\/uploads\/2019\/01\/arena-1.jpg\" tabindex=\"0\" role=\"button\" src=\"https:\/\/michaelshof-sammatz.de\/blog\/wp-content\/uploads\/2019\/01\/arena-1.jpg\" alt=\"Arena | Michaelshof Sammatz\" class=\"wp-image-1242\" srcset=\"https:\/\/michaelshof-sammatz.de\/blog\/wp-content\/uploads\/2019\/01\/arena-1.jpg 802w, https:\/\/michaelshof-sammatz.de\/blog\/wp-content\/uploads\/2019\/01\/arena-1-300x119.jpg 300w, https:\/\/michaelshof-sammatz.de\/blog\/wp-content\/uploads\/2019\/01\/arena-1-600x237.jpg 600w, https:\/\/michaelshof-sammatz.de\/blog\/wp-content\/uploads\/2019\/01\/arena-1-768x304.jpg 768w\" sizes=\"(max-width: 802px) 100vw, 802px\" \/><\/figure>\n\n\n\n<div style=\"height:35px\" aria-hidden=\"true\" class=\"wp-block-spacer\"><\/div>\n\n\n\n\n\n\n\n<div style=\"height:50px\" aria-hidden=\"true\" class=\"wp-block-spacer\"><\/div>\n\n\n\n<p>Ein ungew\u00f6hnlicher Anblick bietet sich einem dar, wenn man auf der kleinen Brunnenterrasse am Rande des Kirschgartens steht und auf die h\u00fcgelige Arena hinunterblickt. Eine abgesenkte Landschaft, die nach hinten in ein weitl\u00e4ufiges Tal ausl\u00e4uft, liegt vor einem, \u201aEndmor\u00e4nengebiet\u2018 genannt. Die von der Eiszeit gepr\u00e4gten Formen sind ein echter Hingucker und werden durch die Gartengestaltung interessant hervorgehoben. <\/p>\n\n\n\n<div class=\"row\">\n<div class=\"col-md-6\">\n\n\n\n<p style=\"color:#06567c;font-size:30px\" class=\"has-text-color\"><strong>Auf den verschlungene<br>Wegen<\/strong><\/p>\n\n\n\n<p style=\"color:#06567c;font-size:22px\" class=\"has-text-color\"><strong>die nach unten f\u00fchren, &#8230;<\/strong><\/p>\n\n\n\n<\/div>\n<div class=\"col-md-6\">\n\n\n\n<p>In die H\u00fcgel hineingegraben wurden auf beiden Seiten des Tales Steinterrassen in verschiedenen L\u00e4ngen. Die Terrassen auf der rechten Seite, die bis zum dar\u00fcber liegenden Dahliengarten reichen, sind vor allem mit Wildrosen best\u00fcckt, die hier viele Monate im Jahr ein bl\u00fchendes Feuerwerk entfalten, welches sich dann im Herbst durch die Hagebutten-Reife abrundet. <\/p>\n\n\n\n<\/div><\/div>\n\n\n\n<div class=\"wp-block-media-text alignwide has-media-on-the-right is-stacked-on-mobile text-media-right\"><figure class=\"wp-block-media-text__media\"><img decoding=\"async\" width=\"447\" height=\"544\" data-attachment-id=\"1248\" data-permalink=\"https:\/\/michaelshof-sammatz.de\/blog\/garten-park\/arena\/arena-new\/\" data-orig-file=\"https:\/\/michaelshof-sammatz.de\/blog\/wp-content\/uploads\/2019\/01\/arena-new.jpg\" data-orig-size=\"447,544\" data-comments-opened=\"0\" data-image-meta=\"{&quot;aperture&quot;:&quot;0&quot;,&quot;credit&quot;:&quot;&quot;,&quot;camera&quot;:&quot;&quot;,&quot;caption&quot;:&quot;&quot;,&quot;created_timestamp&quot;:&quot;0&quot;,&quot;copyright&quot;:&quot;&quot;,&quot;focal_length&quot;:&quot;0&quot;,&quot;iso&quot;:&quot;0&quot;,&quot;shutter_speed&quot;:&quot;0&quot;,&quot;title&quot;:&quot;&quot;,&quot;orientation&quot;:&quot;0&quot;}\" data-image-title=\"arena-new\" data-image-description=\"\" data-image-caption=\"\" data-medium-file=\"https:\/\/michaelshof-sammatz.de\/blog\/wp-content\/uploads\/2019\/01\/arena-new-247x300.jpg\" data-large-file=\"https:\/\/michaelshof-sammatz.de\/blog\/wp-content\/uploads\/2019\/01\/arena-new.jpg\" tabindex=\"0\" role=\"button\" src=\"http:\/\/michaelshof-sammatz.de\/blog\/wp-content\/uploads\/2019\/01\/arena-new.jpg\" alt=\"\" class=\"wp-image-1248\" srcset=\"https:\/\/michaelshof-sammatz.de\/blog\/wp-content\/uploads\/2019\/01\/arena-new.jpg 447w, https:\/\/michaelshof-sammatz.de\/blog\/wp-content\/uploads\/2019\/01\/arena-new-300x365.jpg 300w, https:\/\/michaelshof-sammatz.de\/blog\/wp-content\/uploads\/2019\/01\/arena-new-247x300.jpg 247w\" sizes=\"(max-width: 447px) 100vw, 447px\" \/><\/figure><div class=\"wp-block-media-text__content\">\n<p>Im linken Bereich der Terrassen finden sich verschiedenartige Gr\u00e4ser, die im Herbst durch riesige Astern erg\u00e4nzt werden. Nicht zu vergessen der Alpenkn\u00f6terich \u201aJohanniswolke\u2018, der einem ab Sommer schon von Weitem mit seinem strahlenden Wei\u00df entgegenleuchtet. <br>Die gro\u00dfen, in der Mitte liegenden Felder bestechen im Fr\u00fchjahr durch ihre \u00fcppige Tulpenpracht. Die gesamte Arena f\u00fcllt sich zu dieser Zeit mit einer Vielfalt von kr\u00e4ftigen Farben und zarten Formen, ein herrlicher Augenschmaus!<\/p>\n\n\n\n<p>\u00dcber den Sommer verwandelt sich das Gebiet zu einem wilderen Areal; die Telekie ist hier als Erste zu erw\u00e4hnen, nach der so oft gefragten gelben Staude mit den unglaublich gro\u00dfen Bl\u00e4ttern. Wenn man die verschlungenen Wege nach unten wandert, <br> wird man sich im Sp\u00e4tsommer wie in einem kleinen Dschungel f\u00fchlen, da unsere Stauden hier dann m\u00e4chtig hoch werden. \u201aNaturnaher Garten\u2018 \u2013 die Beschreibung passt, ganz besonders, wenn wir mit dem J\u00e4ten mal wieder ein wenig zu sp\u00e4t dran sind. <\/p>\n<\/div><\/div>\n\n\n\n<div style=\"height:20px\" aria-hidden=\"true\" class=\"wp-block-spacer\"><\/div>\n\n\n\n<p>\u2039Aber\u203a, sagen die G\u00e4ste dann zuweilen, \u2039hier passt das wilde Kraut doch ganz wunderbar her! Wegnehmen w\u00fcrde ich das nicht \u2026\u203a Naja, um das Ganze in Schach zu halten, m\u00fcssen wir mindestens jedes Jahr einmal einen richtigen J\u00e4te-Durchgang machen. Sonst erobert sich die ehemalige Vieh-Weide ihren Platz einfach wieder zur\u00fcck!<\/p>\n\n\n\n<p>Wenn wir uns von den m\u00e4andernden Wegen in das untere Gebiet der Arena f\u00fchren lassen, haben wir den im Zentrum des Gartens liegenden Teich vor uns, der viele Fische beherbergt, die man bei klarem Wasser immer sehr genau beobachten kann. Wer im Fr\u00fchjahr bei uns ist, sollte hier einmal ganz genau schauen, denn jedes Jahr ist der Teich Brutstation f\u00fcr tausende Kaulquappen, die hier ganz gem\u00e4chlich gr\u00f6\u00dfer werden und als winzige Fr\u00f6sche dann im Fr\u00fchsommer unsere G\u00e4rten bev\u00f6lkern. <\/p>\n\n\n\n<figure class=\"wp-block-image\"><img decoding=\"async\" width=\"654\" height=\"246\" data-attachment-id=\"1252\" data-permalink=\"https:\/\/michaelshof-sammatz.de\/blog\/garten-park\/arena\/arena-5\/\" data-orig-file=\"https:\/\/michaelshof-sammatz.de\/blog\/wp-content\/uploads\/2019\/01\/arena-5.jpg\" data-orig-size=\"654,246\" data-comments-opened=\"0\" data-image-meta=\"{&quot;aperture&quot;:&quot;0&quot;,&quot;credit&quot;:&quot;&quot;,&quot;camera&quot;:&quot;&quot;,&quot;caption&quot;:&quot;&quot;,&quot;created_timestamp&quot;:&quot;0&quot;,&quot;copyright&quot;:&quot;&quot;,&quot;focal_length&quot;:&quot;0&quot;,&quot;iso&quot;:&quot;0&quot;,&quot;shutter_speed&quot;:&quot;0&quot;,&quot;title&quot;:&quot;&quot;,&quot;orientation&quot;:&quot;0&quot;}\" data-image-title=\"arena-5\" data-image-description=\"\" data-image-caption=\"\" data-medium-file=\"https:\/\/michaelshof-sammatz.de\/blog\/wp-content\/uploads\/2019\/01\/arena-5-300x113.jpg\" data-large-file=\"https:\/\/michaelshof-sammatz.de\/blog\/wp-content\/uploads\/2019\/01\/arena-5.jpg\" tabindex=\"0\" role=\"button\" src=\"http:\/\/michaelshof-sammatz.de\/blog\/wp-content\/uploads\/2019\/01\/arena-5.jpg\" alt=\"\" class=\"wp-image-1252\" srcset=\"https:\/\/michaelshof-sammatz.de\/blog\/wp-content\/uploads\/2019\/01\/arena-5.jpg 654w, https:\/\/michaelshof-sammatz.de\/blog\/wp-content\/uploads\/2019\/01\/arena-5-300x113.jpg 300w, https:\/\/michaelshof-sammatz.de\/blog\/wp-content\/uploads\/2019\/01\/arena-5-600x226.jpg 600w\" sizes=\"(max-width: 654px) 100vw, 654px\" \/><\/figure>\n\n\n\n<p>Am hinteren Teil des Teiches kommen wir in ein gr\u00fcnes Meer aus Gr\u00e4sern hinein, hier herrscht unser Chinaschilf: \u2039Miscanthus sinensis \u201aGracillimus\u2018\u203a. Schon von oben deutlich erkennbar, da dieses spezielle Gras den ganzen hinteren Bereich des Gartens einnimmt. Hereingeheimnist in sein Gr\u00fcn sind sieben Holzfiguren, \u2039Sieben freien K\u00fcnste\u203a genannt, die je nach Wuchsh\u00f6he des Grases besser oder schlechter von oberhalb der Arena zu sehen sind. <br>\nDie menschengro\u00dfen Figuren sind in symmetrischen Abst\u00e4nden im Gras verteilt, zu jeder einzelnen f\u00fchrt ein kleiner Weg. Die fr\u00fchere Aufteilung der Kunst in eine Siebenheit und ihre n\u00e4here Erl\u00e4uterung, kann man auf einer kleinen, beistehenden Tafel finden. <\/p>\n\n\n\n<div class=\"wp-block-media-text alignwide is-stacked-on-mobile text-media-left\" style=\"grid-template-columns:47% auto\"><figure class=\"wp-block-media-text__media\"><img loading=\"lazy\" decoding=\"async\" width=\"364\" height=\"460\" data-attachment-id=\"1253\" data-permalink=\"https:\/\/michaelshof-sammatz.de\/blog\/garten-park\/arena\/arena-6\/\" data-orig-file=\"https:\/\/michaelshof-sammatz.de\/blog\/wp-content\/uploads\/2019\/01\/arena-6.jpg\" data-orig-size=\"364,460\" data-comments-opened=\"0\" data-image-meta=\"{&quot;aperture&quot;:&quot;0&quot;,&quot;credit&quot;:&quot;&quot;,&quot;camera&quot;:&quot;&quot;,&quot;caption&quot;:&quot;&quot;,&quot;created_timestamp&quot;:&quot;0&quot;,&quot;copyright&quot;:&quot;&quot;,&quot;focal_length&quot;:&quot;0&quot;,&quot;iso&quot;:&quot;0&quot;,&quot;shutter_speed&quot;:&quot;0&quot;,&quot;title&quot;:&quot;&quot;,&quot;orientation&quot;:&quot;0&quot;}\" data-image-title=\"arena-6\" data-image-description=\"\" data-image-caption=\"\" data-medium-file=\"https:\/\/michaelshof-sammatz.de\/blog\/wp-content\/uploads\/2019\/01\/arena-6-237x300.jpg\" data-large-file=\"https:\/\/michaelshof-sammatz.de\/blog\/wp-content\/uploads\/2019\/01\/arena-6.jpg\" tabindex=\"0\" role=\"button\" src=\"http:\/\/michaelshof-sammatz.de\/blog\/wp-content\/uploads\/2019\/01\/arena-6.jpg\" alt=\"\" class=\"wp-image-1253\" srcset=\"https:\/\/michaelshof-sammatz.de\/blog\/wp-content\/uploads\/2019\/01\/arena-6.jpg 364w, https:\/\/michaelshof-sammatz.de\/blog\/wp-content\/uploads\/2019\/01\/arena-6-300x379.jpg 300w, https:\/\/michaelshof-sammatz.de\/blog\/wp-content\/uploads\/2019\/01\/arena-6-237x300.jpg 237w\" sizes=\"(max-width: 364px) 100vw, 364px\" \/><\/figure><div class=\"wp-block-media-text__content\">\n<p>Ganz am Ende des Gebietes, wenn man unter den hohen Eichen steht, kann man auf ein weitl\u00e4ufiges Tal blicken, indem meist unsere Skuddenherde (eine alte Schafrasse) zu sehen ist, die sich mit ihren gefiederten Kollegen, den Emdener G\u00e4nsen, dieses Gebiet teilen und f\u00fcr eine romantische Atmosph\u00e4re sorgen.<br>\nWer sich jetzt nach links wendet, trifft auf einen kleinen, gewundenen Pfad, der einen, mit relativ steilem Aufmarsch verbunden, auf das sch\u00f6ne Stauden-Plateau f\u00fchrt, das wieder ganz andere Gartenr\u00e4ume er\u00f6ffnet.<\/p>\n\n\n\n<p>M\u00f6chte man den Rundweg zur\u00fcck durch die Arena nehmen, kommt man an einem kleinen zauberhaften Steingarten vorbei. Er liegt hinter dem Gr\u00e4sermeer verborgen und offenbart ziemlich gro\u00dfe, sowie kleinere Feldsteine, die einem beim Schauen und Anfassen das Element \u201aStein\u2018 n\u00e4her bringen und alle Kinder gerne zum Klettern einl\u00e4dt.<br><br><br><br><\/p>\n<\/div><\/div>\n\n\n\n<div style=\"height:50px\" aria-hidden=\"true\" class=\"wp-block-spacer\"><\/div>\n","protected":false},"excerpt":{"rendered":"<p>Arena Ein ungew\u00f6hnlicher Anblick bietet sich einem dar, wenn man auf der kleinen Brunnenterrasse am Rande des Kirschgartens steht und auf die h\u00fcgelige Arena hinunterblickt. Eine abgesenkte Landschaft, die nach hinten in ein weitl\u00e4ufiges Tal ausl\u00e4uft, liegt vor einem, \u201aEndmor\u00e4nengebiet\u2018 genannt. Die von der Eiszeit gepr\u00e4gten Formen sind ein echter Hingucker und werden durch die [&hellip;]<\/p>\n","protected":false},"author":1,"featured_media":0,"parent":111,"menu_order":0,"comment_status":"closed","ping_status":"closed","template":"","meta":{"footnotes":""},"class_list":["post-885","page","type-page","status-publish","hentry"],"jetpack_sharing_enabled":true,"jetpack_shortlink":"https:\/\/wp.me\/PaQBcD-eh","jetpack-related-posts":[],"_links":{"self":[{"href":"https:\/\/michaelshof-sammatz.de\/blog\/wp-json\/wp\/v2\/pages\/885"}],"collection":[{"href":"https:\/\/michaelshof-sammatz.de\/blog\/wp-json\/wp\/v2\/pages"}],"about":[{"href":"https:\/\/michaelshof-sammatz.de\/blog\/wp-json\/wp\/v2\/types\/page"}],"author":[{"embeddable":true,"href":"https:\/\/michaelshof-sammatz.de\/blog\/wp-json\/wp\/v2\/users\/1"}],"replies":[{"embeddable":true,"href":"https:\/\/michaelshof-sammatz.de\/blog\/wp-json\/wp\/v2\/comments?post=885"}],"version-history":[{"count":23,"href":"https:\/\/michaelshof-sammatz.de\/blog\/wp-json\/wp\/v2\/pages\/885\/revisions"}],"predecessor-version":[{"id":26114,"href":"https:\/\/michaelshof-sammatz.de\/blog\/wp-json\/wp\/v2\/pages\/885\/revisions\/26114"}],"up":[{"embeddable":true,"href":"https:\/\/michaelshof-sammatz.de\/blog\/wp-json\/wp\/v2\/pages\/111"}],"wp:attachment":[{"href":"https:\/\/michaelshof-sammatz.de\/blog\/wp-json\/wp\/v2\/media?parent=885"}],"curies":[{"name":"wp","href":"https:\/\/api.w.org\/{rel}","templated":true}]}}